{"id":1170,"date":"2019-06-23T00:24:20","date_gmt":"2019-06-22T22:24:20","guid":{"rendered":"https:\/\/oe-tag.de\/?page_id=1170"},"modified":"2025-10-21T13:43:53","modified_gmt":"2025-10-21T11:43:53","slug":"oe-day-2019","status":"publish","type":"page","link":"https:\/\/socius.de\/en\/socius-oe-tag\/oe-tag-2019\/","title":{"rendered":"oe-day 2019"},"content":{"rendered":"<p>[et_pb_section fb_built=&#8220;1&#8243; fullwidth=&#8220;on&#8220; admin_label=&#8220;KeyVisual&#8220; _builder_version=&#8220;4.16&#8243; background_size=&#8220;initial&#8220; collapsed=&#8220;on&#8220; global_colors_info=&#8220;{}&#8220;][et_pb_fullwidth_slider show_arrows=&#8220;off&#8220; show_pagination=&#8220;off&#8220; disabled_on=&#8220;off||&#8220; _builder_version=&#8220;4.27.4&#8243; header_text_align=&#8220;center&#8220; body_text_align=&#8220;center&#8220; background_image=&#8220;https:\/\/oe-tag.de\/wp-content\/uploads\/2019\/03\/190607_oe-tag_blog-1.jpg&#8220; button_alignment=&#8220;center&#8220; global_colors_info=&#8220;{}&#8220; button_text_size__hover_enabled=&#8220;off&#8220; button_text_size__hover=&#8220;null&#8220; button_one_text_size__hover_enabled=&#8220;off&#8220; button_one_text_size__hover=&#8220;null&#8220; button_two_text_size__hover_enabled=&#8220;off&#8220; button_two_text_size__hover=&#8220;null&#8220; button_text_color__hover_enabled=&#8220;off&#8220; button_text_color__hover=&#8220;null&#8220; button_one_text_color__hover_enabled=&#8220;off&#8220; button_one_text_color__hover=&#8220;null&#8220; button_two_text_color__hover_enabled=&#8220;off&#8220; button_two_text_color__hover=&#8220;null&#8220; button_border_width__hover_enabled=&#8220;off&#8220; button_border_width__hover=&#8220;null&#8220; button_one_border_width__hover_enabled=&#8220;off&#8220; button_one_border_width__hover=&#8220;null&#8220; button_two_border_width__hover_enabled=&#8220;off&#8220; button_two_border_width__hover=&#8220;null&#8220; button_border_color__hover_enabled=&#8220;off&#8220; button_border_color__hover=&#8220;null&#8220; button_one_border_color__hover_enabled=&#8220;off&#8220; button_one_border_color__hover=&#8220;null&#8220; button_two_border_color__hover_enabled=&#8220;off&#8220; button_two_border_color__hover=&#8220;null&#8220; button_border_radius__hover_enabled=&#8220;off&#8220; button_border_radius__hover=&#8220;null&#8220; button_one_border_radius__hover_enabled=&#8220;off&#8220; button_one_border_radius__hover=&#8220;null&#8220; button_two_border_radius__hover_enabled=&#8220;off&#8220; button_two_border_radius__hover=&#8220;null&#8220; button_letter_spacing__hover_enabled=&#8220;off&#8220; button_letter_spacing__hover=&#8220;null&#8220; button_one_letter_spacing__hover_enabled=&#8220;off&#8220; button_one_letter_spacing__hover=&#8220;null&#8220; button_two_letter_spacing__hover_enabled=&#8220;off&#8220; button_two_letter_spacing__hover=&#8220;null&#8220; button_bg_color__hover_enabled=&#8220;off&#8220; button_bg_color__hover=&#8220;null&#8220; button_one_bg_color__hover_enabled=&#8220;off&#8220; button_one_bg_color__hover=&#8220;null&#8220; button_two_bg_color__hover_enabled=&#8220;off&#8220; button_two_bg_color__hover=&#8220;null&#8220;][et_pb_slide use_bg_overlay=&#8220;off&#8220; use_text_overlay=&#8220;on&#8220; text_overlay_color=&#8220;#77C300&#8243; text_border_radius=&#8220;2&#8243; _builder_version=&#8220;4.27.4&#8243; header_level=&#8220;h3&#8243; background_color=&#8220;rgba(255,255,255,0)&#8220; button_on_hover=&#8220;on&#8220; global_colors_info=&#8220;{}&#8220; sticky_transition=&#8220;on&#8220;]<\/p>\n<h3 style=\"text-align: center; padding-bottom: 0;\">oe-tag 2019: Emotionale Transformation \u2013 feelings@work<\/h3>\n<p>[\/et_pb_slide][\/et_pb_fullwidth_slider][\/et_pb_section][et_pb_section fb_built=&#8220;1&#8243; _builder_version=&#8220;4.16&#8243; collapsed=&#8220;on&#8220; global_colors_info=&#8220;{}&#8220;][et_pb_row column_structure=&#8220;1_2,1_2&#8243; _builder_version=&#8220;4.27.4&#8243; global_colors_info=&#8220;{}&#8220;][et_pb_column type=&#8220;1_2&#8243; _builder_version=&#8220;4.27.4&#8243; background_enable_image=&#8220;off&#8220; custom_padding=&#8220;|||&#8220; global_colors_info=&#8220;{}&#8220; custom_padding__hover=&#8220;|||&#8220;][et_pb_button button_url=&#8220;https:\/\/socius.de\/emotionale-transformation-ralph-piotrowski-mitschnitte-vom-oe-tag-2019\/&#8220; url_new_window=&#8220;on&#8220; button_text=&#8220;SOCIUS Blogbeitrag: Emotionale Transformation Mitschnitte vom oe-tag 2019&#8243; _builder_version=&#8220;4.27.4&#8243; custom_button=&#8220;on&#8220; button_use_icon=&#8220;off&#8220; global_colors_info=&#8220;{}&#8220;][\/et_pb_button][\/et_pb_column][et_pb_column type=&#8220;1_2&#8243; _builder_version=&#8220;4.27.4&#8243; background_enable_image=&#8220;off&#8220; custom_padding=&#8220;|||&#8220; global_colors_info=&#8220;{}&#8220; custom_padding__hover=&#8220;|||&#8220;][et_pb_button button_url=&#8220;https:\/\/socius.de\/emotionale-transformation-ralph-piotrowski-mitschnitte-vom-oe-tag-2019\/&#8220; url_new_window=&#8220;on&#8220; button_text=&#8220;SOCIUS Blogbeitrag: oe-tag 2019 \u2013 Emotionale Transformation. Feelings@work&#8220; _builder_version=&#8220;4.27.4&#8243; custom_button=&#8220;on&#8220; button_use_icon=&#8220;off&#8220; global_colors_info=&#8220;{}&#8220;][\/et_pb_button][\/et_pb_column][\/et_pb_row][\/et_pb_section][et_pb_section fb_built=&#8220;1&#8243; admin_label=&#8220;Sektion gr\u00fcn TExt&#8220; _builder_version=&#8220;4.27.4&#8243; background_color=&#8220;#77C300&#8243; collapsed=&#8220;on&#8220; global_colors_info=&#8220;{}&#8220;][et_pb_row _builder_version=&#8220;4.16&#8243; background_size=&#8220;initial&#8220; background_position=&#8220;top_left&#8220; background_repeat=&#8220;repeat&#8220; global_colors_info=&#8220;{}&#8220;][et_pb_column type=&#8220;4_4&#8243; _builder_version=&#8220;4.16&#8243; custom_padding=&#8220;|||&#8220; global_colors_info=&#8220;{}&#8220; custom_padding__hover=&#8220;|||&#8220;][et_pb_text admin_label=&#8220;H3&#8243; _builder_version=&#8220;4.27.4&#8243; text_text_color=&#8220;#FFFFFF&#8220; header_3_text_color=&#8220;#FFFFFF&#8220; background_layout=&#8220;dark&#8220; global_colors_info=&#8220;{}&#8220;]<\/p>\n<h3>oe-tag 2019 \u2013 Emotionale Transformation. Feelings@work<\/h3>\n<p>[\/et_pb_text][\/et_pb_column][\/et_pb_row][et_pb_row column_structure=&#8220;1_2,1_2&#8243; _builder_version=&#8220;4.16&#8243; background_size=&#8220;initial&#8220; background_position=&#8220;top_left&#8220; background_repeat=&#8220;repeat&#8220; global_colors_info=&#8220;{}&#8220;][et_pb_column type=&#8220;1_2&#8243; _builder_version=&#8220;4.16&#8243; custom_padding=&#8220;|||&#8220; global_colors_info=&#8220;{}&#8220; custom_padding__hover=&#8220;|||&#8220;][et_pb_text admin_label=&#8220;Text&#8220; _builder_version=&#8220;4.27.4&#8243; text_text_color=&#8220;#FFFFFF&#8220; header_3_text_color=&#8220;#FFFFFF&#8220; background_layout=&#8220;dark&#8220; global_colors_info=&#8220;{}&#8220;]<\/p>\n<p>Emotionen als Energie \u2013 Emotionen als Kunst \u2013 Emotionen als Kl\u00e4nge \u2013 Emotionen als Rhythmus und Welle \u2013 Emotionen als Geschichten, die wir uns erz\u00e4hlen. Der diesj\u00e4hrige oe-tag w\u00e4hlte unterschiedliche Zugriffe, um sich einem Thema zu n\u00e4hern, das uns sehr nahe ist und oftmals trotzdem schwer zu fassen ist: Emotionen sind Teil unseres Seins, auch in der Arbeitswelt. Gef\u00fchle beeinflussen uns t\u00e4glich und sind Teil unseres Erlebens, der uns manchmal bef\u00e4higt und manchmal hemmt.\u00a0 Wie k\u00f6nnen wir bewusster mit ihnen umgehen, welche erlernbaren Kompetenzen gibt es und was k\u00f6nnen wir tun um unsere Gef\u00fchle und damit uns besser verstehen?<\/p>\n<p>In der traditionellen Arbeitswelt spielen Emotionen kaum eine Rolle \u2013 die Besch\u00e4ftigung mit ihnen erfolgte \u00fcberwiegend aus einem instrumentellen Interesse. Sei es, um Kaufentscheidungen zu beeinflussen oder Mitarbeiter*innen zu motivieren. Ansonsten sollten sie in einem rational-organisiertem Wertsch\u00f6pfungsprozess so wenig wie m\u00f6glich im Wege stehen. Der oe-tag 2019 beleuchtete die Rolle von Emotionen in einer neuen Arbeitswelt, in der Organisationen zu Orten werden sollen, die Menschen st\u00e4rken, sich Menschen mit ihrer ganzen Pers\u00f6nlichkeit einbringen und dadurch im besten Falle gemeinsam besser durch die komplexen Herausforderungen unser Zeit navigieren k\u00f6nnen.<\/p>\n<p>Nicola Kriesel und Christa Cocciole er\u00f6ffneten den oe-tag mit Bewegung zu Musik, die es alle einlud sich im Raum zu verk\u00f6rpern. Die Keynote von Ralph Piotrowski beschrieb, warum der bewusste Umgang mit Emotionen in einer neuen Arbeitswelt an Bedeutung gewinnt, wie uns unser emotionaler Rucksack in den Weg kommt und welche Ans\u00e4tze bestehen, Emotionen in der Organisationsentwicklung aufzugreifen. Interaktive Mini-Lectures boten den Teilnehmer*innen kurze Einblicke in die Themen, die in zweist\u00fcndigen Workshops vertieft wurden.<\/p>\n<p>[\/et_pb_text][\/et_pb_column][et_pb_column type=&#8220;1_2&#8243; _builder_version=&#8220;4.16&#8243; custom_padding=&#8220;|||&#8220; global_colors_info=&#8220;{}&#8220; custom_padding__hover=&#8220;|||&#8220;][et_pb_text admin_label=&#8220;Text&#8220; _builder_version=&#8220;4.27.4&#8243; text_text_color=&#8220;#FFFFFF&#8220; header_3_text_color=&#8220;#FFFFFF&#8220; background_layout=&#8220;dark&#8220; global_colors_info=&#8220;{}&#8220;]<\/p>\n<p>Dieses Gruppengef\u00fchl wurde von Thomas Kriegbaum und Christiane Gebhard mit einem \u201eTaKeTiNa-Espresso\u201c zu einer gemeinsamen musikalischen Erfahrung vertieft. Unterst\u00fctzt von Trommeln, Gesang und gemeinsamem Rhythmus konnte jede Person, eigene Lust, Grenze und Widerst\u00e4nde ausloten, sich mit einem gr\u00f6\u00dferen Rahmen zu synchronisieren und sich mit dem eigenen gelingenden und misslingenden Taktgef\u00fchl auseinandersetzen.<\/p>\n<p>Das ganze fand in der bezaubernden Atmosph\u00e4re der Old Smithy\u2019s Dizzle statt, das durch die liebevolle Betreuung und detailorientierte Gestaltung, ein sehr geborgener Ort ist und erlaubt in einem sicheren Setting mit den eigenen Emotionen sein zu k\u00f6nnen.<\/p>\n<p>Die Ergebnisse der Konferenz und das Harvesting wurde zudem von Robin Hotz in einem gro\u00dfen Graphic Facilitation Bild festgehalten, das Erkenntnisse und Begebenheiten zusammenfasste. Der Frage, wie wir einen gewinnbringenden Umgang mit Emotionen in Organisationen kultivieren, welche Strukturen hilfreich sind, um die hierf\u00fcr notwendigen inneren Kompetenzen zu entwickeln, wird SOCIUS auch nach der Konferenz weiter besch\u00e4ftigen und vielleicht zu einem neuen Schwerpunkt unserer Arbeit werden.<\/p>\n<p>[\/et_pb_text][\/et_pb_column][\/et_pb_row][et_pb_row _builder_version=&#8220;4.16&#8243; background_size=&#8220;initial&#8220; background_position=&#8220;top_left&#8220; background_repeat=&#8220;repeat&#8220; global_colors_info=&#8220;{}&#8220;][et_pb_column type=&#8220;4_4&#8243; _builder_version=&#8220;4.16&#8243; custom_padding=&#8220;|||&#8220; global_colors_info=&#8220;{}&#8220; custom_padding__hover=&#8220;|||&#8220;][et_pb_gallery gallery_ids=&#8220;1179,1180,1181,1182,1183,1184,1185,1186,1187,1188,1189,1190,1191,1192,1193,1194,1195,1196,1197,1198,1199,1200,1201,1202,1203,1204,1205,1206,1207,1208,1209,1210,1211,1212,1213,1214,1215,1216,1217,1218,1219,1220,1221,1222,1223,1224,1225,1226,1227,1228,1229,1230,1231,1232,1233,1234,1235,1236,1237,1238,1239,1240,1241,1242,1243,1244,1245,1246,1247,1248,1249,1250,1251,1252,1253,1254,1255,1256,1257,1258,1259,1260,1261,1262,1263,1264,1265,1266,1267,1268,1269,1270,1271,1272,1273,1274,1275,1276,1277,1278,1279&#8243; posts_number=&#8220;199&#8243; orientation=&#8220;portrait&#8220; show_title_and_caption=&#8220;off&#8220; show_pagination=&#8220;off&#8220; _builder_version=&#8220;4.16&#8243; global_colors_info=&#8220;{}&#8220;][\/et_pb_gallery][\/et_pb_column][\/et_pb_row][\/et_pb_section][et_pb_section fb_built=&#8220;1&#8243; admin_label=&#8220;Sektion Workshop \u00dcbersicht&#8220; _builder_version=&#8220;4.16&#8243; locked=&#8220;off&#8220; collapsed=&#8220;off&#8220; global_colors_info=&#8220;{}&#8220;][et_pb_row _builder_version=&#8220;4.16&#8243; background_size=&#8220;initial&#8220; background_position=&#8220;top_left&#8220; background_repeat=&#8220;repeat&#8220; collapsed=&#8220;off&#8220; global_colors_info=&#8220;{}&#8220;][et_pb_column type=&#8220;4_4&#8243; _builder_version=&#8220;4.16&#8243; custom_padding=&#8220;|||&#8220; global_colors_info=&#8220;{}&#8220; custom_padding__hover=&#8220;|||&#8220;][et_pb_text admin_label=&#8220;Text Workshop \u00dcbersicht&#8220; _builder_version=&#8220;4.27.4&#8243; global_colors_info=&#8220;{}&#8220;]<\/p>\n<h2 style=\"text-align: left;\">Workshop-\u00dcbersicht<\/h2>\n<p>[\/et_pb_text][\/et_pb_column][\/et_pb_row][et_pb_row column_structure=&#8220;1_4,1_4,1_2&#8243; admin_label=&#8220;Zeile Who runs..&#8220; _builder_version=&#8220;4.16&#8243; background_size=&#8220;initial&#8220; background_position=&#8220;top_left&#8220; background_repeat=&#8220;repeat&#8220; global_colors_info=&#8220;{}&#8220;][et_pb_column type=&#8220;1_4&#8243; _builder_version=&#8220;4.16&#8243; custom_padding=&#8220;|||&#8220; global_colors_info=&#8220;{}&#8220; custom_padding__hover=&#8220;|||&#8220;][et_pb_image src=&#8220;https:\/\/socius.de\/wp-content\/uploads\/002piot-web-scaled.jpg&#8220; align_tablet=&#8220;center&#8220; align_phone=&#8220;&#8220; align_last_edited=&#8220;on|desktop&#8220; _builder_version=&#8220;4.16&#8243; global_colors_info=&#8220;{}&#8220;][\/et_pb_image][et_pb_text _builder_version=&#8220;4.27.4&#8243; global_colors_info=&#8220;{}&#8220;]<\/p>\n<h6>Anne Piotrowski<\/h6>\n<p class=\"small\">hat in ihrem Leben selber eine derartige Ver\u00e4nderung von mentalen, emotionalen und Verhaltensmustern erlebt, dass es ihr ein tiefes Anliegen ist, dieses Wissen und diese Erfahrung weiterzugeben und gemeinsam weiter zu erforschen. Dies tut sie normalerweise als Diplom-Psychologin und <a href=\"https:\/\/www.gestalttherapieberlin.de\/\" target=\"_blank\" rel=\"noopener noreferrer\">Gestalttherapeutin<\/a> in Prenzlauer Berg.<\/p>\n<p>[\/et_pb_text][\/et_pb_column][et_pb_column type=&#8220;1_4&#8243; _builder_version=&#8220;4.16&#8243; custom_padding=&#8220;|||&#8220; global_colors_info=&#8220;{}&#8220; custom_padding__hover=&#8220;|||&#8220;][et_pb_image src=&#8220;https:\/\/socius.de\/wp-content\/uploads\/117piot-1-web.jpg&#8220; align_tablet=&#8220;center&#8220; align_phone=&#8220;&#8220; align_last_edited=&#8220;on|desktop&#8220; _builder_version=&#8220;4.16&#8243; global_colors_info=&#8220;{}&#8220;][\/et_pb_image][et_pb_text _builder_version=&#8220;4.27.4&#8243; global_colors_info=&#8220;{}&#8220;]<\/p>\n<h6>Ralph Piotrowski<\/h6>\n<p class=\"small\">begleitet mit SOCIUS Organisationen, die sich selbstwirksamer und eigenverantwortlicher aufstellen wollen. Er leitete ein mehrj\u00e4hriges EU-Forschungsprojekt zu Verhaltens\u00e4nderung und besch\u00e4ftigt sich intensiv mit emotionalen Ver\u00e4nderungsprozessen in seiner Arbeit als <a href=\"https:\/\/praxis-paartherapie.berlin\/\" target=\"_blank\" rel=\"noopener noreferrer\">Paartherapeut<\/a>, Supervisor konfliktreicher Teams und Coach von F\u00fchrungskr\u00e4ften.<\/p>\n<p>[\/et_pb_text][et_pb_image src=&#8220;https:\/\/socius.de\/wp-content\/uploads\/048pio_webt-scaled.jpg&#8220; align_tablet=&#8220;center&#8220; align_phone=&#8220;&#8220; align_last_edited=&#8220;on|desktop&#8220; _builder_version=&#8220;4.16&#8243; global_colors_info=&#8220;{}&#8220;][\/et_pb_image][\/et_pb_column][et_pb_column type=&#8220;1_2&#8243; _builder_version=&#8220;4.16&#8243; custom_padding=&#8220;|||&#8220; global_colors_info=&#8220;{}&#8220; custom_padding__hover=&#8220;|||&#8220;][et_pb_text _builder_version=&#8220;4.27.4&#8243; global_colors_info=&#8220;{}&#8220;]<\/p>\n<h4>Who runs the show? Deine Emotionen oder Du?<\/h4>\n<p>Manchmal h\u00f6ren wir zu wenig auf unsere Emotionen. Und manchmal zuviel. Wie finden wir einen souver\u00e4nen Umgang mit unseren Emotionen? Wie k\u00f6nnen wir stimmige Emotionen kultivieren und einschr\u00e4nkende Emotionen transformieren? Und welche R\u00e4ume, Strukturen und Praktiken ben\u00f6tigen wir in Organisationen, die eine solche Pers\u00f6nlichkeitsentwicklung f\u00f6rdern wollen?<\/p>\n<p>In dem Workshop loten wir die M\u00f6glichkeiten emotionaler Selbstbestimmung aus. Wir tauschen uns dar\u00fcber aus, wie wir im Flow bleiben und was hilft, wenn unser emotionaler Handlungsspielraum zu kollabieren droht. Und wir probieren praktische Ans\u00e4tze aus, die sich in der Psychotherapie und im k\u00f6rperorientierten Coaching als vielversprechend erwiesen haben.<\/p>\n<p>[\/et_pb_text][\/et_pb_column][\/et_pb_row][et_pb_row column_structure=&#8220;1_4,1_4,1_2&#8243; admin_label=&#8220;Zeile Art journaling&#8220; _builder_version=&#8220;4.16&#8243; background_size=&#8220;initial&#8220; background_position=&#8220;top_left&#8220; background_repeat=&#8220;repeat&#8220; global_colors_info=&#8220;{}&#8220;][et_pb_column type=&#8220;1_4&#8243; _builder_version=&#8220;4.16&#8243; custom_padding=&#8220;|||&#8220; global_colors_info=&#8220;{}&#8220; custom_padding__hover=&#8220;|||&#8220;][et_pb_image src=&#8220;https:\/\/socius.de\/wp-content\/uploads\/714.jpg&#8220; align_tablet=&#8220;center&#8220; align_phone=&#8220;&#8220; align_last_edited=&#8220;on|desktop&#8220; _builder_version=&#8220;4.16&#8243; global_colors_info=&#8220;{}&#8220;][\/et_pb_image][et_pb_text _builder_version=&#8220;4.27.4&#8243; global_colors_info=&#8220;{}&#8220;]<\/p>\n<h6>Josephine Ulrich<\/h6>\n<p class=\"small\">Verbrachte ihre ersten Lehr- und Arbeitsjahre auf 4 Kontinenten bevor sie nach Berlin heimkehrte und dort in der OE, der Sozialraumentwicklung und Diversity Management Ver\u00e4nderungsprozesse begleitete.<\/p>\n<p class=\"small\">Vor 5 Jahren startete sie ihr erstes Artjournal \u2013 12 Monate sp\u00e4ter fand sie sich als Masterstudentin in Shanghai wieder. Seitdem bleibt sie gespannt welche Wege der Kuss der Muse ihr er\u00f6ffnet und nutzt die Kraft der kreativen Expression f\u00fcr sich und in ihrer Arbeit mit Gruppen, um dem brav Verborgenen einen Weg in Bewusstsein zu geben. Daf\u00fcr bringt sie als Beraterin bei fint klassische Unternehmen mit K\u00fcnstler*innen zusammen und treibt als Quartiersmanagerin im Kultur und Kreativquartier <a href=\"https:\/\/www.warnowvalley.de\/\">https:\/\/www.warnowvalley.de\/<\/a> den Erhalt und die Weiterentwicklung vom Raum f\u00fcr die kreativen K\u00f6pfe in Rostock voran.<\/p>\n<p><a href=\"https:\/\/fint.team\/\">https:\/\/fint.team\/<\/a><\/p>\n<p>[\/et_pb_text][\/et_pb_column][et_pb_column type=&#8220;1_4&#8243; _builder_version=&#8220;4.16&#8243; custom_padding=&#8220;|||&#8220; global_colors_info=&#8220;{}&#8220; custom_padding__hover=&#8220;|||&#8220;][et_pb_image src=&#8220;https:\/\/socius.de\/wp-content\/uploads\/L1050969.jpg&#8220; align_tablet=&#8220;center&#8220; align_phone=&#8220;&#8220; align_last_edited=&#8220;on|desktop&#8220; _builder_version=&#8220;4.16&#8243; global_colors_info=&#8220;{}&#8220;][\/et_pb_image][et_pb_text _builder_version=&#8220;4.27.4&#8243; global_colors_info=&#8220;{}&#8220;]<\/p>\n<h6>Golnar Tabib Zadeh<\/h6>\n<p class=\"small\">Golnar is a visual artist and art coach based in Berlin. She did her graduate studies in Fine Arts in Tehran. During the following fourteen years she has had multiple solo exhibitions and has participated in many group exhibitions in different parts of the world as well as Germany.<\/p>\n<p class=\"small\">She is the founder of Art-Expression workshops. A method for using visual arts in favour of acknowledging and expressing \u2019self\u2019. The method is a fruit of nine years of fieldwork and research and is currently being held in series of different programs in Berlin and other cities.\n<\/p>\n<p class=\"small\">You can find out more about Art-Expression Workshops via\u00a0<a href=\"https:\/\/www.facebook.com\/ArtExpressionWorkshops\/\">https:\/\/www.facebook.com\/ArtExpressionWorkshops\/<\/a><\/p>\n<p>[\/et_pb_text][\/et_pb_column][et_pb_column type=&#8220;1_2&#8243; _builder_version=&#8220;4.16&#8243; custom_padding=&#8220;|||&#8220; global_colors_info=&#8220;{}&#8220; custom_padding__hover=&#8220;|||&#8220;][et_pb_text _builder_version=&#8220;4.27.4&#8243; global_colors_info=&#8220;{}&#8220;]<\/p>\n<h4>Art journaling oder Kunst l\u00fcgt nicht.<\/h4>\n<p>Art journaling ist die Verbindung von reflexivem Schreiben und freiem Gestalten. In dieser Verbindung von kognitiver Verareitung des Erlebtem mit der entspannenden Wirkung von kreativem Gestalten, k\u00f6nnen komplizierte Emotionen Ausdruck finden und verarbeitet werden. Dadurch k\u00f6nnen wir Stress reduzieren, Selbst-Bewusster werden und buchst\u00e4blich eine neue Sicht auf die Dinge bekommen \u2013 und uns so neuen Handlungsoptionen n\u00e4hern.<\/p>\n<p>In diesem Workshop stellen wir unterschiedliche Medien vor und experimentieren mit Ihnen, um dem, was uns bewegt, einen neuen Ausdruck zu geben und einen frischen Blick auf die Dinge zu bekommen.<\/p>\n<p>[\/et_pb_text][\/et_pb_column][\/et_pb_row][et_pb_row column_structure=&#8220;1_4,1_4,1_2&#8243; admin_label=&#8220;Zeile Mit allen Sinnen&#8220; _builder_version=&#8220;4.16&#8243; background_size=&#8220;initial&#8220; background_position=&#8220;top_left&#8220; background_repeat=&#8220;repeat&#8220; global_colors_info=&#8220;{}&#8220;][et_pb_column type=&#8220;1_4&#8243; _builder_version=&#8220;4.16&#8243; custom_padding=&#8220;|||&#8220; global_colors_info=&#8220;{}&#8220; custom_padding__hover=&#8220;|||&#8220;][et_pb_image src=&#8220;https:\/\/socius.de\/wp-content\/uploads\/rudi_piwko-e1542742015761.png&#8220; align_tablet=&#8220;center&#8220; align_phone=&#8220;&#8220; align_last_edited=&#8220;on|desktop&#8220; _builder_version=&#8220;4.16&#8243; global_colors_info=&#8220;{}&#8220;][\/et_pb_image][et_pb_text _builder_version=&#8220;4.27.4&#8243; global_colors_info=&#8220;{}&#8220;]<\/p>\n<h6>Rudi Piwko<\/h6>\n<p class=\"small\">begleitet als Gr\u00fcnder der SOCIUS Organisationsberatung gGmbH seit \u00fcber 20 Jahren Entwicklungen in gemeinn\u00fctzigen Organisationen mit einem Fokus auf l\u00e4ngerfristige Prozesse der Verbandsentwicklung.<\/p>\n<p>[\/et_pb_text][\/et_pb_column][et_pb_column type=&#8220;1_4&#8243; _builder_version=&#8220;4.16&#8243; custom_padding=&#8220;|||&#8220; global_colors_info=&#8220;{}&#8220; custom_padding__hover=&#8220;|||&#8220;][et_pb_image src=&#8220;https:\/\/socius.de\/wp-content\/uploads\/DSC_0228-001.jpg&#8220; align_tablet=&#8220;center&#8220; align_phone=&#8220;&#8220; align_last_edited=&#8220;on|desktop&#8220; _builder_version=&#8220;4.16&#8243; global_colors_info=&#8220;{}&#8220;][\/et_pb_image][et_pb_text _builder_version=&#8220;4.27.4&#8243; global_colors_info=&#8220;{}&#8220;]<\/p>\n<h6>Annette Piwko-L\u00f6ffler<\/h6>\n<p class=\"small\">hat zwei Jahrzehnte in der Drogenberatung und Suchttherapie gearbeitet und ist als Heilpraktikerin f\u00fcr Psychotherapie in eigener Praxis vor allem mit Menschen mit Mehrfachbehinderung und in der Krisenbegleitung t\u00e4tig.<\/p>\n<p>[\/et_pb_text][\/et_pb_column][et_pb_column type=&#8220;1_2&#8243; _builder_version=&#8220;4.16&#8243; custom_padding=&#8220;|||&#8220; global_colors_info=&#8220;{}&#8220; custom_padding__hover=&#8220;|||&#8220;][et_pb_text _builder_version=&#8220;4.27.4&#8243; global_colors_info=&#8220;{}&#8220;]<\/p>\n<h4>Mit allen Sinnen arbeiten<\/h4>\n<p>Was f\u00f6rdert das gef\u00fchlvolle Arbeiten? Annette und Rudi kombinieren in diesem Workshop erstmalig auch in beruflicher Kooperation zwei bekannte Herangehensweisen zum Besprechbar machen von &#8222;anregenden&#8220; Ereignissen:<\/p>\n<p>Einerseits die ruhige, meditative und sinnlich-k\u00fcnstlerische Arbeit an einem eigenen Werk, durchflossen von feinen Austauschgespr\u00e4chen miteinander. Ger\u00fcche, Farben und Kl\u00e4nge spielen hier eine (gro\u00dfe?) Rolle. Und andererseits die bewegende Dynamik einer Gruppenaufgabe in dem das Zusammenspiel von individuellem Kern, Teamgeschehen und gesamtorganisatorischem Zusammenhang eine (gro\u00dfe?) Rolle spielt.<\/p>\n<p>[\/et_pb_text][\/et_pb_column][\/et_pb_row][et_pb_row column_structure=&#8220;1_4,1_4,1_2&#8243; admin_label=&#8220;Zeile Inside Out&#8220; _builder_version=&#8220;4.16&#8243; background_size=&#8220;initial&#8220; background_position=&#8220;top_left&#8220; background_repeat=&#8220;repeat&#8220; global_colors_info=&#8220;{}&#8220;][et_pb_column type=&#8220;1_4&#8243; _builder_version=&#8220;4.16&#8243; custom_padding=&#8220;|||&#8220; global_colors_info=&#8220;{}&#8220; custom_padding__hover=&#8220;|||&#8220;][et_pb_image src=&#8220;https:\/\/socius.de\/wp-content\/uploads\/christa-cocciole.jpg&#8220; align_tablet=&#8220;center&#8220; align_phone=&#8220;&#8220; align_last_edited=&#8220;on|desktop&#8220; _builder_version=&#8220;4.16&#8243; global_colors_info=&#8220;{}&#8220;][\/et_pb_image][et_pb_text _builder_version=&#8220;4.27.4&#8243; global_colors_info=&#8220;{}&#8220;]<\/p>\n<h6>Christa Cocciole (USA\/D)<\/h6>\n<p class=\"small\">begleitet kreative Prozesse der Selbst-Entwicklung. Sie bringt ihre F\u00e4higkeiten als T\u00e4nzerin und Choreografin in ihre Arbeit als k\u00f6rperorientierte Systemische Therapeutin ein, die sich auf Trauma spezialisiert hat.<\/p>\n<p>[\/et_pb_text][\/et_pb_column][et_pb_column type=&#8220;1_4&#8243; _builder_version=&#8220;4.16&#8243; custom_padding=&#8220;|||&#8220; global_colors_info=&#8220;{}&#8220; custom_padding__hover=&#8220;|||&#8220;][et_pb_image src=&#8220;https:\/\/socius.de\/wp-content\/uploads\/andi.jpg&#8220; align_tablet=&#8220;center&#8220; align_phone=&#8220;&#8220; align_last_edited=&#8220;on|desktop&#8220; _builder_version=&#8220;4.16&#8243; global_colors_info=&#8220;{}&#8220;][\/et_pb_image][et_pb_text _builder_version=&#8220;4.27.4&#8243; global_colors_info=&#8220;{}&#8220;]<\/p>\n<h6>Andreas Knoth<\/h6>\n<p class=\"small\">ist Psychologe und Master of Business Studies. Seit 2002 begleitet er mit SOCIUS Ver\u00e4nderungs- und Strategieprozesse in Organisationen und coacht F\u00fchrungskr\u00e4fte und Teams.<\/p>\n<p>[\/et_pb_text][\/et_pb_column][et_pb_column type=&#8220;1_2&#8243; _builder_version=&#8220;4.16&#8243; custom_padding=&#8220;|||&#8220; global_colors_info=&#8220;{}&#8220; custom_padding__hover=&#8220;|||&#8220;][et_pb_text _builder_version=&#8220;4.27.4&#8243; global_colors_info=&#8220;{}&#8220;]<\/p>\n<h4>Inside Out \u2013 Innere Transformation in Ver\u00e4nderungsprozessen<\/h4>\n<p>Pers\u00f6nliche Entwicklung ist Bedingung und Ergebnis von Organisationsentwicklung zugleich. Wenn zentrale Akteure ihre angestammten Muster und Narrative nicht aufgeben, kann das schnell zum Engpass in Prozessen werden. In diesem Workshop untersuchen wir die Schnittstelle von individueller und struktureller Entwicklung. Welche emotionalen Landschaften begegnen wir in Ver\u00e4nderungsprozessen? Und wie k\u00f6nnen wir die Bereitschaft und F\u00e4higkeit zum Sich-Einlassen in Transformationen unterst\u00fctzen?<\/p>\n<p>[\/et_pb_text][\/et_pb_column][\/et_pb_row][et_pb_row column_structure=&#8220;1_4,1_4,1_2&#8243; admin_label=&#8220;Zeile Ost West&#8220; _builder_version=&#8220;4.16&#8243; background_size=&#8220;initial&#8220; background_position=&#8220;top_left&#8220; background_repeat=&#8220;repeat&#8220; global_colors_info=&#8220;{}&#8220;][et_pb_column type=&#8220;1_4&#8243; _builder_version=&#8220;4.16&#8243; custom_padding=&#8220;|||&#8220; global_colors_info=&#8220;{}&#8220; custom_padding__hover=&#8220;|||&#8220;][et_pb_image src=&#8220;https:\/\/socius.de\/wp-content\/uploads\/Kerstin_quadrat-1.png&#8220; align_tablet=&#8220;center&#8220; align_phone=&#8220;&#8220; align_last_edited=&#8220;on|desktop&#8220; _builder_version=&#8220;4.16&#8243; global_colors_info=&#8220;{}&#8220;][\/et_pb_image][et_pb_text _builder_version=&#8220;4.27.4&#8243; global_colors_info=&#8220;{}&#8220;]<\/p>\n<h6>Kerstin Engelhardt<\/h6>\n<p class=\"small\">SOCIUS Organisationsberatung<\/p>\n<p>[\/et_pb_text][\/et_pb_column][et_pb_column type=&#8220;1_4&#8243; _builder_version=&#8220;4.16&#8243; custom_padding=&#8220;|||&#8220; global_colors_info=&#8220;{}&#8220; custom_padding__hover=&#8220;|||&#8220;][et_pb_image src=&#8220;https:\/\/socius.de\/wp-content\/uploads\/bea_quadrat-1.png&#8220; align_tablet=&#8220;center&#8220; align_phone=&#8220;&#8220; align_last_edited=&#8220;on|desktop&#8220; _builder_version=&#8220;4.16&#8243; global_colors_info=&#8220;{}&#8220;][\/et_pb_image][et_pb_text _builder_version=&#8220;4.27.4&#8243; global_colors_info=&#8220;{}&#8220;]<\/p>\n<h6>Bea Schramm,\u00a0Diakoniewerk Simeon<\/h6>\n<p class=\"small\">Organisationspsychologie \/ Organisationsentwicklung \/ Coaching \/ Reflexion<\/p>\n<p>[\/et_pb_text][\/et_pb_column][et_pb_column type=&#8220;1_2&#8243; _builder_version=&#8220;4.16&#8243; custom_padding=&#8220;|||&#8220; global_colors_info=&#8220;{}&#8220; custom_padding__hover=&#8220;|||&#8220;][et_pb_text _builder_version=&#8220;4.27.4&#8243; global_colors_info=&#8220;{}&#8220;]<\/p>\n<h4>Ost \u2013 West \u2013 gesamtdeutsch \u2026 Oder doch: Ost \u2013 West?<\/h4>\n<p>30 Jahre ist es her, dass die Mauer zwischen den beiden deutschen Staaten fiel bzw. \u00fcberwunden wurde. 30 Jahre, in denen die einen einen radikalen Systembruch mit berufsbiografischen Verwerfungen und \/ oder Neuanf\u00e4ngen erlebten, w\u00e4hrend sich f\u00fcr die anderen nur allm\u00e4hlich Ver\u00e4nderungen in der Arbeitswelt zeigten \u2013 wenn \u00fcberhaupt. Und f\u00fcr Minderheiten und Migrant*innen sah die Situation oft genug wieder anders aus.<\/p>\n<p>Aber nur selten wird \u00fcber solche zum Teil schmerzhaften Erfahrungen miteinander gesprochen, zumal im Rahmen von Erwerbsarbeit. Urteile, Vorurteile und Stereotypen bestimmen oft unterschwellig den Umgang miteinander. Pr\u00e4gende Erfahrungen und ihre Deutungen, auch tradierte Erfahrungen sind mit Emotionen verbunden; solche Emotionen werden im Arbeitskontext nur selten besprechbar gemacht und k\u00f6nnen daher eine destruktive Wirkung entfalten.<\/p>\n<p>Wir m\u00f6chten dem unterschiedlichen Ost-West-Erleben Raum geben und Wege aufzeigen, solcherart Emotionalit\u00e4t f\u00fcr den beruflichen Kontext zu reflektieren und dadurch fruchtbar zu machen.<\/p>\n<p>Unsere leitenden Fragestellungen hierbei lauten: Wo und wie merke ich das Ost-West-Thema im beruflichen Kontext? Welche Schlussfolgerungen ziehe ich daraus, wie reagiere ich? Welche Perspektiven und Handlungsm\u00f6glichkeiten sind denkbar?<\/p>\n<p>Bestandteil unseres Workshops werden auch ein oder zwei kleinere \u00dcbungen zum Thema sein.<\/p>\n<p>[\/et_pb_text][\/et_pb_column][\/et_pb_row][et_pb_row column_structure=&#8220;1_4,1_4,1_2&#8243; admin_label=&#8220;Zeile Taketina&#8220; _builder_version=&#8220;4.16&#8243; background_size=&#8220;initial&#8220; background_position=&#8220;top_left&#8220; background_repeat=&#8220;repeat&#8220; global_colors_info=&#8220;{}&#8220;][et_pb_column type=&#8220;1_4&#8243; _builder_version=&#8220;4.16&#8243; custom_padding=&#8220;|||&#8220; global_colors_info=&#8220;{}&#8220; custom_padding__hover=&#8220;|||&#8220;][et_pb_image src=&#8220;https:\/\/socius.de\/wp-content\/uploads\/Bildschirmfoto-2019-04-02-um-22.28.30.png&#8220; align_tablet=&#8220;center&#8220; align_phone=&#8220;&#8220; align_last_edited=&#8220;on|desktop&#8220; _builder_version=&#8220;4.16&#8243; global_colors_info=&#8220;{}&#8220;][\/et_pb_image][\/et_pb_column][et_pb_column type=&#8220;1_4&#8243; _builder_version=&#8220;4.16&#8243; custom_padding=&#8220;|||&#8220; global_colors_info=&#8220;{}&#8220; custom_padding__hover=&#8220;|||&#8220;][et_pb_text _builder_version=&#8220;4.27.4&#8243; global_colors_info=&#8220;{}&#8220;]<\/p>\n<h6>Janek van Heyden<\/h6>\n<p class=\"small\">Percussionist und Studiomusiker<\/p>\n<p>[\/et_pb_text][\/et_pb_column][et_pb_column type=&#8220;1_2&#8243; _builder_version=&#8220;4.16&#8243; custom_padding=&#8220;|||&#8220; global_colors_info=&#8220;{}&#8220; custom_padding__hover=&#8220;|||&#8220;][et_pb_text _builder_version=&#8220;4.27.4&#8243; global_colors_info=&#8220;{}&#8220;]<\/p>\n<h4>TaKeTiNa &#8211; Rhythmische K\u00f6rper- und Bewusstseinsarbeit<\/h4>\n<p>Ein Schrittrhythmus in den F\u00fcssen vermittelt einer Gruppe von Menschen zun\u00e4chst einen stabilen Grundpuls. Dar\u00fcber werden mit Klatschen und Stimme weitere Rhythmen aufgebaut. Die Teilnehmer bewegen sich gleichzeitig in verschiedenen rhythmischen Ebenen.<\/p>\n<p>Das Rausfallen und Reinfinden in den rhythmischen Fluss f\u00fchrt zu einer effektiven und lustollen Form musikalischen und zugleich pers\u00f6nlichen Lernens.<\/p>\n<p>In diesem komplexen Feld pulsierender Musik entwickelt sich ein pr\u00e4zises und tiefgehendes Rhythmusgef\u00fchl, welches uns bis in den Alltag begleitet,\u00a0 Vertrauen in eine tragende Kraft kann wachsen und der Lernende beginnt, sich im Fluss des Rhythmus wieder zu Hause zu f\u00fchlen.<\/p>\n<p>TaKeTiNa eignet sich f\u00fcr Laien und f\u00fcr professionelle Musiker.<\/p>\n<p><a href=\"https:\/\/www.taketina.net\/taketina\/\">TaKeTiNa<\/a>\u00ae nach Reinhard Flatischler wird u.a. an Hochschulen und im Gesundheitsmanagement, sowie in Teamtrainings und Fortbildungen angewendet.<\/p>\n<p>[\/et_pb_text][\/et_pb_column][\/et_pb_row][\/et_pb_section]<\/p>\n","protected":false},"excerpt":{"rendered":"<p>oe-tag 2019: Emotionale Transformation \u2013 feelings@workoe-tag 2019 \u2013 Emotionale Transformation. Feelings@workEmotionen als Energie \u2013 Emotionen als Kunst \u2013 Emotionen als Kl\u00e4nge \u2013 Emotionen als Rhythmus und Welle \u2013 Emotionen als Geschichten, die wir uns erz\u00e4hlen. Der diesj\u00e4hrige oe-tag w\u00e4hlte unterschiedliche Zugriffe, um sich einem Thema zu n\u00e4hern, das uns sehr nahe ist und oftmals trotzdem [\u2026]<\/p>\n","protected":false},"author":2,"featured_media":0,"parent":244844,"menu_order":36,"comment_status":"closed","ping_status":"closed","template":"","meta":{"_acf_changed":false,"_et_pb_use_builder":"on","_et_pb_old_content":"","_et_gb_content_width":"","inline_featured_image":false,"footnotes":""},"categories":[],"tags":[],"class_list":["post-1170","page","type-page","status-publish","hentry"],"acf":[],"yoast_head":"<!-- This site is optimized with the Yoast SEO plugin v27.4 - https:\/\/yoast.com\/product\/yoast-seo-wordpress\/ -->\n<title>oe-tag 2019 - SOCIUS Organisationsberatung gGmbH<\/title>\n<meta name=\"robots\" content=\"index, follow, max-snippet:-1, max-image-preview:large, max-video-preview:-1\" \/>\n<link rel=\"canonical\" href=\"https:\/\/socius.de\/en\/socius-oe-tag\/oe-day-2019\/\" \/>\n<meta property=\"og:locale\" content=\"en_GB\" \/>\n<meta property=\"og:type\" content=\"article\" \/>\n<meta property=\"og:title\" content=\"oe-tag 2019 - SOCIUS Organisationsberatung gGmbH\" \/>\n<meta property=\"og:url\" content=\"https:\/\/socius.de\/en\/socius-oe-tag\/oe-day-2019\/\" \/>\n<meta property=\"og:site_name\" content=\"SOCIUS Organisationsberatung gGmbH\" \/>\n<meta property=\"article:publisher\" content=\"https:\/\/www.facebook.com\/SOCIUSBerlin\/\" \/>\n<meta property=\"article:modified_time\" content=\"2025-10-21T11:43:53+00:00\" \/>\n<meta name=\"twitter:card\" content=\"summary_large_image\" \/>\n<meta name=\"twitter:description\" content=\"[aioc_content_carousel slide_effect=&quot;cube&quot; equalize_slides_height=&quot;on&quot; enable_lightbox=&quot;on&quot; show_arrow=&quot;on&quot; arrows_position=&quot;inside_bottom_right&quot; content_position=&quot;right&quot; content_alignment=&quot;left_center&quot; enable_custom_image_width=&quot;on&quot; arrows_custom_padding=&quot;5px|5px|5px|5px|true|true&quot; arrow_font_size=&quot;40px&quot; arrow_color=&quot;#000000&quot; previous_slide_arrow=&quot;&#x34;||divi||400&quot; next_slide_arrow=&quot;&#x35;||divi||400&quot; content_bg_color=&quot;#eeeeee&quot; _builder_version=&quot;4.23.1&quot; _module_preset=&quot;default&quot; title_font=&quot;|600|||||||&quot; title_text_color=&quot;#000000&quot; title_font_size=&quot;36px&quot; title_letter_spacing=&quot;1px&quot; title_line_height=&quot;1.4em&quot; subtitle_font=&quot;||||||||&quot; subtitle_text_color=&quot;#7a7a7a&quot; subtitle_font_size=&quot;24px&quot; subtitle_letter_spacing=&quot;1px&quot; subtitle_line_height=&quot;1.4em&quot; content_font_size=&quot;18px&quot; content_line_height=&quot;2em&quot; hover_enabled=&quot;0&quot; title_font_size_tablet=&quot;28px&quot; title_font_size_phone=&quot;22px&quot; title_font_size_last_edited=&quot;on|phone&quot; subtitle_font_size_tablet=&quot;22px&quot; subtitle_font_size_phone=&quot;18px&quot; subtitle_font_size_last_edited=&quot;on|desktop&quot; global_colors_info=&quot;{}&quot; custom_padding__hover_enabled=&quot;off|desktop&quot;][aioc_content_carousel_item title=&quot;Cardio Fitness&quot; subtitle=&quot;Fitness Training&quot; image=&quot;https:\/\/socius.de\/wp-content\/uploads\/man-person-structure-equipment-room-fitness.webp&quot; show_button=&quot;on&quot; button_text=&quot;Contact Us&quot; content_custom_padding=&quot;|10%||10%|true|true&quot; _builder_version=&quot;4.23.1&quot; _module_preset=&quot;default&quot; custom_button=&quot;on&quot; button_text_size=&quot;18px&quot; button_text_color=&quot;#FFFFFF&quot; button_bg_color=&quot;#000000&quot; button_border_color=&quot;#000000&quot; button_border_radius=&quot;5px&quot; [&hellip;]\" \/>\n<meta name=\"twitter:label1\" content=\"Estimated reading time\" \/>\n\t<meta name=\"twitter:data1\" content=\"17 minutes\" \/>\n<script type=\"application\/ld+json\" class=\"yoast-schema-graph\">{\"@context\":\"https:\\\/\\\/schema.org\",\"@graph\":[{\"@type\":\"WebPage\",\"@id\":\"https:\\\/\\\/socius.de\\\/socius-oe-tag\\\/oe-tag-2019\\\/\",\"url\":\"https:\\\/\\\/socius.de\\\/socius-oe-tag\\\/oe-tag-2019\\\/\",\"name\":\"oe-tag 2019 - SOCIUS Organisationsberatung gGmbH\",\"isPartOf\":{\"@id\":\"https:\\\/\\\/socius.de\\\/#website\"},\"datePublished\":\"2019-06-22T22:24:20+00:00\",\"dateModified\":\"2025-10-21T11:43:53+00:00\",\"breadcrumb\":{\"@id\":\"https:\\\/\\\/socius.de\\\/socius-oe-tag\\\/oe-tag-2019\\\/#breadcrumb\"},\"inLanguage\":\"en-GB\",\"potentialAction\":[{\"@type\":\"ReadAction\",\"target\":[\"https:\\\/\\\/socius.de\\\/socius-oe-tag\\\/oe-tag-2019\\\/\"]}]},{\"@type\":\"BreadcrumbList\",\"@id\":\"https:\\\/\\\/socius.de\\\/socius-oe-tag\\\/oe-tag-2019\\\/#breadcrumb\",\"itemListElement\":[{\"@type\":\"ListItem\",\"position\":1,\"name\":\"Startseite\",\"item\":\"https:\\\/\\\/socius.de\\\/\"},{\"@type\":\"ListItem\",\"position\":2,\"name\":\"oe-tag\",\"item\":\"https:\\\/\\\/socius.de\\\/socius-oe-tag\\\/\"},{\"@type\":\"ListItem\",\"position\":3,\"name\":\"oe-tag 2019\"}]},{\"@type\":\"WebSite\",\"@id\":\"https:\\\/\\\/socius.de\\\/#website\",\"url\":\"https:\\\/\\\/socius.de\\\/\",\"name\":\"SOCIUS Organisationsberatung gGmbH\",\"description\":\"sinnvoll zusammen wirken\",\"publisher\":{\"@id\":\"https:\\\/\\\/socius.de\\\/#organization\"},\"potentialAction\":[{\"@type\":\"SearchAction\",\"target\":{\"@type\":\"EntryPoint\",\"urlTemplate\":\"https:\\\/\\\/socius.de\\\/?s={search_term_string}\"},\"query-input\":{\"@type\":\"PropertyValueSpecification\",\"valueRequired\":true,\"valueName\":\"search_term_string\"}}],\"inLanguage\":\"en-GB\"},{\"@type\":\"Organization\",\"@id\":\"https:\\\/\\\/socius.de\\\/#organization\",\"name\":\"SOCIUS Organisationsberatung gGmbH\",\"url\":\"https:\\\/\\\/socius.de\\\/\",\"logo\":{\"@type\":\"ImageObject\",\"inLanguage\":\"en-GB\",\"@id\":\"https:\\\/\\\/socius.de\\\/#\\\/schema\\\/logo\\\/image\\\/\",\"url\":\"https:\\\/\\\/socius.de\\\/wp-content\\\/uploads\\\/SOCIUS_RGB_Teal.png\",\"contentUrl\":\"https:\\\/\\\/socius.de\\\/wp-content\\\/uploads\\\/SOCIUS_RGB_Teal.png\",\"width\":1619,\"height\":736,\"caption\":\"SOCIUS Organisationsberatung gGmbH\"},\"image\":{\"@id\":\"https:\\\/\\\/socius.de\\\/#\\\/schema\\\/logo\\\/image\\\/\"},\"sameAs\":[\"https:\\\/\\\/www.facebook.com\\\/SOCIUSBerlin\\\/\",\"https:\\\/\\\/www.linkedin.com\\\/company\\\/socius-organisationsberatung-ggmbh\\\/\",\"https:\\\/\\\/www.instagram.com\\\/socius_berlin\\\/\",\"https:\\\/\\\/www.youtube.com\\\/channel\\\/UC2QG2hEjpw0NI91VlCo9SoA\"]}]}<\/script>\n<!-- \/ Yoast SEO plugin. -->","yoast_head_json":{"title":"oe-tag 2019 - SOCIUS Organisationsberatung gGmbH","robots":{"index":"index","follow":"follow","max-snippet":"max-snippet:-1","max-image-preview":"max-image-preview:large","max-video-preview":"max-video-preview:-1"},"canonical":"https:\/\/socius.de\/en\/socius-oe-tag\/oe-day-2019\/","og_locale":"en_GB","og_type":"article","og_title":"oe-tag 2019 - SOCIUS Organisationsberatung gGmbH","og_url":"https:\/\/socius.de\/en\/socius-oe-tag\/oe-day-2019\/","og_site_name":"SOCIUS Organisationsberatung gGmbH","article_publisher":"https:\/\/www.facebook.com\/SOCIUSBerlin\/","article_modified_time":"2025-10-21T11:43:53+00:00","twitter_card":"summary_large_image","twitter_description":"[aioc_content_carousel slide_effect=\"cube\" equalize_slides_height=\"on\" enable_lightbox=\"on\" show_arrow=\"on\" arrows_position=\"inside_bottom_right\" content_position=\"right\" content_alignment=\"left_center\" enable_custom_image_width=\"on\" arrows_custom_padding=\"5px|5px|5px|5px|true|true\" arrow_font_size=\"40px\" arrow_color=\"#000000\" previous_slide_arrow=\"&#x34;||divi||400\" next_slide_arrow=\"&#x35;||divi||400\" content_bg_color=\"#eeeeee\" _builder_version=\"4.23.1\" _module_preset=\"default\" title_font=\"|600|||||||\" title_text_color=\"#000000\" title_font_size=\"36px\" title_letter_spacing=\"1px\" title_line_height=\"1.4em\" subtitle_font=\"||||||||\" subtitle_text_color=\"#7a7a7a\" subtitle_font_size=\"24px\" subtitle_letter_spacing=\"1px\" subtitle_line_height=\"1.4em\" content_font_size=\"18px\" content_line_height=\"2em\" hover_enabled=\"0\" title_font_size_tablet=\"28px\" title_font_size_phone=\"22px\" title_font_size_last_edited=\"on|phone\" subtitle_font_size_tablet=\"22px\" subtitle_font_size_phone=\"18px\" subtitle_font_size_last_edited=\"on|desktop\" global_colors_info=\"{}\" custom_padding__hover_enabled=\"off|desktop\"][aioc_content_carousel_item title=\"Cardio Fitness\" subtitle=\"Fitness Training\" image=\"https:\/\/socius.de\/wp-content\/uploads\/man-person-structure-equipment-room-fitness.webp\" show_button=\"on\" button_text=\"Contact Us\" content_custom_padding=\"|10%||10%|true|true\" _builder_version=\"4.23.1\" _module_preset=\"default\" custom_button=\"on\" button_text_size=\"18px\" button_text_color=\"#FFFFFF\" button_bg_color=\"#000000\" button_border_color=\"#000000\" button_border_radius=\"5px\" [&hellip;]","twitter_misc":{"Estimated reading time":"17 minutes"},"schema":{"@context":"https:\/\/schema.org","@graph":[{"@type":"WebPage","@id":"https:\/\/socius.de\/socius-oe-tag\/oe-tag-2019\/","url":"https:\/\/socius.de\/socius-oe-tag\/oe-tag-2019\/","name":"oe-tag 2019 - SOCIUS Organisationsberatung gGmbH","isPartOf":{"@id":"https:\/\/socius.de\/#website"},"datePublished":"2019-06-22T22:24:20+00:00","dateModified":"2025-10-21T11:43:53+00:00","breadcrumb":{"@id":"https:\/\/socius.de\/socius-oe-tag\/oe-tag-2019\/#breadcrumb"},"inLanguage":"en-GB","potentialAction":[{"@type":"ReadAction","target":["https:\/\/socius.de\/socius-oe-tag\/oe-tag-2019\/"]}]},{"@type":"BreadcrumbList","@id":"https:\/\/socius.de\/socius-oe-tag\/oe-tag-2019\/#breadcrumb","itemListElement":[{"@type":"ListItem","position":1,"name":"Startseite","item":"https:\/\/socius.de\/"},{"@type":"ListItem","position":2,"name":"oe-tag","item":"https:\/\/socius.de\/socius-oe-tag\/"},{"@type":"ListItem","position":3,"name":"oe-tag 2019"}]},{"@type":"WebSite","@id":"https:\/\/socius.de\/#website","url":"https:\/\/socius.de\/","name":"SOCIUS Organisationsberatung gGmbH","description":"meaningful collaboration","publisher":{"@id":"https:\/\/socius.de\/#organization"},"potentialAction":[{"@type":"SearchAction","target":{"@type":"EntryPoint","urlTemplate":"https:\/\/socius.de\/?s={search_term_string}"},"query-input":{"@type":"PropertyValueSpecification","valueRequired":true,"valueName":"search_term_string"}}],"inLanguage":"en-GB"},{"@type":"Organization","@id":"https:\/\/socius.de\/#organization","name":"SOCIUS Organisationsberatung gGmbH","url":"https:\/\/socius.de\/","logo":{"@type":"ImageObject","inLanguage":"en-GB","@id":"https:\/\/socius.de\/#\/schema\/logo\/image\/","url":"https:\/\/socius.de\/wp-content\/uploads\/SOCIUS_RGB_Teal.png","contentUrl":"https:\/\/socius.de\/wp-content\/uploads\/SOCIUS_RGB_Teal.png","width":1619,"height":736,"caption":"SOCIUS Organisationsberatung gGmbH"},"image":{"@id":"https:\/\/socius.de\/#\/schema\/logo\/image\/"},"sameAs":["https:\/\/www.facebook.com\/SOCIUSBerlin\/","https:\/\/www.linkedin.com\/company\/socius-organisationsberatung-ggmbh\/","https:\/\/www.instagram.com\/socius_berlin\/","https:\/\/www.youtube.com\/channel\/UC2QG2hEjpw0NI91VlCo9SoA"]}]}},"_links":{"self":[{"href":"https:\/\/socius.de\/en\/wp-json\/wp\/v2\/pages\/1170","targetHints":{"allow":["GET"]}}],"collection":[{"href":"https:\/\/socius.de\/en\/wp-json\/wp\/v2\/pages"}],"about":[{"href":"https:\/\/socius.de\/en\/wp-json\/wp\/v2\/types\/page"}],"author":[{"embeddable":true,"href":"https:\/\/socius.de\/en\/wp-json\/wp\/v2\/users\/2"}],"replies":[{"embeddable":true,"href":"https:\/\/socius.de\/en\/wp-json\/wp\/v2\/comments?post=1170"}],"version-history":[{"count":0,"href":"https:\/\/socius.de\/en\/wp-json\/wp\/v2\/pages\/1170\/revisions"}],"up":[{"embeddable":true,"href":"https:\/\/socius.de\/en\/wp-json\/wp\/v2\/pages\/244844"}],"wp:attachment":[{"href":"https:\/\/socius.de\/en\/wp-json\/wp\/v2\/media?parent=1170"}],"wp:term":[{"taxonomy":"category","embeddable":true,"href":"https:\/\/socius.de\/en\/wp-json\/wp\/v2\/categories?post=1170"},{"taxonomy":"post_tag","embeddable":true,"href":"https:\/\/socius.de\/en\/wp-json\/wp\/v2\/tags?post=1170"}],"curies":[{"name":"wp","href":"https:\/\/api.w.org\/{rel}","templated":true}]}}