{"id":1634,"date":"2020-05-18T16:32:17","date_gmt":"2020-05-18T14:32:17","guid":{"rendered":"https:\/\/oe-tag.de\/?page_id=1634"},"modified":"2025-10-21T13:43:53","modified_gmt":"2025-10-21T11:43:53","slug":"oe-day-2020-online","status":"publish","type":"page","link":"https:\/\/socius.de\/en\/socius-oe-tag\/oe-tag-2020-online\/","title":{"rendered":"oe-tag 2020 Online"},"content":{"rendered":"<p>[et_pb_section fb_built=&#8220;1&#8243; fullwidth=&#8220;on&#8220; _builder_version=&#8220;4.16&#8243; collapsed=&#8220;on&#8220; global_colors_info=&#8220;{}&#8220;][et_pb_fullwidth_image src=&#8220;https:\/\/oe-tag.de\/wp-content\/uploads\/2020\/02\/200611_oe-tag_keyvisual_banner.jpg&#8220; _builder_version=&#8220;4.16&#8243; global_colors_info=&#8220;{}&#8220;][\/et_pb_fullwidth_image][\/et_pb_section][et_pb_section fb_built=&#8220;1&#8243; admin_label=&#8220;Sektion \u00dcberschrfit auf Gr\u00fcn h3\/h4&#8243; _builder_version=&#8220;4.27.4&#8243; background_color=&#8220;#77C300&#8243; collapsed=&#8220;on&#8220; global_colors_info=&#8220;{}&#8220;][et_pb_row _builder_version=&#8220;4.16&#8243; background_size=&#8220;initial&#8220; background_position=&#8220;top_left&#8220; background_repeat=&#8220;repeat&#8220; global_colors_info=&#8220;{}&#8220;][et_pb_column type=&#8220;4_4&#8243; _builder_version=&#8220;4.16&#8243; custom_padding=&#8220;|||&#8220; global_colors_info=&#8220;{}&#8220; custom_padding__hover=&#8220;|||&#8220;][et_pb_text admin_label=&#8220;\u00dcberschrift auf gr\u00fcn h3\/h4&#8243; _builder_version=&#8220;4.27.4&#8243; header_text_color=&#8220;#ffffff&#8220; header_font_size=&#8220;36px&#8220; background_layout=&#8220;dark&#8220; global_colors_info=&#8220;{}&#8220;]<\/p>\n<h2>Den oe-tag 2020 gibt es doppelt!<\/h2>\n<h4>oe-tag online:<br \/>Am 11. Juni mit verschiedenen Workshops und anschlie\u00dfender Videoparty<\/h4>\n<h4>oe-tag Berlin:<br \/>Am 4. September in guter alter Manier live und mit Begegnungen im <a href=\"https:\/\/refugio.berlin\/\">Refugio in Berlin Neuk\u00f6lln<\/a><\/h4>\n<p>[\/et_pb_text][\/et_pb_column][\/et_pb_row][\/et_pb_section][et_pb_section fb_built=&#8220;1&#8243; admin_label=&#8220;Sektion TExt&#8220; _builder_version=&#8220;4.16&#8243; collapsed=&#8220;on&#8220; global_colors_info=&#8220;{}&#8220;][et_pb_row _builder_version=&#8220;4.16&#8243; background_size=&#8220;initial&#8220; background_position=&#8220;top_left&#8220; background_repeat=&#8220;repeat&#8220; global_colors_info=&#8220;{}&#8220;][et_pb_column type=&#8220;4_4&#8243; _builder_version=&#8220;4.16&#8243; custom_padding=&#8220;|||&#8220; global_colors_info=&#8220;{}&#8220; custom_padding__hover=&#8220;|||&#8220;][et_pb_text _builder_version=&#8220;4.16&#8243; global_colors_info=&#8220;{}&#8220;]<\/p>\n<p>In den vergangenen 12 Jahren haben wir den oe-tag in unterschiedlichsten Konferenz- Formaten an unterschiedlichen Orten in Berlin stattfinden lassen. Wir haben in einer Kirche getagt und in einem alten G\u00fcterbahnhof, sind mit dem Bus zusammen durch die Stadt in die alte B\u00f6rse gefahren, haben uns in klassischen Konferenzst\u00e4tten, Schulen und Co-Working-Spaces getroffen.<\/p>\n<p><strong>Dieses Jahr im Juni treffen wir uns im Internet.<\/strong><\/p>\n<p>Die Lernkurve in Sachen Videokonferenzen und digitaler Moderation war noch nie so steil wie in den letzten Wochen. Wir bei SOCIUS haben die Beschleunigung, die \u201cSocial distancing\u201d uns f\u00fcr das Ein\u00fcben von online Kommunikation und Begegnung geschenkt hat, auch genutzt, um uns regelm\u00e4\u00dfig mit uns nahestehenden Kolleginnen und Kollegen zu den Herausforderungen und Chancen dieser Zeit auszutauschen. So entstand die Idee, den oe-tag 2020 am 11.Juni nicht einfach ausfallen zu lassen, oder eben zu verschieben, sondern das bereits ver\u00f6ffentlichte Datum zu nutzen f\u00fcr ein online-Angebot.<\/p>\n<p><strong>Dass die Gesellschaft in diesen ver-r\u00fcckten Zeiten sich massiv wandelt, ist niemandem entgangen.<\/strong>\u00a0 Wir wollen mit der uns eigenen Brille der Organisationsentwicklung die Perspektiven des Individuums, von Teams, Organisationen und der Gesellschaft beleuchten und gemeinsam mit Euch am oe-tag erkunden, was dieser Wandel, den wir praktisch in Zeitlupe miterleben und beobachten k\u00f6nnen, f\u00fcr uns bereit h\u00e4lt.<\/p>\n<p>F\u00fcr die Inhalte haben wir uns an dem orientiert was uns in den vergangenen Wochen besch\u00e4ftigt hat, u.a. war das:<\/p>\n<ul>\n<li>Wie kann <strong>digitale Organisationsentwicklung<\/strong> in gelingen in einer Gesellschaft, in der der direkte Kontakt dauerhaft reduziert ist?<\/li>\n<li>was k\u00f6nnen wir in <strong>unsicheren Zeiten<\/strong> vom Improvisationstheater lernen?<\/li>\n<li>wie kann es digitales <strong>Embodiment<\/strong> geben?<\/li>\n<li>Welche besonderen <strong>systemischen Betrachtungen<\/strong> gibt es f\u00fcr eine Welt, in der die Komplexit\u00e4t ungeahnte Ausma\u00dfe erreicht?<\/li>\n<\/ul>\n<p>Ver\u00e4nderung und gesellschaftlichen Wandel in Echtzeit mitzuerleben und zu gestalten, bedeutet, dass wir uns zumeist in einem Modus des Nicht-Wissens befinden. Wir machen uns also auf, das Experiment und den Austausch zu suchen, um mit neuen Erfahrungen als auch neuen Fragen den ersten Teil des oe-Tags zu beschlie\u00dfen. Hierf\u00fcr haben wir Menschen angesprochen und eingeladen, sich mit Euch und uns am Nachmittag des 11. Juni um 15h zum oe-tag online auf Zoom zu treffen, um sich \u00fcber diese und weitere Fragen auszutauschen.<\/p>\n<p>Erwarten d\u00fcrft Ihr am 11. Juni um 15h einen gemeinsamen Einstieg (in den oe-tag online), gefolgt von mindestens 8 verschiedenen Workshops und einem gemeinsamen Harvesting am Ende, das in eine zoom Party \u00fcbergeht.<\/p>\n<p>[\/et_pb_text][\/et_pb_column][\/et_pb_row][\/et_pb_section][et_pb_section fb_built=&#8220;1&#8243; _builder_version=&#8220;4.27.4&#8243; background_color=&#8220;#77C300&#8243; collapsed=&#8220;on&#8220; global_colors_info=&#8220;{}&#8220;][et_pb_row column_structure=&#8220;1_2,1_2&#8243; _builder_version=&#8220;4.16&#8243; background_size=&#8220;initial&#8220; background_position=&#8220;top_left&#8220; background_repeat=&#8220;repeat&#8220; global_colors_info=&#8220;{}&#8220;][et_pb_column type=&#8220;1_2&#8243; _builder_version=&#8220;4.16&#8243; custom_padding=&#8220;|||&#8220; global_colors_info=&#8220;{}&#8220; custom_padding__hover=&#8220;|||&#8220;][et_pb_text admin_label=&#8220;Text oe-tag&#8220; _builder_version=&#8220;4.27.4&#8243; text_line_height=&#8220;2em&#8220; background_layout=&#8220;dark&#8220; custom_padding=&#8220;15px|15px|15px|15px&#8220; border_width_all=&#8220;3px&#8220; border_color_all=&#8220;#ffffff&#8220; global_colors_info=&#8220;{}&#8220;]<\/p>\n<h3>oe-tag<\/h3>\n<h6>Der oe-tag \u2013 Forum f\u00fcr gemeinn\u00fctzige Organisationsentwicklung findet seit 2008 einmal im Jahr statt.<\/h6>\n<h6>Der oe-tag versteht sich als Ort f\u00fcr<\/h6>\n<h6>_Austausch<br \/>_Inspiration<br \/>_Experimentieren<\/h6>\n<h6>an dem Berater*innen, F\u00fchrungskr\u00e4fte und Interessierte an Organisationsentwicklung willkommen sind.<\/h6>\n<h6>Seit \u00fcber 10 Jahren finden hier in unterschiedlichen Formaten gemeinsame Entwicklungen statt.<\/h6>\n<p>[\/et_pb_text][\/et_pb_column][et_pb_column type=&#8220;1_2&#8243; _builder_version=&#8220;4.16&#8243; custom_padding=&#8220;|||&#8220; global_colors_info=&#8220;{}&#8220; custom_padding__hover=&#8220;|||&#8220;][et_pb_text admin_label=&#8220;Text Programm&#8220; _builder_version=&#8220;4.27.4&#8243; text_text_color=&#8220;#ffffff&#8220; background_layout=&#8220;dark&#8220; custom_padding=&#8220;15px|15px|20px|15px&#8220; border_width_all=&#8220;3px&#8220; border_color_all=&#8220;#ffffff&#8220; global_colors_info=&#8220;{}&#8220;]<\/p>\n<h3>Programm oe-tag online<\/h3>\n<h6>15:00\u00a0 Start und Interaktion<\/h6>\n<h6>15.45\u00a0 Workshop Phase 1:<br \/>Individuum \u2013 Team \u2013 Organisation \u2013 Gesellschaft<\/h6>\n<h6>17.00\u00a0 Pause<\/h6>\n<h6>17.15\u00a0 Workshop Phase 2:<br \/>Individuum \u2013 Team \u2013 Organisation \u2013 Gesellschaft<\/h6>\n<h6>18.30\u00a0 Harversting und Ausblick<\/h6>\n<h6>19:00\u00a0 Zoomparty und Netzwerken<\/h6>\n<h6>\u00a0<\/h6>\n<p>[\/et_pb_text][\/et_pb_column][\/et_pb_row][\/et_pb_section][et_pb_section fb_built=&#8220;1&#8243; _builder_version=&#8220;4.27.4&#8243; custom_padding=&#8220;||0px||false|false&#8220; global_colors_info=&#8220;{}&#8220;][et_pb_row _builder_version=&#8220;4.16&#8243; background_size=&#8220;initial&#8220; background_position=&#8220;top_left&#8220; background_repeat=&#8220;repeat&#8220; collapsed=&#8220;on&#8220; global_colors_info=&#8220;{}&#8220;][et_pb_column type=&#8220;4_4&#8243; _builder_version=&#8220;4.16&#8243; custom_padding=&#8220;|||&#8220; global_colors_info=&#8220;{}&#8220; custom_padding__hover=&#8220;|||&#8220;][et_pb_text _builder_version=&#8220;4.16&#8243; global_colors_info=&#8220;{}&#8220;]<\/p>\n<p style=\"font-weight: 400;\">Gegenw\u00e4rtig erfahren wir Ver\u00e4nderungen, die vor 2.000 \u2013 5.000 Jahren Eingang in die Bibel gefunden h\u00e4tten. Noch hat sich nicht herauskristallisiert, wie das \u201enew normal\u201c aussehen wird und welche neuen \u2013 oder wieder best\u00e4tigten \u2013 Formen gesellschaftlichen Miteinanders pr\u00e4gend sein werden. Wie k\u00f6nnen Organisationen sich nach innen Handlungsf\u00e4higkeit erhalten und nach au\u00dfen Wirksamkeit entwickeln und st\u00e4rken?<\/p>\n<p style=\"font-weight: 400;\">Die Offenheit und Vielschichtigkeit wird entsprechend divers wahrgenommen: als Chance, als Risiko und Bedrohung, als Moment von Ersch\u00f6pfung und Stillstand oder als St\u00e4rke und gelebter Solidarit\u00e4t.<\/p>\n<p style=\"font-weight: 400;\"><strong>Wie k\u00f6nnen wir als Akteur*innen der Zivilgesellschaft, in Teams, Organisationen und im gesellschaftlichen Kontext Ver\u00e4nderungen so gestalten, dass kreatives Zusammenwirken weiter und vertieft m\u00f6glich sein wird?<\/strong><\/p>\n<p style=\"font-weight: 400;\">[\/et_pb_text][\/et_pb_column][\/et_pb_row][et_pb_row _builder_version=&#8220;4.16&#8243; background_size=&#8220;initial&#8220; background_position=&#8220;top_left&#8220; background_repeat=&#8220;repeat&#8220; collapsed=&#8220;on&#8220; global_colors_info=&#8220;{}&#8220;][et_pb_column type=&#8220;4_4&#8243; _builder_version=&#8220;4.16&#8243; custom_padding=&#8220;|||&#8220; global_colors_info=&#8220;{}&#8220; custom_padding__hover=&#8220;|||&#8220;][et_pb_text admin_label=&#8220;Text Workshop \u00dcbersicht Online&#8220; _builder_version=&#8220;4.27.4&#8243; global_colors_info=&#8220;{}&#8220;]<\/p>\n<h2 style=\"text-align: left;\">Workshop-\u00dcbersicht Online<\/h2>\n<p>[\/et_pb_text][\/et_pb_column][\/et_pb_row][\/et_pb_section][et_pb_section fb_built=&#8220;1&#8243; _builder_version=&#8220;4.16&#8243; locked=&#8220;off&#8220; collapsed=&#8220;off&#8220; global_colors_info=&#8220;{}&#8220;][et_pb_row column_structure=&#8220;1_4,3_4&#8243; _builder_version=&#8220;4.16&#8243; background_size=&#8220;initial&#8220; background_position=&#8220;top_left&#8220; background_repeat=&#8220;repeat&#8220; collapsed=&#8220;on&#8220; global_colors_info=&#8220;{}&#8220;][et_pb_column type=&#8220;1_4&#8243; _builder_version=&#8220;4.16&#8243; custom_padding=&#8220;|||&#8220; global_colors_info=&#8220;{}&#8220; custom_padding__hover=&#8220;|||&#8220;][et_pb_blurb title=&#8220;Christa Cocciole&#8220; use_icon=&#8220;on&#8220; font_icon=&#8220;&#x3d;||divi||400&#8243; icon_placement=&#8220;left&#8220; admin_label=&#8220;Informationstext Christa&#8220; _builder_version=&#8220;4.27.4&#8243; header_level=&#8220;h6&#8243; header_text_color=&#8220;#000000&#8243; global_colors_info=&#8220;{}&#8220;]<\/p>\n<p class=\"small\">begleitet seit 30 Jahren kreative Prozesse der Selbst-Entwicklung. Sie kombiniert ihre F\u00e4higkeiten als T\u00e4nzerin mit ihrer Arbeit als Systemische Therapeutin. Zurzeit arbeitet sie in einer psychiatrischen Tagesklinik sowie in ihrer privaten Praxis und unterrichtet international, u.a. als co-leiterin die \u201cBewegte Beratung\u201d Fortbildung bei SOCIUS.<\/p>\n<p><a href=\"http:\/\/www.christacocciole.com\">www.christacocciole.com<\/a><\/p>\n<p>[\/et_pb_blurb][\/et_pb_column][et_pb_column type=&#8220;3_4&#8243; _builder_version=&#8220;4.16&#8243; custom_padding=&#8220;|||&#8220; global_colors_info=&#8220;{}&#8220; custom_padding__hover=&#8220;|||&#8220;][et_pb_text _builder_version=&#8220;4.27.4&#8243; header_2_text_color=&#8220;#87b518&#8243; global_colors_info=&#8220;{}&#8220;]<\/p>\n<h4 class=\"et_pb_module_header\">Individuumsebene<\/h4>\n<h6 class=\"et_pb_module_header\">Digital Embodiment (15.45h bis 17h)<\/h6>\n<div class=\"et_pb_blurb_description\">\n<p>In diesem Workshop werden wir nach der Wahrnehmung unserer pers\u00f6nlichen \u201cSomatischen Dissonanz\u201d bei der Online-Arbeit forschen. Indem wir durch einfache Embodiment \u00dcbungen einen sicheren und respektvollen Raum schaffen, werden wir in die Instrumente eintauchen, die wir bereits haben, sowie neue M\u00f6glichkeiten ausdehnen, uns wieder in unserem Mitte und mit unseren Bildschirm-Begleitern zu verbinden. Ob mit Gruppen oder in Einzelsitzungen, unsere Somatische Resonance (ein Antenne f\u00fcr Interaktionen) ist ein wesentliches Element zur St\u00e4rkung der Resilience: auf und au\u00dferhalb des Bildschirms.\u00a0 Meine Absicht ist, dass wir einen kleinen \u201cWerkzeugkasten\u201d mit unterst\u00fctzenden Interventionen haben, um unsere gemeinsame Erfahrung zu n\u00e4hren, einen Gro\u00dfteil unserer Arbeit mit Leichtigkeit und Kreativit\u00e4t in ein digitales Format umzuorientieren.<\/p>\n<p><i>In this workshop we will explore ways of noticing our personal \u201cSomatic Dissonance\u201d when working online. By creating a safe and respectful space through simple embodiment exercises, we will delve into the tools we already have and stretch into new possibilities to re-connect to our center and our on-screen companions. Whether with groups or in individual sessions, somatic resonance is a key element in strengthening resilience: on and off the screen.\u00a0 My intention is that we have a small \u201ctoolbox\u201d of supportive interventions to nourish our shared experience of reorienting a lot of our work into a digital format with ease and creativity.<\/i><\/p>\n<\/div>\n<p>[\/et_pb_text][\/et_pb_column][\/et_pb_row][et_pb_row column_structure=&#8220;1_4,3_4&#8243; _builder_version=&#8220;4.16&#8243; background_size=&#8220;initial&#8220; background_position=&#8220;top_left&#8220; background_repeat=&#8220;repeat&#8220; collapsed=&#8220;on&#8220; global_colors_info=&#8220;{}&#8220;][et_pb_column type=&#8220;1_4&#8243; _builder_version=&#8220;4.16&#8243; custom_padding=&#8220;|||&#8220; global_colors_info=&#8220;{}&#8220; custom_padding__hover=&#8220;|||&#8220;][et_pb_blurb title=&#8220;Dieter Rehberg&#8220; use_icon=&#8220;on&#8220; font_icon=&#8220;&#x3d;||divi||400&#8243; icon_placement=&#8220;left&#8220; admin_label=&#8220;Informationstext Dieter&#8220; _builder_version=&#8220;4.27.4&#8243; header_level=&#8220;h6&#8243; header_text_color=&#8220;#000000&#8243; global_colors_info=&#8220;{}&#8220;]<\/p>\n<p class=\"small\">ist psychologischer Berater und Somatic Movement Therapist. Er leitet das Institut und die Akademie f\u00fcr Physio-Mentale Entwicklung in Wien.<\/p>\n<p class=\"small\"><a href=\"http:\/\/dieter.rehberg.pme.or.at\/\">http:\/\/dieter.rehberg.pme.or.at\/<\/a><\/p>\n<p>[\/et_pb_blurb][\/et_pb_column][et_pb_column type=&#8220;3_4&#8243; _builder_version=&#8220;4.16&#8243; custom_padding=&#8220;|||&#8220; global_colors_info=&#8220;{}&#8220; custom_padding__hover=&#8220;|||&#8220;][et_pb_text _builder_version=&#8220;4.27.4&#8243; header_2_text_color=&#8220;#87b518&#8243; global_colors_info=&#8220;{}&#8220;]<\/p>\n<h4>Individuumsebene<\/h4>\n<h6 class=\"et_pb_module_header\">Den eigenen K\u00f6rper befragen &#8211; Somatische Organisationsentwicklung (17.15h bis 18.30h )<\/h6>\n<div class=\"et_pb_blurb_description\">\n<div class=\"et_pb_blurb_description\">\n<p>In dieser online Werkstatt wird die Methode \u201cPhysio-Mentale Entwicklung\u201d vorgestellt , die durch den somatischen Dialog eine radikale Selbstorganisation initiiert.<\/p>\n<p>Im Somatischen Dialog wird die Selbstorganisation des K\u00f6rpers und des ihm innewohnenden Geistes entwickelt.<\/p>\n<p>Die einzelnen Stufen des Somatischen Dialogs k\u00f6nnen sowohl in einen Coaching-Prozess integriert werden als auch als Metapher f\u00fcr eine hilfreiche Organisationsentwicklung gesehen werden.<\/p>\n<p>Nach einer kurzen theoretischen Vorstellung der Methode werden die Teilnehmenden angeleitet durch spezifische \u00dcbungen der K\u00f6rperwahrnehmung und Bewegung sowie durch freie Exploration eine heilsame und hilfreiche Selbstorganisation in sich auszul\u00f6sen.<\/p>\n<p>Abschlie\u00dfend werden die pers\u00f6nlichen Erfahrungen geteilt und reflektiert.<\/p>\n<p>Dieser Workshop schlie\u00dft nach 10 Minuten seinen Zoom-Raum.<\/p>\n<\/div>\n<\/div>\n<p>[\/et_pb_text][\/et_pb_column][\/et_pb_row][et_pb_row column_structure=&#8220;1_4,3_4&#8243; _builder_version=&#8220;4.16&#8243; background_size=&#8220;initial&#8220; background_position=&#8220;top_left&#8220; background_repeat=&#8220;repeat&#8220; collapsed=&#8220;on&#8220; global_colors_info=&#8220;{}&#8220;][et_pb_column type=&#8220;1_4&#8243; _builder_version=&#8220;4.16&#8243; custom_padding=&#8220;|||&#8220; global_colors_info=&#8220;{}&#8220; custom_padding__hover=&#8220;|||&#8220;][et_pb_blurb title=&#8220;Lysan Escher&#8220; use_icon=&#8220;on&#8220; font_icon=&#8220;&#x3d;||divi||400&#8243; icon_placement=&#8220;left&#8220; admin_label=&#8220;Informationstext Lysan&#8220; _builder_version=&#8220;4.27.4&#8243; header_level=&#8220;h6&#8243; header_text_color=&#8220;#000000&#8243; global_colors_info=&#8220;{}&#8220;]<\/p>\n<p class=\"small\">ist Organisationsentwicklerin, Coach, Idealistin, Erwachsenenbildnerin<\/p>\n<p class=\"small\">Ich sch\u00e4tze die bunte Vielfalt der Kompetenzen und Potentiale von Menschen und\u00a0habe Freude am Entdecken von\u00a0Synergien,\u00a0um gemeinsam innovative Ans\u00e4tze der Personal- und Organisationsentwicklung zu erproben und passende Konzepte und Methoden zu entwickeln.<\/p>\n<p>[\/et_pb_blurb][et_pb_blurb title=&#8220;Marek Spitczok von Brisinski&#8220; use_icon=&#8220;on&#8220; font_icon=&#8220;&#x3d;||divi||400&#8243; icon_placement=&#8220;left&#8220; admin_label=&#8220;Informationstext Marek&#8220; _builder_version=&#8220;4.27.4&#8243; header_level=&#8220;h6&#8243; header_text_color=&#8220;#000000&#8243; global_colors_info=&#8220;{}&#8220;]<\/p>\n<p class=\"small\">Coach, Traumafachberater, Organisationsberater <\/p>\n<p>Pers\u00f6nliche und berufliche Potentiale entdecken und entwickeln, individuelle Wege strukturieren, leichter W\u00fcnsche und Ziele zur Verwirklichung bringen. Dabei unterst\u00fctze und begleite ich, auch in der Entwicklung vonSchutzkonzepten.\u00a0<\/p>\n<p class=\"small\"><a href=\"http:\/\/www.marekspitczok.de\/\">www.MarekSpitczok.de<\/a><\/p>\n<p>[\/et_pb_blurb][\/et_pb_column][et_pb_column type=&#8220;3_4&#8243; _builder_version=&#8220;4.16&#8243; custom_padding=&#8220;|||&#8220; global_colors_info=&#8220;{}&#8220; custom_padding__hover=&#8220;|||&#8220;][et_pb_text _builder_version=&#8220;4.27.4&#8243; header_2_text_color=&#8220;#87b518&#8243; global_colors_info=&#8220;{}&#8220;]<\/p>\n<h4 class=\"et_pb_module_header\">Individuumsebene<\/h4>\n<h6>Kollegialer Austausch &#8211; ein online Format des SOCIUS NextWerk (15.45h bis 17.00h)<\/h6>\n<p class=\"\"><span class=\"\">Die Auswirkungen der letzten Monate waren unterschiedlich. Wir wurden \u00e4u\u00dferlich in Bewegungslosigkeit gezwungen, weil wir Kontaktbeschr\u00e4nkungen unterlagen und\u00a0mit Seminaren, Beratungen und Trainings rund um Organisationsentwicklung nicht (mehr) systemrelevant waren. Oder wir waren aufgrund unserer Position zwar von direktem Kontakt und Austausch abgeschnitten, mussten daf\u00fcr aber Krisenst\u00e4be bilden und rund um die Uhr rast- und ruhelos erreichbar sein. Wie auch immer du pers\u00f6nlich wie beruflich diese Zeit erlebt hast, wir wagen die These: F\u00fcr uns alle war sie\u00a0eine innerlich wie gesellschaftlich sehr bewegende Zeit.<span class=\"apple-converted-space\">\u00a0<\/span><\/span><\/p>\n<p class=\"\"><span class=\"\">Wir laden dich ein und fordern dich heraus als Teil der Gemeinschaft mit uns (d)eine Vision von Gesellschaftlichem Wandel zu teilen und wir bieten dir an Resonanz zu erhalten und anderen zu geben.<\/span><\/p>\n<p>Dieser Workshop ist auf 10 Teilnehmende begrenzt.<\/p>\n<p>[\/et_pb_text][\/et_pb_column][\/et_pb_row][et_pb_row column_structure=&#8220;1_4,3_4&#8243; _builder_version=&#8220;4.16&#8243; background_size=&#8220;initial&#8220; background_position=&#8220;top_left&#8220; background_repeat=&#8220;repeat&#8220; collapsed=&#8220;on&#8220; global_colors_info=&#8220;{}&#8220;][et_pb_column type=&#8220;1_4&#8243; _builder_version=&#8220;4.16&#8243; custom_padding=&#8220;|||&#8220; global_colors_info=&#8220;{}&#8220; custom_padding__hover=&#8220;|||&#8220;][et_pb_blurb title=&#8220;Joana Ebbinghaus&#8220; use_icon=&#8220;on&#8220; font_icon=&#8220;&#x3d;||divi||400&#8243; icon_placement=&#8220;left&#8220; admin_label=&#8220;Informationstext Joana&#8220; _builder_version=&#8220;4.27.4&#8243; header_level=&#8220;h6&#8243; header_text_color=&#8220;#000000&#8243; global_colors_info=&#8220;{}&#8220;]<\/p>\n<p class=\"small\">ist seit 6 Jahren Teil des SOCIUS Teams.<\/p>\n<p class=\"small\">\u201eIch habe mich immer schon ein wenig als Wandlerin zwischen den Welten wahrgenommen \u2013 da ich die 13 Jahre meines Lebens, die ich in Indonesien verbracht habe, immer mit mir herumtrage. In der Begleitung von Organisationen, Teams und Einzelpersonen in ihren Ver\u00e4nderungsprozessen interessieren mich besonders die Momente, in denen der Funke \u00fcberspringt, Ber\u00fchrung stattfindet, Verbindung entsteht und sich Energie manifestiert. Welche Choreographie diese Momente erm\u00f6glicht hat, ist f\u00fcr immer mit immer wiederkehrenden Experimenten und Spurensuche verbunden.\u201c<\/p>\n<p>[\/et_pb_blurb][\/et_pb_column][et_pb_column type=&#8220;3_4&#8243; _builder_version=&#8220;4.16&#8243; custom_padding=&#8220;|||&#8220; global_colors_info=&#8220;{}&#8220; custom_padding__hover=&#8220;|||&#8220;][et_pb_text _builder_version=&#8220;4.27.4&#8243; header_2_text_color=&#8220;#87b518&#8243; global_colors_info=&#8220;{}&#8220;]<\/p>\n<h4 class=\"et_pb_module_header\">Teamebene<\/h4>\n<h6 class=\"et_pb_module_header\">Der Analog-Digitale \u00dcbergang: Kontaktqualit\u00e4t zwischen den Welten (17.15h bis 18.30h)<\/h6>\n<div class=\"et_pb_blurb_description\">\n<p>Die digitale Welt erscheint uns zuweilen komplex, technisch herausfordernd und die Sinne \u00fcberfordernd. Die Corona Pandemie hat uns bzw. Otto Normalverbraucher innerhalb weniger Wochen ins digitale Zeitalter katapultiert, sprech- oder doch zumindest kommunikationsf\u00e4hig gemacht. <i>The<\/i> <i>new normal<\/i> ist hier nicht mehr das \u201aentweder-oder\u2018, sondern das \u201asowohl als auch\u2018 zwischen digitalen Begegnungsr\u00e4umen und analogen Kontaktangeboten. In diesem Workshop wollen wir uns daran probieren, in dieser Zwischenwelt zwischen Digitalem und Analogem die Verbindungslinien zu erkunden: die digitale Kommunikation analog anzureichern und das Analoge aus dem Ungef\u00e4hren herauszul\u00f6sen. Welche Qualit\u00e4t und Intensit\u00e4t der Begegnung und des Kontaktes l\u00e4sst sich \u00fcbertragen aus dem analogen Raum in die Welt der digitalen Medien, welchen Phasenverl\u00e4ufen folgen wir? Wie k\u00f6nnen wir einander beschnuppern und langsam ann\u00e4hern, wie tief tauchen, einander sehen und sichtbar werden, um sich dann wieder zu l\u00f6sen und gut zu verabschieden.<\/p>\n<p>Dieser Workshop ist auf 25 Teilnehmende begrenzt.<\/p>\n<\/div>\n<p>[\/et_pb_text][\/et_pb_column][\/et_pb_row][et_pb_row column_structure=&#8220;1_4,3_4&#8243; _builder_version=&#8220;4.16&#8243; background_size=&#8220;initial&#8220; background_position=&#8220;top_left&#8220; background_repeat=&#8220;repeat&#8220; collapsed=&#8220;on&#8220; global_colors_info=&#8220;{}&#8220;][et_pb_column type=&#8220;1_4&#8243; _builder_version=&#8220;4.16&#8243; custom_padding=&#8220;|||&#8220; global_colors_info=&#8220;{}&#8220; custom_padding__hover=&#8220;|||&#8220;][et_pb_blurb title=&#8220;Norbert Poppe &#8220; use_icon=&#8220;on&#8220; font_icon=&#8220;&#x3d;||divi||400&#8243; icon_placement=&#8220;left&#8220; admin_label=&#8220;Informationstext Norbert&#8220; _builder_version=&#8220;4.27.4&#8243; header_level=&#8220;h6&#8243; header_text_color=&#8220;#000000&#8243; global_colors_info=&#8220;{}&#8220;]<\/p>\n<p class=\"small\">ist freier Berater in Ver\u00e4nderungsprozessen, Coach und Moderator. Unterwegs ist er in Organisationen und Netzwerken und begleitet auch Weiterbildungen in Beratung und Moderation.<\/p>\n<p class=\"small\"><a href=\"http:\/\/www.transformhaus.de\">www.transformhaus.de<\/a><\/p>\n<p>[\/et_pb_blurb][\/et_pb_column][et_pb_column type=&#8220;3_4&#8243; _builder_version=&#8220;4.16&#8243; custom_padding=&#8220;|||&#8220; global_colors_info=&#8220;{}&#8220; custom_padding__hover=&#8220;|||&#8220;][et_pb_text _builder_version=&#8220;4.27.4&#8243; header_2_text_color=&#8220;#87b518&#8243; global_colors_info=&#8220;{}&#8220;]<\/p>\n<h4 class=\"et_pb_module_header\">Teamebene<\/h4>\n<h6>Beraten in unsicheren Zeiten (15.45h bis 17.00h)<\/h6>\n<p>Welche Perspektive hat Beratung, wenn Berater:innen und Beratungsnehmenden zeitgleich in eine \u00e4hnliche Situation geraten? Was k\u00f6nnen wir anbieten? Wonach suchen wir? Was gibt Halt? Corona hat uns \u00fcberrascht. Dabei bedurfte es gar keiner Viruspandemie, um deutlich zu bekommen, wir leben in unsicheren Zeiten.<\/p>\n<p>Norbert Poppe besch\u00e4ftigt sich seit dem shut down gerade intensiv mit zwei Themen: Online in Beratung wirksam zu sein und Wie f\u00fchren in unsicheren Zeiten. Aufbauend auf diesen Erfahrungen, die er zusammen mit Dr. Michael Funke mit verschieden Online-Workshops, insbesondere mit der Landkarte der Unsicherheiten gemacht hat, gibt er in 75 Minuten Raum, erste Erfahrungen aus dieser Zeit zu sichern und gemeinsam zu \u00fcberlegen, was bedeutet Sicherheit in der Beratung.<\/p>\n<p>[\/et_pb_text][\/et_pb_column][\/et_pb_row][et_pb_row column_structure=&#8220;1_4,3_4&#8243; _builder_version=&#8220;4.16&#8243; background_size=&#8220;initial&#8220; background_position=&#8220;top_left&#8220; background_repeat=&#8220;repeat&#8220; collapsed=&#8220;on&#8220; global_colors_info=&#8220;{}&#8220;][et_pb_column type=&#8220;1_4&#8243; _builder_version=&#8220;4.16&#8243; custom_padding=&#8220;|||&#8220; global_colors_info=&#8220;{}&#8220; custom_padding__hover=&#8220;|||&#8220;][et_pb_blurb title=&#8220;Kai Splittgerber&#8220; use_icon=&#8220;on&#8220; font_icon=&#8220;&#x3d;||divi||400&#8243; icon_placement=&#8220;left&#8220; admin_label=&#8220;Informationstext Kai&#8220; _builder_version=&#8220;4.27.4&#8243; header_level=&#8220;h6&#8243; header_text_color=&#8220;#000000&#8243; global_colors_info=&#8220;{}&#8220;]<\/p>\n<p class=\"small\">arbeitet als Agile Coach und Organisationentwickler in Konzernen, KMUs und K\u00f6rperschaften, insbesondere ist er in der Digitalisierungsbewegung \u00f6ffentlicher Verwaltungen engagiert.<\/p>\n<p>[\/et_pb_blurb][et_pb_blurb title=&#8220;Jan Ahrend&#8220; use_icon=&#8220;on&#8220; font_icon=&#8220;&#x3d;||divi||400&#8243; icon_placement=&#8220;left&#8220; admin_label=&#8220;Informationstext Jan A.&#8220; _builder_version=&#8220;4.27.4&#8243; header_level=&#8220;h6&#8243; global_colors_info=&#8220;{}&#8220;]<\/p>\n<p class=\"small\">begleitet als Experte f\u00fcr agile Transformation verschiedene Unternehmen in ihrem Wandel. Zuletzt erschien von ihm das Buch Agile F\u00fchrung: Mitarbeiter und Teams erfolgreich f\u00fchren und coachen bei mitp Business.<\/p>\n<p class=\"small\"><a href=\"https:\/\/cynelean.com\/\">https:\/\/cynelean.com\/<\/a><\/p>\n<p>[\/et_pb_blurb][\/et_pb_column][et_pb_column type=&#8220;3_4&#8243; _builder_version=&#8220;4.16&#8243; custom_padding=&#8220;|||&#8220; global_colors_info=&#8220;{}&#8220; custom_padding__hover=&#8220;|||&#8220;][et_pb_text _builder_version=&#8220;4.27.4&#8243; header_2_text_color=&#8220;#87b518&#8243; global_colors_info=&#8220;{}&#8220;]<\/p>\n<h4 class=\"et_pb_module_header\">Teamebene<\/h4>\n<h6>Agiles Lernen \u2013 von der Wissensvermittlung zum Lerndesign und Lehrcoach (15.45h bis 17.00h)<\/h6>\n<p>Klassische Formen der Weiterbildung (z.B. standardisierte Seminare oder Studieng\u00e4nge) werden der dynamischen technologischen Entwicklung vieler Branchen und dem asynchronen Lernbedarf der Mitarbeiter*innen nicht mehr gerecht. Das Agile Lernen verfolgt als eine Reaktion auf die zunehmende Komplexit\u00e4t kompetenz-orientiertes Lernen in iterativen Schleifen, ausgerichtet am konkreten Bedarf der Lernenden und der Organisation.<\/p>\n<p>Im Workshop werden Ans\u00e4tze diskutiert und am Beispiel eines agiles Lernartefakts praktisch ge\u00fcbt.<\/p>\n<p>[\/et_pb_text][\/et_pb_column][\/et_pb_row][et_pb_row column_structure=&#8220;1_4,3_4&#8243; _builder_version=&#8220;4.16&#8243; background_size=&#8220;initial&#8220; background_position=&#8220;top_left&#8220; background_repeat=&#8220;repeat&#8220; global_colors_info=&#8220;{}&#8220;][et_pb_column type=&#8220;1_4&#8243; _builder_version=&#8220;4.16&#8243; custom_padding=&#8220;|||&#8220; global_colors_info=&#8220;{}&#8220; custom_padding__hover=&#8220;|||&#8220;][et_pb_blurb title=&#8220;Jan Kasiske&#8220; use_icon=&#8220;on&#8220; font_icon=&#8220;&#x3d;||divi||400&#8243; icon_placement=&#8220;left&#8220; admin_label=&#8220;Informationstext Jan&#8220; _builder_version=&#8220;4.27.4&#8243; header_level=&#8220;h6&#8243; header_text_color=&#8220;#000000&#8243; global_colors_info=&#8220;{}&#8220;]<\/p>\n<p class=\"small\">\u00a0ist coach, Improspieler, leadership development, \u201eImpro ist f\u00fcr mich Quelle der Inspiration und nicht zu verpassende Chance f\u00fcr Kontakt und Verbindung.\u201c<\/p>\n<p class=\"small\"><a href=\"http:\/\/www.sifb.de\">www.sifb.de<\/a><\/p>\n<p>[\/et_pb_blurb][et_pb_blurb title=&#8220;Tatjana Gl\u00fccks-Trommersh\u00e4user&#8220; use_icon=&#8220;on&#8220; font_icon=&#8220;&#x3d;||divi||400&#8243; icon_placement=&#8220;left&#8220; admin_label=&#8220;Informationstext Tatjana&#8220; _builder_version=&#8220;4.27.4&#8243; header_level=&#8220;h6&#8243; header_text_color=&#8220;#000000&#8243; global_colors_info=&#8220;{}&#8220;]<\/p>\n<p class=\"small\">ist Schauspielerin, Improspielerin, Stimmp\u00e4dagogin, Trainerin f\u00fcr angewandte Improvisation, \u201eImpro ist f\u00fcr mich \u00dcberlebenskitt und Durchatmen.&#8220;<\/p>\n<p>[\/et_pb_blurb][\/et_pb_column][et_pb_column type=&#8220;3_4&#8243; _builder_version=&#8220;4.16&#8243; custom_padding=&#8220;|||&#8220; global_colors_info=&#8220;{}&#8220; custom_padding__hover=&#8220;|||&#8220;][et_pb_text _builder_version=&#8220;4.27.4&#8243; header_2_text_color=&#8220;#87b518&#8243; global_colors_info=&#8220;{}&#8220;]<\/p>\n<h4 class=\"et_pb_module_header\">Teamebene<\/h4>\n<h6>Und wenn du denkst, es geht nicht mehr\u2026 Mit Impro durch ungewisse Zeiten (17.15h bis 18.30h)<\/h6>\n<p><span style=\"font-weight: 400;\">Was k\u00f6nnen wir von den Methoden und der Haltung des Improvisationstheaters in Zeiten wie diesen mit globalen Krisen f\u00fcr den Umgang mit Nicht-Wissen, Ad-hoc-Entscheidungen und Ungewissheit lernen?<\/span><\/p>\n<p><span style=\"font-weight: 400;\">Wir wollen zwei Bestandteile aus der angewandten Improvisation kennenlernen und \u00fcben: \u201eSei im Moment!&#8220; (Nicht bewerten und nicht vorausplanen!) und \u201eJa, genau!&#8220; (Angebote erkennen und Akzeptieren). <\/span><span style=\"font-weight: 400;\">Wir kommen vom Kopf in die Intuition und \u00fcberlegen gemeinsam, in welchen Situationen auf der B\u00fchne des Lebens uns das helfen kann. <\/span><span style=\"font-weight: 400;\">Oft ist unser Alltag in Organisationen von Voraussetzungen und Restriktionen gepr\u00e4gt. Wenn wir unsere Blicke mit Spass auf die Spielr\u00e4ume dazwischen richten, entsteht kinderleicht und \u00fcberraschend Neues.<\/span><\/p>\n<p>[\/et_pb_text][\/et_pb_column][\/et_pb_row][et_pb_row column_structure=&#8220;1_4,3_4&#8243; _builder_version=&#8220;4.16&#8243; background_size=&#8220;initial&#8220; background_position=&#8220;top_left&#8220; background_repeat=&#8220;repeat&#8220; global_colors_info=&#8220;{}&#8220;][et_pb_column type=&#8220;1_4&#8243; _builder_version=&#8220;4.16&#8243; custom_padding=&#8220;|||&#8220; global_colors_info=&#8220;{}&#8220; custom_padding__hover=&#8220;|||&#8220;][et_pb_blurb title=&#8220;Pao Siermann&#8220; use_icon=&#8220;on&#8220; font_icon=&#8220;&#x3d;||divi||400&#8243; icon_placement=&#8220;left&#8220; admin_label=&#8220;Informationstext Pao&#8220; _builder_version=&#8220;4.27.4&#8243; header_level=&#8220;h6&#8243; header_text_color=&#8220;#000000&#8243; global_colors_info=&#8220;{}&#8220;]<\/p>\n<p class=\"small\">Gr\u00fcnder und Leiter der Wu De Akademie, arbeitet als Berater, Coach und Facilitator mit kleinen und gro\u00dfen Organisationen.<br \/><a class=\"moz-txt-link-abbreviated\" href=\"http:\/\/www.wu-de.com\/\">www.wu-de.com<\/a><br \/><a class=\"moz-txt-link-abbreviated\" href=\"mailto:pao.siermann@wu-de.com\">pao.siermann@wu-de.com<\/a><\/p>\n<p>[\/et_pb_blurb][\/et_pb_column][et_pb_column type=&#8220;3_4&#8243; _builder_version=&#8220;4.16&#8243; custom_padding=&#8220;|||&#8220; global_colors_info=&#8220;{}&#8220; custom_padding__hover=&#8220;|||&#8220;][et_pb_text admin_label=&#8220;Text &#8220; _builder_version=&#8220;4.27.4&#8243; header_2_text_color=&#8220;#87b518&#8243; global_colors_info=&#8220;{}&#8220;]<\/p>\n<h4 class=\"et_pb_module_header\">Organisationsebene<\/h4>\n<h6>Zusammenspiel von Rollen in der Organisation (15.45h bis 17.00)<\/h6>\n<div class=\"et_pb_blurb_description\">\n<p>Um als Organisation resilient zu sein und Krisen gut zu bew\u00e4ltigen, braucht es ein gutes Zusammenspiel aller Beteiligten. Nun sind Menschen aber nicht nur als Individuen in einer Organisation, sondern sie haben zugleich explizite Rollen (definierte Funktionen) und implizite Rollen (zum Beispiel die Person, die sich immer f\u00fcr das Team zust\u00e4ndig f\u00fchlt).<\/p>\n<p>Pao Siermann wird im Workshop ein klassisch chinesisches Rollenmodell vorstellen. Mit diesem Modell ist es m\u00f6glich, die expliziten und impliziten Rollen in der Organisation besser zu erkennen und \u00fcber ihr Zusammenwirken klarer zu kommunizieren. So wird das Wir der Organisation gest\u00e4rkt, und es zeigen sich Ans\u00e4tze f\u00fcr die weitere Entwicklung der Organisation.<\/p>\n<\/div>\n<p>[\/et_pb_text][\/et_pb_column][\/et_pb_row][et_pb_row column_structure=&#8220;1_4,3_4&#8243; _builder_version=&#8220;4.16&#8243; background_size=&#8220;initial&#8220; background_position=&#8220;top_left&#8220; background_repeat=&#8220;repeat&#8220; global_colors_info=&#8220;{}&#8220;][et_pb_column type=&#8220;1_4&#8243; _builder_version=&#8220;4.16&#8243; custom_padding=&#8220;|||&#8220; global_colors_info=&#8220;{}&#8220; custom_padding__hover=&#8220;|||&#8220;][et_pb_blurb title=&#8220;Andreas Knoth&#8220; use_icon=&#8220;on&#8220; font_icon=&#8220;&#x3d;||divi||400&#8243; icon_placement=&#8220;left&#8220; admin_label=&#8220;Informationstext Andreas&#8220; _builder_version=&#8220;4.27.4&#8243; header_level=&#8220;h6&#8243; header_text_color=&#8220;#000000&#8243; global_colors_info=&#8220;{}&#8220;]<\/p>\n<p class=\"small\">Dipl. Psych. und Master of Business Studies, ist seit<br \/>\n2002 Berater im Team von SOCIUS. Er hat 20 Jahre Arbeitserfahrung in NPOs und Stiftungen im internationalen Kontext. Zu seinen Forschungs- und Arbeitsschwerpunkten geh\u00f6ren Selbstorganisation (blog: <a href=\"https:\/\/lost-navigator.net\">lost-navigator.net<\/a>), Strategie \/ Wirkungsorientierung und Transsektorale Netzwerke.<\/p>\n<p>[\/et_pb_blurb][\/et_pb_column][et_pb_column type=&#8220;3_4&#8243; _builder_version=&#8220;4.16&#8243; custom_padding=&#8220;|||&#8220; global_colors_info=&#8220;{}&#8220; custom_padding__hover=&#8220;|||&#8220;][et_pb_text _builder_version=&#8220;4.27.4&#8243; header_2_text_color=&#8220;#87b518&#8243; global_colors_info=&#8220;{}&#8220;]<\/p>\n<h4 class=\"et_pb_module_header\">Organisationsebene<\/h4>\n<h6>Navigation im Nebel &#8211; Taschenformate strategischer Vorausschau (17.15h bis 18.30h)<\/h6>\n<div class=\"et_pb_blurb_description\">\n<p>Die VUCA Realit\u00e4t ist nicht erst gestern in die Welt gekommen, das Grenzfeld von Komplexit\u00e4t und Chaos im Corona Universum macht sie aber gerade sehr greifbar. Die Erfahrung dieses Feldes l\u00f6st widerspr\u00fcchliche Reaktionen aus \u2013 auf der einen Seite Kontrollwahn auf der anderen Schicksalsergebenheit. Beides scheint in der aktuellen Situation nicht sonderlich hilfreich: Wir m\u00fcssen offen nach vorne blicken, aber zugleich leidenschaftlich die Zukunft gestalten.<\/p>\n<p>Der Workshop stellt ein kompaktes Strategie-Format vor, das Elemente der Liberating Structures, des Transformative Scenario Planning und der Chancenorientierten Entwicklung vereint. Der Strategy Pocket Lab Prototyp wird praktisch erprobt und gemeinsam durch einen Austausch zu weiteren Ans\u00e4tzen der Strategie-Arbeit angereichert.<\/p>\n<\/div>\n<p>[\/et_pb_text][\/et_pb_column][\/et_pb_row][et_pb_row column_structure=&#8220;1_4,3_4&#8243; _builder_version=&#8220;4.16&#8243; background_size=&#8220;initial&#8220; background_position=&#8220;top_left&#8220; background_repeat=&#8220;repeat&#8220; global_colors_info=&#8220;{}&#8220;][et_pb_column type=&#8220;1_4&#8243; _builder_version=&#8220;4.16&#8243; custom_padding=&#8220;|||&#8220; global_colors_info=&#8220;{}&#8220; custom_padding__hover=&#8220;|||&#8220;][et_pb_blurb title=&#8220;Thomas Zimmermann&#8220; use_icon=&#8220;on&#8220; font_icon=&#8220;&#x3d;||divi||400&#8243; icon_placement=&#8220;left&#8220; admin_label=&#8220;Informationstext Thomas&#8220; _builder_version=&#8220;4.27.4&#8243; header_level=&#8220;h6&#8243; header_text_color=&#8220;#000000&#8243; global_colors_info=&#8220;{}&#8220;]<\/p>\n<p class=\"small\">ist Organisationsentwickler und Agile Coach. Fr\u00fcher hat er bei Fraunhofer und Tlabs gearbeitet, heute f\u00fcr gemeinn\u00fctzige Organisationen wie Diakonie und Deutsche Umweltstiftung. Mehr unter: <a href=\"http:\/\/www.swapwork.de\/\">www.swapwork.de<\/a><\/p>\n<p>[\/et_pb_blurb][\/et_pb_column][et_pb_column type=&#8220;3_4&#8243; _builder_version=&#8220;4.16&#8243; custom_padding=&#8220;|||&#8220; global_colors_info=&#8220;{}&#8220; custom_padding__hover=&#8220;|||&#8220;][et_pb_text _builder_version=&#8220;4.27.4&#8243; header_2_text_color=&#8220;#87b518&#8243; global_colors_info=&#8220;{}&#8220;]<\/p>\n<h4 class=\"et_pb_module_header\">Organisationsebene<\/h4>\n<h6 class=\"et_pb_module_header\">Digitale OE in der remote Gesellschaft \u2013 Wie k\u00f6nnen online Lernkontexte kreativ angeregt \/ unterst\u00fctzt \/ ausgebaut \/ gestaltet werden? (17.15h bis 18.30h)<\/h6>\n<div class=\"et_pb_blurb_description\">\n<p>Unternehmen und Organisationen machen derzeit eine erschreckende Beobachtung: Das Arbeiten von zuhause funktioniert. Die Struktur versinkt nicht vollkommen im Chaos, nur der Business Lunch findet pl\u00f6tzlich vor dem Bildschirm statt. Virtuelle Zusammenarbeit ist das Learning 2020 f\u00fcr viele SkeptikerInnen. Und darum werden Organisationen auch nach der Corona-Hysterie nicht aufh\u00f6ren remote zu arbeiten, sie werden die neu gebildeten digitalen Arbeitsstrukturen weiter nutzen.<\/p>\n<p>Der Workshop widmet sich der digitalen Organisationsentwicklung mit zwei Fallbeispielen:<\/p>\n<ol>\n<li>a) die Lernplattform \u201cAgathe hilft\u201d f\u00fcr Agiles Projektmanagement in Nonprofits und<\/li>\n<li>b) die Praxisreihe Organisationsentwicklung in gemeinn\u00fctzigen Organisationen als virtuelles Training<\/li>\n<\/ol>\n<p>Die TeilnehmerInnen sind eingeladen, eigene Fallbeispiele beizusteuern.<\/p>\n<\/div>\n<p>[\/et_pb_text][\/et_pb_column][\/et_pb_row][et_pb_row column_structure=&#8220;1_4,3_4&#8243; _builder_version=&#8220;4.16&#8243; background_size=&#8220;initial&#8220; background_position=&#8220;top_left&#8220; background_repeat=&#8220;repeat&#8220; global_colors_info=&#8220;{}&#8220;][et_pb_column type=&#8220;1_4&#8243; _builder_version=&#8220;4.16&#8243; custom_padding=&#8220;|||&#8220; global_colors_info=&#8220;{}&#8220; custom_padding__hover=&#8220;|||&#8220;][et_pb_blurb title=&#8220;G\u00e1bor Voz\u00e1ri&#8220; use_icon=&#8220;on&#8220; font_icon=&#8220;&#x3d;||divi||400&#8243; icon_placement=&#8220;left&#8220; admin_label=&#8220;Informationstext Gabor&#8220; _builder_version=&#8220;4.27.4&#8243; header_level=&#8220;h6&#8243; header_text_color=&#8220;#000000&#8243; global_colors_info=&#8220;{}&#8220;]<\/p>\n<p class=\"small\">M.Sc. in Business Administration, CEMS MIM<br \/>Systemischer Coach und Organisationsberater<\/p>\n<p class=\"small\">G\u00e1bor folgt in seinem Coaching- und Beratungsansatz dem Prinzip eines theoretisch fundierten praxisnahen Vorgehens. Es ist interessiert an Querverbindungen zwischen F\u00fchrung, Organisationsentwicklung, systemtheoretischen und philosophischen Themen, kollektiver Intelligenz, Strukturaufstellungen, Komplexit\u00e4tsmanagement und l\u00f6sungsfokussiertem Denken.<\/p>\n<p>[\/et_pb_blurb][\/et_pb_column][et_pb_column type=&#8220;3_4&#8243; _builder_version=&#8220;4.16&#8243; custom_padding=&#8220;|||&#8220; global_colors_info=&#8220;{}&#8220; custom_padding__hover=&#8220;|||&#8220;][et_pb_text _builder_version=&#8220;4.27.4&#8243; header_2_text_color=&#8220;#87b518&#8243; global_colors_info=&#8220;{}&#8220;]<\/p>\n<h4 class=\"et_pb_module_header\">Gesellschaftsebene<\/h4>\n<h6 class=\"et_pb_module_header\">Leben, handeln und wirken \u2013 auch wenn vieles ungewiss erscheint (15.45h bis 17.00h)<\/h6>\n<div class=\"et_pb_blurb_description\">\n<div class=\"et_pb_blurb_description\">\n<p>Wie entwickeln wir in Teams und Organisationen Handlungsf\u00e4higkeit in einer VUKA-Welt? Wie halten wir Verwirrung aus und schaffen Rahmen, wo Verletzlichkeit und Nichtwissen anerkannt und sogar als Ressource genutzt werden k\u00f6nnen? Wie balancieren wir zwischen mehreren Zielparametern, und treffen Entscheidungen, die auch umgesetzt werden?<\/p>\n<p>In diesem Workshop experimentieren wir anhand eines systematischen Ansatzes damit, wie es in Teams und Organisationen gelingen kann<\/p>\n<ul>\n<li>diverse Sichtweisen klar zu thematisieren, nebeneinander zu stellen und aus den entstehenden Zwischenr\u00e4umen neue Erkenntnisse zu gewinnen,<\/li>\n<li>verschiedene Standpunkte vorurteilsfrei und aus diversen Perspektiven zu betrachten<\/li>\n<li>Orientierung zu gewinnen auch dort, wo viele andere nur Chaos erleben.<\/li>\n<\/ul>\n<\/div>\n<\/div>\n<p>[\/et_pb_text][\/et_pb_column][\/et_pb_row][et_pb_row column_structure=&#8220;1_4,3_4&#8243; _builder_version=&#8220;4.16&#8243; background_size=&#8220;initial&#8220; background_position=&#8220;top_left&#8220; background_repeat=&#8220;repeat&#8220; global_colors_info=&#8220;{}&#8220;][et_pb_column type=&#8220;1_4&#8243; _builder_version=&#8220;4.16&#8243; custom_padding=&#8220;|||&#8220; global_colors_info=&#8220;{}&#8220; custom_padding__hover=&#8220;|||&#8220;][et_pb_blurb title=&#8220;Lino Zeddies &#8220; use_icon=&#8220;on&#8220; font_icon=&#8220;&#x3d;||divi||400&#8243; icon_placement=&#8220;left&#8220; admin_label=&#8220;Informationstext Lino&#8220; _builder_version=&#8220;4.27.4&#8243; header_level=&#8220;h6&#8243; header_text_color=&#8220;#000000&#8243; global_colors_info=&#8220;{}&#8220;]<\/p>\n<p class=\"small\">geboren 1990, ist selbstst\u00e4ndiger Aktivist f\u00fcr gesellschaftlichen Wandel, \u00d6konom f\u00fcr Reformen des Wirtschafts-, Geld- und Finanzsystems, Coach, Organisationsberater sowie Autos des Buches &#8222;Utopia 2048&#8220;.<\/p>\n<p class=\"small\"><a href=\"https:\/\/linozeddies.de\/\">https:\/\/linozeddies.de\/<\/a><\/p>\n<p>[\/et_pb_blurb][\/et_pb_column][et_pb_column type=&#8220;3_4&#8243; _builder_version=&#8220;4.16&#8243; custom_padding=&#8220;|||&#8220; global_colors_info=&#8220;{}&#8220; custom_padding__hover=&#8220;|||&#8220;][et_pb_text _builder_version=&#8220;4.27.4&#8243; header_2_text_color=&#8220;#87b518&#8243; global_colors_info=&#8220;{}&#8220;]<\/p>\n<h4 class=\"et_pb_module_header\">Gesellschaftsebene<\/h4>\n<h6>Utopia 2048 (17.15h bis 18.30h)<\/h6>\n<p><span style=\"font-weight: 400;\">Wie k\u00f6nnte eine idealtypische Zukunft von Unternehmen, Organisationen und der menschlichen Zusammenarbeit aussehen? Im Workshop betreten wir das inspirierende Reich des utopischen Denkens und visionieren \u00fcber die schlummernden Potentiale des gemeinsamen Wirkens in Organisationen. Neben der Besch\u00e4ftigung mit den gro\u00dfen Themen wie Entscheidungsstrukturen, neuen Unternehmensformen oder progressiven Formen der Zusammenarbeit werden wir uns auch dem jeweils individuellen Platz in einer solch sch\u00f6neren Welt zuwenden, um Klarheit f\u00fcr die eigenen Ziele zu finden und davon Strahlkraft und Inspiration in die Gegenwart mitzunehmen. Als Einstiegsimpuls wird es eine kurze Lesung aus dem Buch \u201eUtopia 2048\u201c geben.<\/span><\/p>\n<p>[\/et_pb_text][\/et_pb_column][\/et_pb_row][\/et_pb_section]<\/p>\n","protected":false},"excerpt":{"rendered":"<p>Den oe-tag 2020 gibt es doppelt! oe-tag online:Am 11. Juni mit verschiedenen Workshops und anschlie\u00dfender Videoparty oe-tag Berlin:Am 4. September in guter alter Manier live und mit Begegnungen im Refugio in Berlin Neuk\u00f6llnIn den vergangenen 12 Jahren haben wir den oe-tag in unterschiedlichsten Konferenz- Formaten an unterschiedlichen Orten in Berlin stattfinden lassen. Wir haben in [\u2026]<\/p>\n","protected":false},"author":2,"featured_media":0,"parent":244844,"menu_order":35,"comment_status":"closed","ping_status":"closed","template":"","meta":{"_acf_changed":false,"_et_pb_use_builder":"on","_et_pb_old_content":"","_et_gb_content_width":"","inline_featured_image":false,"footnotes":""},"categories":[],"tags":[],"class_list":["post-1634","page","type-page","status-publish","hentry"],"acf":[],"yoast_head":"<!-- This site is optimized with the Yoast SEO plugin v27.5 - https:\/\/yoast.com\/product\/yoast-seo-wordpress\/ -->\n<title>oe-tag 2020 Online - SOCIUS Organisationsberatung gGmbH<\/title>\n<meta name=\"robots\" content=\"index, follow, max-snippet:-1, max-image-preview:large, max-video-preview:-1\" \/>\n<link rel=\"canonical\" href=\"https:\/\/socius.de\/en\/socius-oe-tag\/oe-day-2020-online\/\" \/>\n<meta property=\"og:locale\" content=\"en_GB\" \/>\n<meta property=\"og:type\" content=\"article\" \/>\n<meta property=\"og:title\" content=\"oe-tag 2020 Online - SOCIUS Organisationsberatung gGmbH\" \/>\n<meta property=\"og:url\" content=\"https:\/\/socius.de\/en\/socius-oe-tag\/oe-day-2020-online\/\" \/>\n<meta property=\"og:site_name\" content=\"SOCIUS Organisationsberatung gGmbH\" \/>\n<meta property=\"article:publisher\" content=\"https:\/\/www.facebook.com\/SOCIUSBerlin\/\" \/>\n<meta property=\"article:modified_time\" content=\"2025-10-21T11:43:53+00:00\" \/>\n<meta name=\"twitter:card\" content=\"summary_large_image\" \/>\n<meta name=\"twitter:description\" content=\"[aioc_content_carousel slide_effect=&quot;cube&quot; equalize_slides_height=&quot;on&quot; enable_lightbox=&quot;on&quot; show_arrow=&quot;on&quot; arrows_position=&quot;inside_bottom_right&quot; content_position=&quot;right&quot; content_alignment=&quot;left_center&quot; enable_custom_image_width=&quot;on&quot; arrows_custom_padding=&quot;5px|5px|5px|5px|true|true&quot; arrow_font_size=&quot;40px&quot; arrow_color=&quot;#000000&quot; previous_slide_arrow=&quot;&#x34;||divi||400&quot; next_slide_arrow=&quot;&#x35;||divi||400&quot; content_bg_color=&quot;#eeeeee&quot; _builder_version=&quot;4.23.1&quot; _module_preset=&quot;default&quot; title_font=&quot;|600|||||||&quot; title_text_color=&quot;#000000&quot; title_font_size=&quot;36px&quot; title_letter_spacing=&quot;1px&quot; title_line_height=&quot;1.4em&quot; subtitle_font=&quot;||||||||&quot; subtitle_text_color=&quot;#7a7a7a&quot; subtitle_font_size=&quot;24px&quot; subtitle_letter_spacing=&quot;1px&quot; subtitle_line_height=&quot;1.4em&quot; content_font_size=&quot;18px&quot; content_line_height=&quot;2em&quot; hover_enabled=&quot;0&quot; title_font_size_tablet=&quot;28px&quot; title_font_size_phone=&quot;22px&quot; title_font_size_last_edited=&quot;on|phone&quot; subtitle_font_size_tablet=&quot;22px&quot; subtitle_font_size_phone=&quot;18px&quot; subtitle_font_size_last_edited=&quot;on|desktop&quot; global_colors_info=&quot;{}&quot; custom_padding__hover_enabled=&quot;off|desktop&quot;][aioc_content_carousel_item title=&quot;Cardio Fitness&quot; subtitle=&quot;Fitness Training&quot; image=&quot;https:\/\/socius.de\/wp-content\/uploads\/man-person-structure-equipment-room-fitness.webp&quot; show_button=&quot;on&quot; button_text=&quot;Contact Us&quot; content_custom_padding=&quot;|10%||10%|true|true&quot; _builder_version=&quot;4.23.1&quot; _module_preset=&quot;default&quot; custom_button=&quot;on&quot; button_text_size=&quot;18px&quot; button_text_color=&quot;#FFFFFF&quot; button_bg_color=&quot;#000000&quot; button_border_color=&quot;#000000&quot; button_border_radius=&quot;5px&quot; [&hellip;]\" \/>\n<meta name=\"twitter:label1\" content=\"Estimated reading time\" \/>\n\t<meta name=\"twitter:data1\" content=\"23 minutes\" \/>\n<script type=\"application\/ld+json\" class=\"yoast-schema-graph\">{\"@context\":\"https:\\\/\\\/schema.org\",\"@graph\":[{\"@type\":\"WebPage\",\"@id\":\"https:\\\/\\\/socius.de\\\/socius-oe-tag\\\/oe-tag-2020-online\\\/\",\"url\":\"https:\\\/\\\/socius.de\\\/socius-oe-tag\\\/oe-tag-2020-online\\\/\",\"name\":\"oe-tag 2020 Online - SOCIUS Organisationsberatung gGmbH\",\"isPartOf\":{\"@id\":\"https:\\\/\\\/socius.de\\\/#website\"},\"datePublished\":\"2020-05-18T14:32:17+00:00\",\"dateModified\":\"2025-10-21T11:43:53+00:00\",\"breadcrumb\":{\"@id\":\"https:\\\/\\\/socius.de\\\/socius-oe-tag\\\/oe-tag-2020-online\\\/#breadcrumb\"},\"inLanguage\":\"en-GB\",\"potentialAction\":[{\"@type\":\"ReadAction\",\"target\":[\"https:\\\/\\\/socius.de\\\/socius-oe-tag\\\/oe-tag-2020-online\\\/\"]}]},{\"@type\":\"BreadcrumbList\",\"@id\":\"https:\\\/\\\/socius.de\\\/socius-oe-tag\\\/oe-tag-2020-online\\\/#breadcrumb\",\"itemListElement\":[{\"@type\":\"ListItem\",\"position\":1,\"name\":\"Startseite\",\"item\":\"https:\\\/\\\/socius.de\\\/\"},{\"@type\":\"ListItem\",\"position\":2,\"name\":\"oe-tag\",\"item\":\"https:\\\/\\\/socius.de\\\/socius-oe-tag\\\/\"},{\"@type\":\"ListItem\",\"position\":3,\"name\":\"oe-tag 2020 Online\"}]},{\"@type\":\"WebSite\",\"@id\":\"https:\\\/\\\/socius.de\\\/#website\",\"url\":\"https:\\\/\\\/socius.de\\\/\",\"name\":\"SOCIUS Organisationsberatung gGmbH\",\"description\":\"sinnvoll zusammen wirken\",\"publisher\":{\"@id\":\"https:\\\/\\\/socius.de\\\/#organization\"},\"potentialAction\":[{\"@type\":\"SearchAction\",\"target\":{\"@type\":\"EntryPoint\",\"urlTemplate\":\"https:\\\/\\\/socius.de\\\/?s={search_term_string}\"},\"query-input\":{\"@type\":\"PropertyValueSpecification\",\"valueRequired\":true,\"valueName\":\"search_term_string\"}}],\"inLanguage\":\"en-GB\"},{\"@type\":\"Organization\",\"@id\":\"https:\\\/\\\/socius.de\\\/#organization\",\"name\":\"SOCIUS Organisationsberatung gGmbH\",\"url\":\"https:\\\/\\\/socius.de\\\/\",\"logo\":{\"@type\":\"ImageObject\",\"inLanguage\":\"en-GB\",\"@id\":\"https:\\\/\\\/socius.de\\\/#\\\/schema\\\/logo\\\/image\\\/\",\"url\":\"https:\\\/\\\/socius.de\\\/wp-content\\\/uploads\\\/SOCIUS_RGB_Teal.png\",\"contentUrl\":\"https:\\\/\\\/socius.de\\\/wp-content\\\/uploads\\\/SOCIUS_RGB_Teal.png\",\"width\":1619,\"height\":736,\"caption\":\"SOCIUS Organisationsberatung gGmbH\"},\"image\":{\"@id\":\"https:\\\/\\\/socius.de\\\/#\\\/schema\\\/logo\\\/image\\\/\"},\"sameAs\":[\"https:\\\/\\\/www.facebook.com\\\/SOCIUSBerlin\\\/\",\"https:\\\/\\\/www.linkedin.com\\\/company\\\/socius-organisationsberatung-ggmbh\\\/\",\"https:\\\/\\\/www.instagram.com\\\/socius_berlin\\\/\",\"https:\\\/\\\/www.youtube.com\\\/channel\\\/UC2QG2hEjpw0NI91VlCo9SoA\"]}]}<\/script>\n<!-- \/ Yoast SEO plugin. -->","yoast_head_json":{"title":"oe-tag 2020 Online - SOCIUS Organisational Consulting gGmbH","robots":{"index":"index","follow":"follow","max-snippet":"max-snippet:-1","max-image-preview":"max-image-preview:large","max-video-preview":"max-video-preview:-1"},"canonical":"https:\/\/socius.de\/en\/socius-oe-tag\/oe-day-2020-online\/","og_locale":"en_GB","og_type":"article","og_title":"oe-tag 2020 Online - SOCIUS Organisationsberatung gGmbH","og_url":"https:\/\/socius.de\/en\/socius-oe-tag\/oe-day-2020-online\/","og_site_name":"SOCIUS Organisationsberatung gGmbH","article_publisher":"https:\/\/www.facebook.com\/SOCIUSBerlin\/","article_modified_time":"2025-10-21T11:43:53+00:00","twitter_card":"summary_large_image","twitter_description":"[aioc_content_carousel slide_effect=\"cube\" equalize_slides_height=\"on\" enable_lightbox=\"on\" show_arrow=\"on\" arrows_position=\"inside_bottom_right\" content_position=\"right\" content_alignment=\"left_center\" enable_custom_image_width=\"on\" arrows_custom_padding=\"5px|5px|5px|5px|true|true\" arrow_font_size=\"40px\" arrow_color=\"#000000\" previous_slide_arrow=\"&#x34;||divi||400\" next_slide_arrow=\"&#x35;||divi||400\" content_bg_color=\"#eeeeee\" _builder_version=\"4.23.1\" _module_preset=\"default\" title_font=\"|600|||||||\" title_text_color=\"#000000\" title_font_size=\"36px\" title_letter_spacing=\"1px\" title_line_height=\"1.4em\" subtitle_font=\"||||||||\" subtitle_text_color=\"#7a7a7a\" subtitle_font_size=\"24px\" subtitle_letter_spacing=\"1px\" subtitle_line_height=\"1.4em\" content_font_size=\"18px\" content_line_height=\"2em\" hover_enabled=\"0\" title_font_size_tablet=\"28px\" title_font_size_phone=\"22px\" title_font_size_last_edited=\"on|phone\" subtitle_font_size_tablet=\"22px\" subtitle_font_size_phone=\"18px\" subtitle_font_size_last_edited=\"on|desktop\" global_colors_info=\"{}\" custom_padding__hover_enabled=\"off|desktop\"][aioc_content_carousel_item title=\"Cardio Fitness\" subtitle=\"Fitness Training\" image=\"https:\/\/socius.de\/wp-content\/uploads\/man-person-structure-equipment-room-fitness.webp\" show_button=\"on\" button_text=\"Contact Us\" content_custom_padding=\"|10%||10%|true|true\" _builder_version=\"4.23.1\" _module_preset=\"default\" custom_button=\"on\" button_text_size=\"18px\" button_text_color=\"#FFFFFF\" button_bg_color=\"#000000\" button_border_color=\"#000000\" button_border_radius=\"5px\" [&hellip;]","twitter_misc":{"Estimated reading time":"23 minutes"},"schema":{"@context":"https:\/\/schema.org","@graph":[{"@type":"WebPage","@id":"https:\/\/socius.de\/socius-oe-tag\/oe-tag-2020-online\/","url":"https:\/\/socius.de\/socius-oe-tag\/oe-tag-2020-online\/","name":"oe-tag 2020 Online - SOCIUS Organisational Consulting gGmbH","isPartOf":{"@id":"https:\/\/socius.de\/#website"},"datePublished":"2020-05-18T14:32:17+00:00","dateModified":"2025-10-21T11:43:53+00:00","breadcrumb":{"@id":"https:\/\/socius.de\/socius-oe-tag\/oe-tag-2020-online\/#breadcrumb"},"inLanguage":"en-GB","potentialAction":[{"@type":"ReadAction","target":["https:\/\/socius.de\/socius-oe-tag\/oe-tag-2020-online\/"]}]},{"@type":"BreadcrumbList","@id":"https:\/\/socius.de\/socius-oe-tag\/oe-tag-2020-online\/#breadcrumb","itemListElement":[{"@type":"ListItem","position":1,"name":"Startseite","item":"https:\/\/socius.de\/"},{"@type":"ListItem","position":2,"name":"oe-tag","item":"https:\/\/socius.de\/socius-oe-tag\/"},{"@type":"ListItem","position":3,"name":"oe-tag 2020 Online"}]},{"@type":"WebSite","@id":"https:\/\/socius.de\/#website","url":"https:\/\/socius.de\/","name":"SOCIUS Organisationsberatung gGmbH","description":"meaningful collaboration","publisher":{"@id":"https:\/\/socius.de\/#organization"},"potentialAction":[{"@type":"SearchAction","target":{"@type":"EntryPoint","urlTemplate":"https:\/\/socius.de\/?s={search_term_string}"},"query-input":{"@type":"PropertyValueSpecification","valueRequired":true,"valueName":"search_term_string"}}],"inLanguage":"en-GB"},{"@type":"Organization","@id":"https:\/\/socius.de\/#organization","name":"SOCIUS Organisationsberatung gGmbH","url":"https:\/\/socius.de\/","logo":{"@type":"ImageObject","inLanguage":"en-GB","@id":"https:\/\/socius.de\/#\/schema\/logo\/image\/","url":"https:\/\/socius.de\/wp-content\/uploads\/SOCIUS_RGB_Teal.png","contentUrl":"https:\/\/socius.de\/wp-content\/uploads\/SOCIUS_RGB_Teal.png","width":1619,"height":736,"caption":"SOCIUS Organisationsberatung gGmbH"},"image":{"@id":"https:\/\/socius.de\/#\/schema\/logo\/image\/"},"sameAs":["https:\/\/www.facebook.com\/SOCIUSBerlin\/","https:\/\/www.linkedin.com\/company\/socius-organisationsberatung-ggmbh\/","https:\/\/www.instagram.com\/socius_berlin\/","https:\/\/www.youtube.com\/channel\/UC2QG2hEjpw0NI91VlCo9SoA"]}]}},"_links":{"self":[{"href":"https:\/\/socius.de\/en\/wp-json\/wp\/v2\/pages\/1634","targetHints":{"allow":["GET"]}}],"collection":[{"href":"https:\/\/socius.de\/en\/wp-json\/wp\/v2\/pages"}],"about":[{"href":"https:\/\/socius.de\/en\/wp-json\/wp\/v2\/types\/page"}],"author":[{"embeddable":true,"href":"https:\/\/socius.de\/en\/wp-json\/wp\/v2\/users\/2"}],"replies":[{"embeddable":true,"href":"https:\/\/socius.de\/en\/wp-json\/wp\/v2\/comments?post=1634"}],"version-history":[{"count":0,"href":"https:\/\/socius.de\/en\/wp-json\/wp\/v2\/pages\/1634\/revisions"}],"up":[{"embeddable":true,"href":"https:\/\/socius.de\/en\/wp-json\/wp\/v2\/pages\/244844"}],"wp:attachment":[{"href":"https:\/\/socius.de\/en\/wp-json\/wp\/v2\/media?parent=1634"}],"wp:term":[{"taxonomy":"category","embeddable":true,"href":"https:\/\/socius.de\/en\/wp-json\/wp\/v2\/categories?post=1634"},{"taxonomy":"post_tag","embeddable":true,"href":"https:\/\/socius.de\/en\/wp-json\/wp\/v2\/tags?post=1634"}],"curies":[{"name":"wp","href":"https:\/\/api.w.org\/{rel}","templated":true}]}}