{"id":250163,"date":"2025-10-10T19:26:45","date_gmt":"2025-10-10T17:26:45","guid":{"rendered":"https:\/\/socius.de\/?post_type=product&#038;p=250163"},"modified":"2026-04-15T08:55:13","modified_gmt":"2026-04-15T06:55:13","slug":"self-organisation-development","status":"publish","type":"product","link":"https:\/\/socius.de\/en\/selbstorganisationsentwicklung\/","title":{"rendered":"Self: Organisations: Development"},"content":{"rendered":"<p>[et_pb_section fb_built=&#8220;1&#8243; admin_label=&#8220;Sektion Keyvisual 100%&#8220; _builder_version=&#8220;4.27.4&#8243; _module_preset=&#8220;default&#8220; background_color=&#8220;#77C300&#8243; width=&#8220;100%&#8220; max_width=&#8220;100%&#8220; module_alignment=&#8220;center&#8220; custom_margin=&#8220;0px||0px||false|false&#8220; custom_padding=&#8220;0px||0px||false|false&#8220; locked=&#8220;off&#8220; collapsed=&#8220;off&#8220; global_colors_info=&#8220;{}&#8220;][et_pb_row _builder_version=&#8220;4.27.4&#8243; _module_preset=&#8220;default&#8220; width=&#8220;100%&#8220; max_width=&#8220;100%&#8220; module_alignment=&#8220;center&#8220; custom_margin=&#8220;0px||0px||false|false&#8220; custom_padding=&#8220;0px||0px||false|false&#8220; collapsed=&#8220;off&#8220; global_colors_info=&#8220;{}&#8220;][et_pb_column type=&#8220;4_4&#8243; _builder_version=&#8220;4.27.4&#8243; _module_preset=&#8220;default&#8220; global_colors_info=&#8220;{}&#8220;][et_pb_image src=&#8220;@ET-DC@eyJkeW5hbWljIjp0cnVlLCJjb250ZW50IjoicG9zdF9mZWF0dXJlZF9pbWFnZSIsInNldHRpbmdzIjp7fX0=@&#8220; title_text=&#8220;oe-tag-2025-spurensuche-deutsch-deutsch&#8220; align=&#8220;center&#8220; force_fullwidth=&#8220;on&#8220; admin_label=&#8220;Keyvisual&#8220; _builder_version=&#8220;4.27.4&#8243; _dynamic_attributes=&#8220;src&#8220; _module_preset=&#8220;default&#8220; global_colors_info=&#8220;{}&#8220;][\/et_pb_image][\/et_pb_column][\/et_pb_row][\/et_pb_section][et_pb_section fb_built=&#8220;1&#8243; admin_label=&#8220;Sektion \u00dcberblick&#8220; _builder_version=&#8220;4.27.4&#8243; _module_preset=&#8220;default&#8220; locked=&#8220;off&#8220; collapsed=&#8220;off&#8220; global_colors_info=&#8220;{}&#8220;][et_pb_row column_structure=&#8220;2_5,3_5&#8243; _builder_version=&#8220;4.27.4&#8243; _module_preset=&#8220;default&#8220; width_tablet=&#8220;&#8220; width_phone=&#8220;90%&#8220; width_last_edited=&#8220;on|phone&#8220; max_width_tablet=&#8220;&#8220; max_width_phone=&#8220;&#8220; max_width_last_edited=&#8220;on|phone&#8220; custom_padding=&#8220;60px|0px|0px|0px|false|true&#8220; global_colors_info=&#8220;{}&#8220;][et_pb_column type=&#8220;2_5&#8243; _builder_version=&#8220;4.27.4&#8243; _module_preset=&#8220;default&#8220; global_colors_info=&#8220;{}&#8220;][et_pb_text admin_label=&#8220;\u00dcberblick \u00dcberschrift&#8220; _builder_version=&#8220;4.27.4&#8243; _module_preset=&#8220;default&#8220; header_2_text_color=&#8220;#000000&#8243; global_colors_info=&#8220;{}&#8220;]<\/p>\n<h2><span style=\"color: #be4980;\">\u00dcberblick<\/span><\/h2>\n<p>[\/et_pb_text][\/et_pb_column][et_pb_column type=&#8220;3_5&#8243; _builder_version=&#8220;4.27.4&#8243; _module_preset=&#8220;default&#8220; global_colors_info=&#8220;{}&#8220;][et_pb_text admin_label=&#8220;\u00dcberblick Text .teasertext&#8220; module_class=&#8220;teasertext li-abstand&#8220; _builder_version=&#8220;4.27.6&#8243; _module_preset=&#8220;default&#8220; global_colors_info=&#8220;{}&#8220;]<\/p>\n<p><b>Selbstorganisation, New Work und Agilit\u00e4t<\/b><span style=\"font-weight: 400;\"> sind nicht nur Schlagworte, sondern die Essenz moderner Organisationskultur. Die Welt der Arbeit hat sich ver\u00e4ndert, und mit ihr die Art und Weise, wie Teams und F\u00fchrungskr\u00e4fte zusammenarbeiten. In dieser \u00c4ra der Ver\u00e4nderung geht es nicht nur darum, Aufgaben zu verteilen, sondern auch Verantwortung und Entscheidungsmacht auf breitere Schultern zu legen.<\/span><\/p>\n<p><span style=\"font-weight: 400;\">Trotz dieser Ver\u00e4nderungen sehnen sich Menschen immer noch nach Orientierung und Struktur, nach klaren Rollen und Aufgaben. Die Vorstellung, dass &#8222;jeder alles macht und \u00fcber alles spricht&#8220;, f\u00fchrt oft zu Chaos, endlosen Meetings, und undurchsichtigen Entscheidungsprozessen.<\/span><\/p>\n<p><b>So muss es nicht sein!\u00a0<\/b><\/p>\n<p>[\/et_pb_text][\/et_pb_column][\/et_pb_row][\/et_pb_section][et_pb_section fb_built=&#8220;1&#8243; admin_label=&#8220;Sektion F\u00fcr wen? \/Termine&#8220; _builder_version=&#8220;4.27.4&#8243; _module_preset=&#8220;default&#8220; border_width_top=&#8220;1px&#8220; border_color_top=&#8220;#000000&#8243; border_style_top=&#8220;dashed&#8220; locked=&#8220;off&#8220; collapsed=&#8220;off&#8220; global_colors_info=&#8220;{}&#8220;][et_pb_row column_structure=&#8220;2_5,3_5&#8243; _builder_version=&#8220;4.27.4&#8243; _module_preset=&#8220;default&#8220; width_tablet=&#8220;&#8220; width_phone=&#8220;90%&#8220; width_last_edited=&#8220;on|phone&#8220; max_width_tablet=&#8220;&#8220; max_width_phone=&#8220;&#8220; max_width_last_edited=&#8220;on|phone&#8220; custom_padding=&#8220;60px|0px|0px|0px|false|true&#8220; global_colors_info=&#8220;{}&#8220;][et_pb_column type=&#8220;2_5&#8243; _builder_version=&#8220;4.27.4&#8243; _module_preset=&#8220;default&#8220; global_colors_info=&#8220;{}&#8220;][et_pb_text admin_label=&#8220;F\u00fcr wen? \u00dcberschrift&#8220; _builder_version=&#8220;4.27.4&#8243; _module_preset=&#8220;default&#8220; header_2_text_color=&#8220;#000000&#8243; global_colors_info=&#8220;{}&#8220;]<\/p>\n<h2><span style=\"color: #be4980;\">F\u00fcr wen?<\/span><\/h2>\n<p>[\/et_pb_text][et_pb_image src=&#8220;https:\/\/socius.de\/wp-content\/uploads\/produkt_fuer-wen.jpg&#8220; alt=&#8220;F\u00fcr wen?&#8220; title_text=&#8220;F\u00fcr wen?&#8220; _builder_version=&#8220;4.27.4&#8243; _module_preset=&#8220;default&#8220; global_colors_info=&#8220;{}&#8220;][\/et_pb_image][\/et_pb_column][et_pb_column type=&#8220;3_5&#8243; _builder_version=&#8220;4.27.4&#8243; _module_preset=&#8220;default&#8220; global_colors_info=&#8220;{}&#8220;][et_pb_text admin_label=&#8220;F\u00fcr wen? Text .teasertext&#8220; module_class=&#8220;teasertext&#8220; _builder_version=&#8220;4.27.4&#8243; _module_preset=&#8220;default&#8220; global_colors_info=&#8220;{}&#8220;]<\/p>\n<p>Menschen, die shared Leadership praktizieren, Gr\u00fcnder:innen, F\u00fchrungsleute, Einzelunternehmer:innen, die sich und ihre Teams selbstorganisierter aufstellen wollen, sowie Berater:innen und Begleiter:innen, die Transformationsprozesse zu Selbstorganisation begleiten.<\/p>\n<p>Menschen, die ihre <strong>Bildungszeit<\/strong> nutzen wollen. Alle drei Module sind gem\u00e4\u00df \u00a710 Absatz 1 Satz 3 des Berliner Bildungsgesetzes als Bildungsveranstaltung anerkannt.<\/p>\n<p>Solo-Selbst\u00e4ndige k\u00f6nnen f\u00fcr die Fortbildung einen F\u00f6rderantrag bei <strong><a href=\"https:\/\/www.esf.de\/portal\/DE\/ESF-Plus-2021-2027\/Foerderprogramme\/bmas\/kompass.html\">KOMPASS<\/a><\/strong> stellen.<\/p>\n<p>[\/et_pb_text][\/et_pb_column][\/et_pb_row][et_pb_row column_structure=&#8220;2_5,3_5&#8243; admin_label=&#8220;Zeile Termine&#8220; _builder_version=&#8220;4.27.4&#8243; _module_preset=&#8220;default&#8220; width_tablet=&#8220;&#8220; width_phone=&#8220;90%&#8220; width_last_edited=&#8220;on|phone&#8220; max_width_tablet=&#8220;&#8220; max_width_phone=&#8220;&#8220; max_width_last_edited=&#8220;on|phone&#8220; custom_padding=&#8220;60px|0px|0px|0px|false|true&#8220; locked=&#8220;off&#8220; global_colors_info=&#8220;{}&#8220;][et_pb_column type=&#8220;2_5&#8243; _builder_version=&#8220;4.27.4&#8243; _module_preset=&#8220;default&#8220; global_colors_info=&#8220;{}&#8220;][et_pb_text admin_label=&#8220;Termine? \u00dcberschrift&#8220; _builder_version=&#8220;4.27.4&#8243; _module_preset=&#8220;default&#8220; header_2_text_color=&#8220;#000000&#8243; global_colors_info=&#8220;{}&#8220;]<\/p>\n<h2><span style=\"color: #be4980;\">Wann?<\/span><\/h2>\n<p>[\/et_pb_text][et_pb_image src=&#8220;https:\/\/socius.de\/wp-content\/uploads\/UhrzeitDatum.jpg&#8220; alt=&#8220;Termine&#8220; title_text=&#8220;ICON UhrzeitDatum&#8220; admin_label=&#8220;Icon Termine&#8220; _builder_version=&#8220;4.27.4&#8243; _module_preset=&#8220;default&#8220; global_colors_info=&#8220;{}&#8220;][\/et_pb_image][\/et_pb_column][et_pb_column type=&#8220;3_5&#8243; _builder_version=&#8220;4.27.4&#8243; _module_preset=&#8220;default&#8220; global_colors_info=&#8220;{}&#8220;][et_pb_text admin_label=&#8220;Termine Text .teasertext&#8220; module_class=&#8220;teasertext&#8220; _builder_version=&#8220;4.27.6&#8243; _module_preset=&#8220;default&#8220; hover_enabled=&#8220;0&#8243; global_colors_info=&#8220;{}&#8220; sticky_enabled=&#8220;0&#8243;]<\/p>\n<p>\u00a0<span style=\"color: #be4980;\">Transformation in tiefen Schichten<\/span>: 16. bis 19. Juni 2026<\/p>\n<p><span style=\"color: #be4980;\">Kreisl\u00e4ufe und Krisen der Entwicklung:<\/span> 25. bis 28. August 2026<\/p>\n<p class=\"small\">[\/et_pb_text][\/et_pb_column][\/et_pb_row][\/et_pb_section][et_pb_section fb_built=&#8220;1&#8243; admin_label=&#8220;Sektion Kosten&#8220; _builder_version=&#8220;4.27.4&#8243; _module_preset=&#8220;default&#8220; border_color_top=&#8220;#000000&#8243; border_style_top=&#8220;dashed&#8220; locked=&#8220;off&#8220; collapsed=&#8220;off&#8220; global_colors_info=&#8220;{}&#8220;][et_pb_row column_structure=&#8220;2_5,3_5&#8243; admin_label=&#8220;Zeile Kosten&#8220; _builder_version=&#8220;4.27.4&#8243; _module_preset=&#8220;default&#8220; width_tablet=&#8220;&#8220; width_phone=&#8220;90%&#8220; width_last_edited=&#8220;on|phone&#8220; max_width_tablet=&#8220;&#8220; max_width_phone=&#8220;&#8220; max_width_last_edited=&#8220;on|phone&#8220; custom_padding=&#8220;60px|0px|0px|0px|false|true&#8220; global_colors_info=&#8220;{}&#8220;][et_pb_column type=&#8220;2_5&#8243; _builder_version=&#8220;4.27.4&#8243; _module_preset=&#8220;default&#8220; global_colors_info=&#8220;{}&#8220;][et_pb_text admin_label=&#8220;Kosten \u00dcberschrift&#8220; _builder_version=&#8220;4.27.4&#8243; _module_preset=&#8220;default&#8220; header_2_text_color=&#8220;#000000&#8243; global_colors_info=&#8220;{}&#8220;]<\/p>\n<h2><span style=\"color: #be4980;\">Wieviel?<\/span><\/h2>\n<p>[\/et_pb_text][et_pb_image src=&#8220;https:\/\/socius.de\/wp-content\/uploads\/produkt_kosten.jpg&#8220; alt=&#8220;Kosten&#8220; title_text=&#8220;Kosten&#8220; admin_label=&#8220;Icon Kosten&#8220; _builder_version=&#8220;4.27.4&#8243; _module_preset=&#8220;default&#8220; global_colors_info=&#8220;{}&#8220;][\/et_pb_image][\/et_pb_column][et_pb_column type=&#8220;3_5&#8243; _builder_version=&#8220;4.27.4&#8243; _module_preset=&#8220;default&#8220; global_colors_info=&#8220;{}&#8220;][et_pb_text admin_label=&#8220;Kosten Veranstaltung Text .teasertext&#8220; module_class=&#8220;teasertext&#8220; _builder_version=&#8220;4.27.6&#8243; _module_preset=&#8220;default&#8220; hover_enabled=&#8220;0&#8243; global_colors_info=&#8220;{}&#8220; sticky_enabled=&#8220;0&#8243;]<\/p>\n<p><span style=\"color: #be4980;\">Wir empfehlen die Teilnahme an mindestens zwei Modulen.<\/span><\/p>\n<p>1.500,00\u20ac f\u00fcr ein Modul<\/p>\n<p>2.500,00\u20ac f\u00fcr zwei Module<\/p>\n<p>Die Leistung ist nach \u00a7 4 Nr. 22 a) von der Umsatzsteuer befreit.<\/p>\n<p>[\/et_pb_text][et_pb_wc_add_to_cart show_stock=&#8220;off&#8220; disabled_on=&#8220;off|off|off&#8220; admin_label=&#8220;Woo Produkt in den Warenkorb legen Veranstaltung&#8220; module_class=&#8220;teasertext&#8220; _builder_version=&#8220;4.27.4&#8243; _module_preset=&#8220;default&#8220; custom_button=&#8220;on&#8220; button_use_icon=&#8220;off&#8220; global_colors_info=&#8220;{}&#8220;][\/et_pb_wc_add_to_cart][et_pb_text admin_label=&#8220;Kosten Verpflegung Text .teasertext&#8220; module_class=&#8220;teasertext&#8220; _builder_version=&#8220;4.27.6&#8243; _module_preset=&#8220;default&#8220; global_colors_info=&#8220;{}&#8220;]<\/p>\n<p>Pro Modul fallen 390\u20ac Verpflegungs- und Unterbringungskosten. Diese m\u00fcssen pro Modul mitgebucht werden.<\/p>\n<p>[\/et_pb_text][et_pb_wc_add_to_cart product=&#8220;251362&#8243; show_stock=&#8220;off&#8220; disabled_on=&#8220;off|off|off&#8220; admin_label=&#8220;Woo Produkt in den Warenkorb legen Verpflegung&#8220; module_class=&#8220;teasertext&#8220; _builder_version=&#8220;4.27.6&#8243; _module_preset=&#8220;default&#8220; custom_button=&#8220;on&#8220; button_use_icon=&#8220;off&#8220; global_colors_info=&#8220;{}&#8220;][\/et_pb_wc_add_to_cart][\/et_pb_column][\/et_pb_row][\/et_pb_section][et_pb_section fb_built=&#8220;1&#8243; admin_label=&#8220;Sektion Module&#8220; _builder_version=&#8220;4.27.4&#8243; _module_preset=&#8220;default&#8220; locked=&#8220;off&#8220; collapsed=&#8220;off&#8220; global_colors_info=&#8220;{}&#8220;][et_pb_row column_structure=&#8220;2_5,3_5&#8243; _builder_version=&#8220;4.27.4&#8243; _module_preset=&#8220;default&#8220; collapsed=&#8220;off&#8220; global_colors_info=&#8220;{}&#8220;][et_pb_column type=&#8220;2_5&#8243; _builder_version=&#8220;4.27.4&#8243; _module_preset=&#8220;default&#8220; global_colors_info=&#8220;{}&#8220;][et_pb_image src=&#8220;https:\/\/socius.de\/wp-content\/uploads\/Modul-1.jpg&#8220; title_text=&#8220;SOE Modul 1&#8243; admin_label=&#8220;Bild Modul1&#8243; _builder_version=&#8220;4.27.4&#8243; _module_preset=&#8220;1afeb8f8-2ffc-4cf3-af82-e08e00768e8c&#8220; global_colors_info=&#8220;{}&#8220;][\/et_pb_image][\/et_pb_column][et_pb_column type=&#8220;3_5&#8243; _builder_version=&#8220;4.27.4&#8243; _module_preset=&#8220;default&#8220; global_colors_info=&#8220;{}&#8220;][et_pb_text admin_label=&#8220;Text Modul 1&#8243; _builder_version=&#8220;4.27.4&#8243; _module_preset=&#8220;default&#8220; global_colors_info=&#8220;{}&#8220;]<\/p>\n<h4><span style=\"color: #be4980;\"><strong>Modul 1: Bauplan einer neuen Praxis<\/strong><\/span><\/h4>\n<p><span style=\"font-weight: 400;\">Die Entwicklung von Selbstorganisation baut darauf, Eigendynamik in Systemen zu nutzen und zu kultivieren, anstatt sie als St\u00f6rfaktor einzud\u00e4mmen. <\/span><b>Das erste Modul vertieft Dein Verst\u00e4ndnis f\u00fcr diesen Grundsatz und f\u00fcr die Dynamik lebendiger Systeme.<\/b><span style=\"font-weight: 400;\"> Als adaptiven Entwicklungsmodus lernst Du dabei das Modell agiler Prozessbegleitung kennen. <\/span><b>Aus dem Baukasten der Selbstorganisations-Praktiken stehen das rollenbasierte Arbeiten und Entscheidungsmodelle wie der Konsent im Fokus.<\/b><span style=\"font-weight: 400;\"> Auf der pers\u00f6nlichen Ebene schlie\u00dflich bietet das Modul Rahmen zur Reflexion und St\u00e4rkung von Pr\u00e4senz in geteilter und kollektiver F\u00fchrung.<\/span><br \/>\n[\/et_pb_text][et_pb_text disabled_on=&#8220;on|on|on&#8220; admin_label=&#8220;Text1&#8243; _builder_version=&#8220;4.27.4&#8243; _module_preset=&#8220;default&#8220; disabled=&#8220;on&#8220; global_colors_info=&#8220;{}&#8220;]Der Mauerfall und die Wiedervereinigung j\u00e4hren sich 2024-2025 zum 35. Mal. Mit diesem zeitlichen Abstand scheinen die Auseinandersetzungen und Debatten in j\u00fcngerer Zeit nochmal an Dynamik, Tiefgang und Komplexit\u00e4t zu gewinnen. Die Unterschiede zwischen \u201cOst\u201d und \u201cWest\u201d treten dabei\u00a0 deutlich sichtbar zutage oder sitzen implizit in individuellen Geschichten. Auch in der Begleitung von Organisationen besch\u00e4ftigt uns dieses Thema. Wir erleben immer wieder Momente von Nichtbesprechbarkeit und Unverst\u00e4ndnis.\u00a0Und so wollen wir uns und euch einladen, gemeinsam einen Tag lang den Fokus auf die eigenen Erfahrungen und Narrative von \u201cOst\u201d und \u201cWest\u201d im Kontext von Organisationen zu legen und sich der dialogischen Spurensuche zu widmen.<br \/>\n[\/et_pb_text][\/et_pb_column][\/et_pb_row][et_pb_row column_structure=&#8220;3_5,2_5&#8243; _builder_version=&#8220;4.27.4&#8243; _module_preset=&#8220;default&#8220; collapsed=&#8220;off&#8220; global_colors_info=&#8220;{}&#8220;][et_pb_column type=&#8220;3_5&#8243; _builder_version=&#8220;4.27.4&#8243; _module_preset=&#8220;default&#8220; global_colors_info=&#8220;{}&#8220;][et_pb_text admin_label=&#8220;Text Modul 2&#8243; _builder_version=&#8220;4.27.4&#8243; _module_preset=&#8220;default&#8220; global_colors_info=&#8220;{}&#8220;]<\/p>\n<h4><span style=\"color: #be4980;\"><strong>Modul 2: Transformation in tiefen Schichten\u00a0<\/strong><\/span><\/h4>\n<p><span style=\"font-weight: 400;\">Selbst:Organisations:Entwicklung legt einen starken Fokus auf die <\/span><b>Transformation von Interaktionsmustern und Sinnsystemen<\/b><span style=\"font-weight: 400;\">, die Organisationskulturen pr\u00e4gen. Im Zweiten Modul lernst Du Ans\u00e4tze der Kulturentwicklung wie das Guerilla Gardening und die Dialogische OE kennen. In Bezug auf die Praxis der Selbstorganisation lernst Du das Arbeiten mit Purpose und Core Principles sowie Praktiken von Teamcare und Resilienz kennen. Auf der Ebene pers\u00f6nlicher Skills und Haltungen geht es dabei um die Frage, wie wir <\/span><b>Resonanz und Vertrauen<\/b><span style=\"font-weight: 400;\"> in Beziehungen kultivieren k\u00f6nnen, um den gemeinsamen Aufbruch zu selbstorganisiertem Arbeiten zu unterst\u00fctzen.<\/span><br \/>\n[\/et_pb_text][\/et_pb_column][et_pb_column type=&#8220;2_5&#8243; _builder_version=&#8220;4.27.4&#8243; _module_preset=&#8220;default&#8220; global_colors_info=&#8220;{}&#8220;][et_pb_image src=&#8220;https:\/\/socius.de\/wp-content\/uploads\/MOdul-2.jpg&#8220; title_text=&#8220;SOE MOdul 2&#8243; admin_label=&#8220;Bild Modul2&#8243; _builder_version=&#8220;4.27.4&#8243; _module_preset=&#8220;1afeb8f8-2ffc-4cf3-af82-e08e00768e8c&#8220; global_colors_info=&#8220;{}&#8220;][\/et_pb_image][et_pb_text disabled_on=&#8220;on|on|on&#8220; admin_label=&#8220;Text1&#8243; _builder_version=&#8220;4.27.4&#8243; _module_preset=&#8220;default&#8220; disabled=&#8220;on&#8220; global_colors_info=&#8220;{}&#8220;]Der Mauerfall und die Wiedervereinigung j\u00e4hren sich 2024-2025 zum 35. Mal. Mit diesem zeitlichen Abstand scheinen die Auseinandersetzungen und Debatten in j\u00fcngerer Zeit nochmal an Dynamik, Tiefgang und Komplexit\u00e4t zu gewinnen. Die Unterschiede zwischen \u201cOst\u201d und \u201cWest\u201d treten dabei\u00a0 deutlich sichtbar zutage oder sitzen implizit in individuellen Geschichten. Auch in der Begleitung von Organisationen besch\u00e4ftigt uns dieses Thema. Wir erleben immer wieder Momente von Nichtbesprechbarkeit und Unverst\u00e4ndnis.\u00a0Und so wollen wir uns und euch einladen, gemeinsam einen Tag lang den Fokus auf die eigenen Erfahrungen und Narrative von \u201cOst\u201d und \u201cWest\u201d im Kontext von Organisationen zu legen und sich der dialogischen Spurensuche zu widmen.<br \/>\n[\/et_pb_text][\/et_pb_column][\/et_pb_row][et_pb_row column_structure=&#8220;2_5,3_5&#8243; _builder_version=&#8220;4.27.4&#8243; _module_preset=&#8220;default&#8220; collapsed=&#8220;off&#8220; global_colors_info=&#8220;{}&#8220;][et_pb_column type=&#8220;2_5&#8243; _builder_version=&#8220;4.27.4&#8243; _module_preset=&#8220;default&#8220; global_colors_info=&#8220;{}&#8220;][et_pb_image src=&#8220;https:\/\/socius.de\/wp-content\/uploads\/Modul-3.jpg&#8220; title_text=&#8220;SOE Modul 3&#8243; admin_label=&#8220;Bild Modul3&#8243; _builder_version=&#8220;4.27.4&#8243; _module_preset=&#8220;1afeb8f8-2ffc-4cf3-af82-e08e00768e8c&#8220; global_colors_info=&#8220;{}&#8220;][\/et_pb_image][\/et_pb_column][et_pb_column type=&#8220;3_5&#8243; _builder_version=&#8220;4.27.4&#8243; _module_preset=&#8220;default&#8220; global_colors_info=&#8220;{}&#8220;][et_pb_text admin_label=&#8220;Text Modul 3&#8243; _builder_version=&#8220;4.27.4&#8243; _module_preset=&#8220;default&#8220; global_colors_info=&#8220;{}&#8220;]<\/p>\n<h4><span style=\"color: #be4980;\"><strong>Modul 3: Kreisl\u00e4ufe und Krisen der Entwicklung<\/strong><\/span><\/h4>\n<p><span style=\"font-weight: 400;\">Selbstorganisation ist eine lebendige Praxis und damit niemals abgeschlossen. Im dritten Modul lernst Du Ans\u00e4tze der kontinuierlichen Entwicklung, des organisationalen Lernens und der zyklischen Herstellung von <\/span><b>Alignment und gemeinsamer Handlungsorientierung<\/b><span style=\"font-weight: 400;\"> kennen. Als zentrale Selbstorganisations-Praktiken werden das spannungsbasierte Arbeiten, Feedbackroutinen und die machtkritische Gestaltung von Teamprozessen beleuchtet. Anhand von Haltungen und Methoden des <\/span><b>Facilitating Emergence und des Art of Hosting<\/b><span style=\"font-weight: 400;\"> erprobst Du Formen des \u201eRaum Haltens\u201c und findest auf pers\u00f6nlicher Ebene neue Zug\u00e4nge zum Umgang mit Spannungen und Konflikten in der Transformationspraxis.<\/span><br \/>\n[\/et_pb_text][et_pb_text disabled_on=&#8220;on|on|on&#8220; admin_label=&#8220;Text1&#8243; _builder_version=&#8220;4.27.4&#8243; _module_preset=&#8220;default&#8220; disabled=&#8220;on&#8220; global_colors_info=&#8220;{}&#8220;]Der Mauerfall und die Wiedervereinigung j\u00e4hren sich 2024-2025 zum 35. Mal. Mit diesem zeitlichen Abstand scheinen die Auseinandersetzungen und Debatten in j\u00fcngerer Zeit nochmal an Dynamik, Tiefgang und Komplexit\u00e4t zu gewinnen. Die Unterschiede zwischen \u201cOst\u201d und \u201cWest\u201d treten dabei\u00a0 deutlich sichtbar zutage oder sitzen implizit in individuellen Geschichten. Auch in der Begleitung von Organisationen besch\u00e4ftigt uns dieses Thema. Wir erleben immer wieder Momente von Nichtbesprechbarkeit und Unverst\u00e4ndnis.\u00a0Und so wollen wir uns und euch einladen, gemeinsam einen Tag lang den Fokus auf die eigenen Erfahrungen und Narrative von \u201cOst\u201d und \u201cWest\u201d im Kontext von Organisationen zu legen und sich der dialogischen Spurensuche zu widmen.<br \/>\n[\/et_pb_text][\/et_pb_column][\/et_pb_row][\/et_pb_section][et_pb_section fb_built=&#8220;1&#8243; admin_label=&#8220;Sektion Lernbegleiter:innen&#8220; _builder_version=&#8220;4.27.4&#8243; _module_preset=&#8220;default&#8220; border_width_top=&#8220;1px&#8220; border_color_top=&#8220;#000000&#8243; border_style_top=&#8220;dashed&#8220; locked=&#8220;off&#8220; collapsed=&#8220;off&#8220; global_colors_info=&#8220;{}&#8220;][et_pb_row _builder_version=&#8220;4.27.4&#8243; _module_preset=&#8220;default&#8220; global_colors_info=&#8220;{}&#8220;][et_pb_column type=&#8220;4_4&#8243; _builder_version=&#8220;4.27.4&#8243; _module_preset=&#8220;default&#8220; global_colors_info=&#8220;{}&#8220;][et_pb_text admin_label=&#8220;\u00dcberschrift H2 Lernbegleiter:innen&#8220; _builder_version=&#8220;4.27.4&#8243; _module_preset=&#8220;default&#8220; header_2_text_align=&#8220;left&#8220; header_2_text_color=&#8220;#000000&#8243; global_colors_info=&#8220;{}&#8220;]<\/p>\n<h2><span style=\"color: #be4980;\">Hosts<\/span><\/h2>\n<p>[\/et_pb_text][\/et_pb_column][\/et_pb_row][et_pb_row column_structure=&#8220;2_5,3_5&#8243; admin_label=&#8220;Zeile Begleiter:in1&#8243; _builder_version=&#8220;4.27.4&#8243; _module_preset=&#8220;default&#8220; width_tablet=&#8220;&#8220; width_phone=&#8220;90%&#8220; width_last_edited=&#8220;on|phone&#8220; max_width_tablet=&#8220;&#8220; max_width_phone=&#8220;&#8220; max_width_last_edited=&#8220;on|phone&#8220; custom_padding=&#8220;||||false|true&#8220; global_colors_info=&#8220;{}&#8220;][et_pb_column type=&#8220;2_5&#8243; _builder_version=&#8220;4.27.4&#8243; _module_preset=&#8220;default&#8220; global_colors_info=&#8220;{}&#8220;][et_pb_image src=&#8220;@ET-DC@eyJkeW5hbWljIjp0cnVlLCJjb250ZW50IjoiY3VzdG9tX21ldGFfcG9ydHJhaXRfYmVnbGVpdGVyaW4xIiwic2V0dGluZ3MiOnsiYmVmb3JlIjoiIiwiYWZ0ZXIiOiIiLCJlbmFibGVfaHRtbCI6Im9mZiJ9fQ==@&#8220; alt=&#8220;Lysan Escher&#8220; title_text=&#8220;Lysan Escher&#8220; admin_label=&#8220;NICHT \u00c4NDERN!!! dyn Bild Begleiterin1&#8243; _builder_version=&#8220;4.27.4&#8243; _dynamic_attributes=&#8220;src&#8220; _module_preset=&#8220;default&#8220; global_colors_info=&#8220;{}&#8220;][\/et_pb_image][\/et_pb_column][et_pb_column type=&#8220;3_5&#8243; _builder_version=&#8220;4.27.4&#8243; _module_preset=&#8220;default&#8220; global_colors_info=&#8220;{}&#8220;][et_pb_text admin_label=&#8220;NICHT \u00c4NDERN!!! dyn Titel Text Begleiterin1&#8243; _builder_version=&#8220;4.27.4&#8243; _dynamic_attributes=&#8220;content&#8220; _module_preset=&#8220;default&#8220; global_colors_info=&#8220;{}&#8220;]@ET-DC@eyJkeW5hbWljIjp0cnVlLCJjb250ZW50IjoiY3VzdG9tX21ldGFfYmVnbGVpdGVyaW4xIiwic2V0dGluZ3MiOnsiYmVmb3JlIjoiPGgzPiIsImFmdGVyIjoiPC9oMz4iLCJlbmFibGVfaHRtbCI6Im9uIn19@[\/et_pb_text][et_pb_text disabled_on=&#8220;on|on|on&#8220; admin_label=&#8220;Text Begleiterin1 .teasertext&#8220; module_class=&#8220;teasertext&#8220; _builder_version=&#8220;4.27.4&#8243; _module_preset=&#8220;default&#8220; disabled=&#8220;on&#8220; global_colors_info=&#8220;{}&#8220;]<i><span style=\"font-weight: 400;\">Julia arbeitet seit mehr als 15 Jahren mit Teams, Einzelpersonen und Besch\u00e4ftigten in Organisationen und Netzwerken, um gesellschaftlichen Wandel voranzutreiben. Ihr Fokus liegt auf partizipativer F\u00fchrung, Resilienz sowie Visualisierungen als Denk- und Dialogwerkzeuge zur Ergebnissicherung und damit dem Halten von unsichtbaren roten F\u00e4den in Prozessen, Workshops und Veranstaltungen. Berufliche Erfahrungen sammelte sie als Programmleiterin beim internationalen Netzwerk MitOst e.V., im Multi-Stakeholder-Management mit Stiftungen, politischen Stakeholdern und Non-Profit Initiativen. Einen Eindruck ihrer Arbeit als visuelle Moderatorin, Scribe und Graphic Recorderin findest du hier:<\/span><\/i><a href=\"https:\/\/mosaics-circles.de\/\"> <i><span style=\"font-weight: 400;\">https:\/\/mosaics-circles.de\/<\/span><\/i><\/a><i><span style=\"font-weight: 400;\">\u00a0<\/span><\/i><br \/>\n[\/et_pb_text][\/et_pb_column][\/et_pb_row][et_pb_row column_structure=&#8220;2_5,3_5&#8243; disabled_on=&#8220;off|off|off&#8220; admin_label=&#8220;Zeile Begleiter:in2&#8243; _builder_version=&#8220;4.27.4&#8243; _module_preset=&#8220;default&#8220; width_tablet=&#8220;&#8220; width_phone=&#8220;90%&#8220; width_last_edited=&#8220;on|phone&#8220; max_width_tablet=&#8220;&#8220; max_width_phone=&#8220;&#8220; max_width_last_edited=&#8220;on|phone&#8220; custom_padding=&#8220;|0px||0px|false|true&#8220; global_colors_info=&#8220;{}&#8220;][et_pb_column type=&#8220;2_5&#8243; _builder_version=&#8220;4.27.4&#8243; _module_preset=&#8220;default&#8220; global_colors_info=&#8220;{}&#8220;][et_pb_image src=&#8220;@ET-DC@eyJkeW5hbWljIjp0cnVlLCJjb250ZW50IjoiY3VzdG9tX21ldGFfcG9ydHJhaXRfYmVnbGVpdGVyaW4yIiwic2V0dGluZ3MiOnsiYmVmb3JlIjoiIiwiYWZ0ZXIiOiIiLCJlbmFibGVfaHRtbCI6Im9mZiJ9fQ==@&#8220; alt=&#8220;Lysan Escher&#8220; title_text=&#8220;Lysan Escher&#8220; admin_label=&#8220;NICHT \u00c4NDERN!!! dyn Bild Begleiterin2&#8243; _builder_version=&#8220;4.27.4&#8243; _dynamic_attributes=&#8220;src&#8220; _module_preset=&#8220;default&#8220; global_colors_info=&#8220;{}&#8220;][\/et_pb_image][\/et_pb_column][et_pb_column type=&#8220;3_5&#8243; _builder_version=&#8220;4.27.4&#8243; _module_preset=&#8220;default&#8220; global_colors_info=&#8220;{}&#8220;][et_pb_text admin_label=&#8220;NICHT \u00c4NDERN!!! dyn Titel Text Begleiterin2&#8243; _builder_version=&#8220;4.27.4&#8243; _dynamic_attributes=&#8220;content&#8220; _module_preset=&#8220;default&#8220; global_colors_info=&#8220;{}&#8220;]@ET-DC@eyJkeW5hbWljIjp0cnVlLCJjb250ZW50IjoiY3VzdG9tX21ldGFfYmVnbGVpdGVyaW4yIiwic2V0dGluZ3MiOnsiYmVmb3JlIjoiPGgzPiIsImFmdGVyIjoiPC9oMz4iLCJlbmFibGVfaHRtbCI6Im9uIn19@[\/et_pb_text][et_pb_text disabled_on=&#8220;on|on|on&#8220; admin_label=&#8220;Text Begleiterin2 .teasertext&#8220; module_class=&#8220;teasertext&#8220; _builder_version=&#8220;4.27.4&#8243; _module_preset=&#8220;default&#8220; disabled=&#8220;on&#8220; global_colors_info=&#8220;{}&#8220;]diese Person ist besonders geeingent dieses seminar anzubieten weil sie besonders super ist in der materie des seminars, sie hat schon 100 jahre erfarhung in der methode und 1000 solcher semianre gegeben, au\u00dferdem ist sie auch sonst einfach nur oberm\u00e4\u00dfige spitzenklasse<br \/>\n[\/et_pb_text][\/et_pb_column][\/et_pb_row][\/et_pb_section][et_pb_section fb_built=&#8220;1&#8243; admin_label=&#8220;Sektion Stolzenhagen&#8220; _builder_version=&#8220;4.27.4&#8243; _module_preset=&#8220;default&#8220; border_width_top=&#8220;1px&#8220; border_color_top=&#8220;#000000&#8243; border_style_top=&#8220;dashed&#8220; locked=&#8220;off&#8220; collapsed=&#8220;off&#8220; global_colors_info=&#8220;{}&#8220;][et_pb_row _builder_version=&#8220;4.27.4&#8243; _module_preset=&#8220;default&#8220; global_colors_info=&#8220;{}&#8220;][et_pb_column type=&#8220;4_4&#8243; _builder_version=&#8220;4.27.4&#8243; _module_preset=&#8220;default&#8220; global_colors_info=&#8220;{}&#8220;][et_pb_text admin_label=&#8220;\u00dcberschrift H2 Stolzenhagen&#8220; _builder_version=&#8220;4.27.4&#8243; _module_preset=&#8220;default&#8220; header_2_text_align=&#8220;left&#8220; header_2_text_color=&#8220;#000000&#8243; global_colors_info=&#8220;{}&#8220;]<\/p>\n<h2><span style=\"color: #be4980;\">Stolzenhagen im Unteren Odertal<\/span><\/h2>\n<p>[\/et_pb_text][\/et_pb_column][\/et_pb_row][et_pb_row column_structure=&#8220;1_3,1_3,1_3&#8243; _builder_version=&#8220;4.27.4&#8243; _module_preset=&#8220;default&#8220; global_colors_info=&#8220;{}&#8220;][et_pb_column type=&#8220;1_3&#8243; _builder_version=&#8220;4.27.4&#8243; _module_preset=&#8220;default&#8220; global_colors_info=&#8220;{}&#8220;][et_pb_image src=&#8220;https:\/\/socius.de\/wp-content\/uploads\/SChmiede-vorraum.jpg&#8220; title_text=&#8220;SChmiede vorraum&#8220; _builder_version=&#8220;4.27.4&#8243; _module_preset=&#8220;default&#8220; global_colors_info=&#8220;{}&#8220;][\/et_pb_image][et_pb_image src=&#8220;https:\/\/socius.de\/wp-content\/uploads\/Essen.jpg&#8220; title_text=&#8220;Essen&#8220; _builder_version=&#8220;4.27.4&#8243; _module_preset=&#8220;default&#8220; global_colors_info=&#8220;{}&#8220;][\/et_pb_image][et_pb_image src=&#8220;https:\/\/socius.de\/wp-content\/uploads\/mttelmerrhaus1.jpg&#8220; title_text=&#8220;mttelmerrhaus1&#8243; _builder_version=&#8220;4.27.4&#8243; _module_preset=&#8220;default&#8220; global_colors_info=&#8220;{}&#8220;][\/et_pb_image][\/et_pb_column][et_pb_column type=&#8220;1_3&#8243; _builder_version=&#8220;4.27.4&#8243; _module_preset=&#8220;default&#8220; global_colors_info=&#8220;{}&#8220;][et_pb_image src=&#8220;https:\/\/socius.de\/wp-content\/uploads\/Schmiede-Raum.jpg&#8220; title_text=&#8220;Schmiede-Raum&#8220; _builder_version=&#8220;4.27.4&#8243; _module_preset=&#8220;default&#8220; global_colors_info=&#8220;{}&#8220;][\/et_pb_image][et_pb_image src=&#8220;https:\/\/socius.de\/wp-content\/uploads\/AN3.jpg&#8220; title_text=&#8220;A+N3&#8243; _builder_version=&#8220;4.27.4&#8243; _module_preset=&#8220;default&#8220; global_colors_info=&#8220;{}&#8220;][\/et_pb_image][et_pb_image src=&#8220;https:\/\/socius.de\/wp-content\/uploads\/mittelmeerhaus-terrasse.jpg&#8220; title_text=&#8220;mittelmeerhaus-terrasse&#8220; _builder_version=&#8220;4.27.4&#8243; _module_preset=&#8220;default&#8220; global_colors_info=&#8220;{}&#8220;][\/et_pb_image][\/et_pb_column][et_pb_column type=&#8220;1_3&#8243; _builder_version=&#8220;4.27.4&#8243; _module_preset=&#8220;default&#8220; global_colors_info=&#8220;{}&#8220;][et_pb_image src=&#8220;https:\/\/socius.de\/wp-content\/uploads\/Schemiede-terrasse.jpg&#8220; title_text=&#8220;Schemiede-terrasse&#8220; _builder_version=&#8220;4.27.4&#8243; _module_preset=&#8220;default&#8220; global_colors_info=&#8220;{}&#8220;][\/et_pb_image][et_pb_image src=&#8220;https:\/\/socius.de\/wp-content\/uploads\/parsteinerSee.jpg&#8220; title_text=&#8220;parsteinerSee&#8220; _builder_version=&#8220;4.27.4&#8243; _module_preset=&#8220;default&#8220; global_colors_info=&#8220;{}&#8220;][\/et_pb_image][et_pb_image src=&#8220;https:\/\/socius.de\/wp-content\/uploads\/mittelmeerhaus-wohnzimmer.jpg&#8220; title_text=&#8220;mittelmeerhaus-wohnzimmer&#8220; _builder_version=&#8220;4.27.4&#8243; _module_preset=&#8220;default&#8220; global_colors_info=&#8220;{}&#8220;][\/et_pb_image][\/et_pb_column][\/et_pb_row][\/et_pb_section][et_pb_section fb_built=&#8220;1&#8243; admin_label=&#8220;Sektion Kontakt\/Anmeldung weiss auf mint-petrol-mint Verlauf&#8220; _builder_version=&#8220;4.27.4&#8243; _module_preset=&#8220;default&#8220; use_background_color_gradient=&#8220;on&#8220; background_color_gradient_direction=&#8220;90deg&#8220; background_color_gradient_stops=&#8220;#77e288 0%|#008188 15%|#008188 85%|#77e288 100%&#8220; width=&#8220;100%&#8220; max_width=&#8220;100%&#8220; module_alignment=&#8220;center&#8220; locked=&#8220;off&#8220; collapsed=&#8220;off&#8220; global_colors_info=&#8220;{}&#8220;][et_pb_row column_structure=&#8220;1_3,1_3,1_3&#8243; make_equal=&#8220;on&#8220; disabled_on=&#8220;on|on|on&#8220; _builder_version=&#8220;4.27.4&#8243; _module_preset=&#8220;default&#8220; module_alignment=&#8220;center&#8220; custom_css_main_element=&#8220;align-items: center !important;&#8220; disabled=&#8220;on&#8220; global_colors_info=&#8220;{}&#8220;][et_pb_column type=&#8220;1_3&#8243; _builder_version=&#8220;4.27.4&#8243; _module_preset=&#8220;default&#8220; global_colors_info=&#8220;{}&#8220;][et_pb_text admin_label=&#8220;\u00dcberschrift Noch Fragen? weiss&#8220; _builder_version=&#8220;4.27.4&#8243; _module_preset=&#8220;default&#8220; text_text_color=&#8220;#FFFFFF&#8220; header_3_text_align=&#8220;center&#8220; header_3_text_color=&#8220;#FFFFFF&#8220; text_orientation=&#8220;center&#8220; background_layout=&#8220;dark&#8220; global_colors_info=&#8220;{}&#8220;]<\/p>\n<h3>Noch Fragen?<\/h3>\n<p>[\/et_pb_text][\/et_pb_column][et_pb_column type=&#8220;1_3&#8243; _builder_version=&#8220;4.27.4&#8243; _module_preset=&#8220;default&#8220; global_colors_info=&#8220;{}&#8220;][et_pb_text admin_label=&#8220;Text Schreib uns weiss&#8220; _builder_version=&#8220;4.27.4&#8243; _module_preset=&#8220;default&#8220; text_text_color=&#8220;#FFFFFF&#8220; text_orientation=&#8220;center&#8220; custom_margin=&#8220;||10px||false|false&#8220; global_colors_info=&#8220;{}&#8220;]Schreib uns, wenn du Fragen hast<br \/>\n[\/et_pb_text][\/et_pb_column][et_pb_column type=&#8220;1_3&#8243; _builder_version=&#8220;4.27.4&#8243; _module_preset=&#8220;default&#8220; global_colors_info=&#8220;{}&#8220;][et_pb_button button_url=&#8220;\/kontakt&#8220; url_new_window=&#8220;on&#8220; button_text=&#8220;Kontakt aufnehmen&#8220; button_alignment=&#8220;center&#8220; admin_label=&#8220;Button Kontakt aufnehmen&#8220; module_class=&#8220;btn-whiteblack&#8220; _builder_version=&#8220;4.27.4&#8243; _module_preset=&#8220;default&#8220; global_colors_info=&#8220;{}&#8220;][\/et_pb_button][\/et_pb_column][\/et_pb_row][et_pb_row column_structure=&#8220;1_3,1_3,1_3&#8243; make_equal=&#8220;on&#8220; _builder_version=&#8220;4.27.4&#8243; _module_preset=&#8220;default&#8220; module_alignment=&#8220;center&#8220; custom_css_main_element=&#8220;align-items: center !important;&#8220; locked=&#8220;off&#8220; global_colors_info=&#8220;{}&#8220;][et_pb_column type=&#8220;1_3&#8243; _builder_version=&#8220;4.27.4&#8243; _module_preset=&#8220;default&#8220; global_colors_info=&#8220;{}&#8220;][et_pb_text admin_label=&#8220;\u00dcberschrift Noch Fragen? weiss&#8220; _builder_version=&#8220;4.27.4&#8243; _module_preset=&#8220;default&#8220; text_text_color=&#8220;#FFFFFF&#8220; header_3_text_align=&#8220;center&#8220; header_3_text_color=&#8220;#FFFFFF&#8220; text_orientation=&#8220;center&#8220; background_layout=&#8220;dark&#8220; global_colors_info=&#8220;{}&#8220;]<\/p>\n<h3>Noch Fragen?<\/h3>\n<p>[\/et_pb_text][\/et_pb_column][et_pb_column type=&#8220;1_3&#8243; _builder_version=&#8220;4.27.4&#8243; _module_preset=&#8220;default&#8220; global_colors_info=&#8220;{}&#8220;][et_pb_text admin_label=&#8220;\u00dcberschrift schreib uns weiss&#8220; _builder_version=&#8220;4.27.4&#8243; _module_preset=&#8220;default&#8220; text_text_color=&#8220;#FFFFFF&#8220; header_3_text_align=&#8220;center&#8220; header_3_text_color=&#8220;#FFFFFF&#8220; text_orientation=&#8220;center&#8220; background_layout=&#8220;dark&#8220; global_colors_info=&#8220;{}&#8220;]<\/p>\n<h3>Dann schreib uns<\/h3>\n<p>[\/et_pb_text][\/et_pb_column][et_pb_column type=&#8220;1_3&#8243; _builder_version=&#8220;4.27.4&#8243; _module_preset=&#8220;default&#8220; global_colors_info=&#8220;{}&#8220;][et_pb_button button_url=&#8220;mailto:%20fortbildung@socius.de&#8220; url_new_window=&#8220;on&#8220; button_text=&#8220;Mail schicken&#8220; button_alignment=&#8220;center&#8220; admin_label=&#8220;Button Kontakt aufnehmen&#8220; module_class=&#8220;btn-whiteblack&#8220; _builder_version=&#8220;4.27.4&#8243; _module_preset=&#8220;default&#8220; global_colors_info=&#8220;{}&#8220;][\/et_pb_button][\/et_pb_column][\/et_pb_row][\/et_pb_section]<\/p>\n","protected":false},"excerpt":{"rendered":"<p>Further training in Stolzenhagen from April to August 2026<\/p>","protected":false},"author":6,"featured_media":251201,"template":"","meta":{"_acf_changed":false,"_et_pb_use_builder":"on","_et_pb_old_content":"<p class=\"cvGsUA direction-ltr align-start para-style-body\"><span class=\"a_GcMg font-feature-liga-off font-feature-clig-off font-feature-calt-off text-decoration-none text-strikethrough-none\">Selbstorganisation, New Work und Agilit\u00e4t sind nicht nur Schlagworte, sondern die Essenz moderner Organisationskultur. Die Welt der Arbeit hat sich ver\u00e4ndert, und mit ihr die Art und Weise, wie Teams und F\u00fchrungskr\u00e4fte zusammenarbeiten. In dieser \u00c4ra der Ver\u00e4nderung geht es nicht nur darum, Aufgaben zu verteilen, sondern auch Verantwortung und Entscheidungsmacht auf breitere Schultern zu legen.<\/span><\/p>\r\n<p class=\"cvGsUA direction-ltr align-start para-style-body\"><span class=\"a_GcMg font-feature-liga-off font-feature-clig-off font-feature-calt-off text-decoration-none text-strikethrough-none\">In diesen Ver\u00e4nderungen sehnen sich Menschen immer noch nach Orientierung und Struktur, nach klaren Rollen und Aufgaben. Die Vorstellung, dass \u201ejede*r alles macht und \u00fcber alles spricht\u201c, f\u00fchrt oft zu Chaos, endlosen Meetings, und undurchsichtigen Entscheidungsprozessen.<\/span><\/p>\r\n<p class=\"cvGsUA direction-ltr align-start para-style-body\"><span class=\"a_GcMg font-feature-liga-off font-feature-clig-off font-feature-calt-off text-decoration-none text-strikethrough-none\">Mit unserer Lernexpedition \u201eSelbst:Organisations:Entwicklung\u201c laden wir dich ein, die Dynamik der Selbstorganisation in deinem Team zu erforschen, zu entwickeln und umzusetzen.<\/span><\/p>\r\n\r\n<ul>\r\n \t<li><span class=\"a_GcMg font-feature-liga-off font-feature-clig-off font-feature-calt-off text-decoration-none text-strikethrough-none\">Modul 1: Bauplan einer neuen Praxis<\/span><\/li>\r\n \t<li><span class=\"a_GcMg font-feature-liga-off font-feature-clig-off font-feature-calt-off text-decoration-none text-strikethrough-none\">Modul 2: Transformation in tiefen Schichten<\/span><\/li>\r\n \t<li><span class=\"a_GcMg font-feature-liga-off font-feature-clig-off font-feature-calt-off text-decoration-none text-strikethrough-none\">Modul 3: Kreisl\u00e4ufe und Krisen der Entwicklung<\/span><\/li>\r\n<\/ul>\r\n<p class=\"cvGsUA direction-ltr align-start para-style-body\"><span class=\"a_GcMg font-feature-liga-off font-feature-clig-off font-feature-calt-off text-decoration-none text-strikethrough-none\">Wir treffen uns im April, Juni und August in Stolzenhagen an der Oder im Naturpark Unteres Odertal und verbringen drei mal vier Tage miteinander auf dem Gut Stolzenhagen. Es gibt Unterbringung in Einzelzimmern und wir werden mit vegetarischem regionalem Essen versorgt.<\/span><\/p>","_et_gb_content_width":"","inline_featured_image":false},"product_brand":[],"product_cat":[574,430,451,435,457,459,461,395],"product_tag":[],"class_list":{"0":"post-250163","1":"product","2":"type-product","3":"status-publish","4":"has-post-thumbnail","6":"product_cat-selbstorganisation-p","7":"product_cat-soe","8":"product_cat-451","9":"product_cat-socius-fortbildung","10":"product_cat-april","11":"product_cat-juni","12":"product_cat-august","13":"product_cat-fortbildungen","14":"product_shipping_class-ohne-versand","16":"first","17":"outofstock","18":"purchasable","19":"product-type-variable","20":"has-default-attributes"},"acf":[],"yoast_head":"<!-- This site is optimized with the Yoast SEO plugin v27.5 - https:\/\/yoast.com\/product\/yoast-seo-wordpress\/ -->\n<title>Selbst: Organisations: Entwicklung - SOCIUS Organisationsberatung gGmbH<\/title>\n<meta name=\"description\" content=\"Selbstorganisation, New Work und Agilit\u00e4t sind nicht nur Schlagworte, sondern die Essenz moderner Organisationskultur. Die Welt der Arbeit hat sich ver\u00e4ndert, und mit ihr die Art und Weise, wie Teams und F\u00fchrungskr\u00e4fte zusammenarbeiten. In dieser \u00c4ra der Ver\u00e4nderung geht es nicht nur darum, Aufgaben zu verteilen, sondern auch Verantwortung und Entscheidungsmacht auf breitere Schultern zu legen.\" \/>\n<meta name=\"robots\" content=\"index, follow, max-snippet:-1, max-image-preview:large, max-video-preview:-1\" \/>\n<link rel=\"canonical\" href=\"https:\/\/socius.de\/en\/self-organisation-development\/\" \/>\n<meta property=\"og:locale\" content=\"en_GB\" \/>\n<meta property=\"og:type\" content=\"article\" \/>\n<meta property=\"og:title\" content=\"Selbst: Organisations: Entwicklung - SOCIUS Organisationsberatung gGmbH\" \/>\n<meta property=\"og:description\" content=\"Selbstorganisation, New Work und Agilit\u00e4t sind nicht nur Schlagworte, sondern die Essenz moderner Organisationskultur. Die Welt der Arbeit hat sich ver\u00e4ndert, und mit ihr die Art und Weise, wie Teams und F\u00fchrungskr\u00e4fte zusammenarbeiten. In dieser \u00c4ra der Ver\u00e4nderung geht es nicht nur darum, Aufgaben zu verteilen, sondern auch Verantwortung und Entscheidungsmacht auf breitere Schultern zu legen.\" \/>\n<meta property=\"og:url\" content=\"https:\/\/socius.de\/en\/self-organisation-development\/\" \/>\n<meta property=\"og:site_name\" content=\"SOCIUS Organisationsberatung gGmbH\" \/>\n<meta property=\"article:publisher\" content=\"https:\/\/www.facebook.com\/SOCIUSBerlin\/\" \/>\n<meta property=\"article:modified_time\" content=\"2026-04-15T06:55:13+00:00\" \/>\n<meta property=\"og:image\" content=\"https:\/\/socius.de\/wp-content\/uploads\/SOE.png\" \/>\n\t<meta property=\"og:image:width\" content=\"1120\" \/>\n\t<meta property=\"og:image:height\" content=\"700\" \/>\n\t<meta property=\"og:image:type\" content=\"image\/png\" \/>\n<meta name=\"twitter:card\" content=\"summary_large_image\" \/>\n<meta name=\"twitter:label1\" content=\"Estimated reading time\" \/>\n\t<meta name=\"twitter:data1\" content=\"7 minutes\" \/>\n<script type=\"application\/ld+json\" class=\"yoast-schema-graph\">{\"@context\":\"https:\\\/\\\/schema.org\",\"@graph\":[{\"@type\":\"WebPage\",\"@id\":\"https:\\\/\\\/socius.de\\\/selbstorganisationsentwicklung\\\/\",\"url\":\"https:\\\/\\\/socius.de\\\/selbstorganisationsentwicklung\\\/\",\"name\":\"Selbst: Organisations: Entwicklung - SOCIUS Organisationsberatung gGmbH\",\"isPartOf\":{\"@id\":\"https:\\\/\\\/socius.de\\\/#website\"},\"primaryImageOfPage\":{\"@id\":\"https:\\\/\\\/socius.de\\\/selbstorganisationsentwicklung\\\/#primaryimage\"},\"image\":{\"@id\":\"https:\\\/\\\/socius.de\\\/selbstorganisationsentwicklung\\\/#primaryimage\"},\"thumbnailUrl\":\"https:\\\/\\\/socius.de\\\/wp-content\\\/uploads\\\/SOE.png\",\"datePublished\":\"2025-10-10T17:26:45+00:00\",\"dateModified\":\"2026-04-15T06:55:13+00:00\",\"description\":\"Selbstorganisation, New Work und Agilit\u00e4t sind nicht nur Schlagworte, sondern die Essenz moderner Organisationskultur. Die Welt der Arbeit hat sich ver\u00e4ndert, und mit ihr die Art und Weise, wie Teams und F\u00fchrungskr\u00e4fte zusammenarbeiten. In dieser \u00c4ra der Ver\u00e4nderung geht es nicht nur darum, Aufgaben zu verteilen, sondern auch Verantwortung und Entscheidungsmacht auf breitere Schultern zu legen.\",\"breadcrumb\":{\"@id\":\"https:\\\/\\\/socius.de\\\/selbstorganisationsentwicklung\\\/#breadcrumb\"},\"inLanguage\":\"en-GB\",\"potentialAction\":[{\"@type\":\"ReadAction\",\"target\":[\"https:\\\/\\\/socius.de\\\/selbstorganisationsentwicklung\\\/\"]}]},{\"@type\":\"ImageObject\",\"inLanguage\":\"en-GB\",\"@id\":\"https:\\\/\\\/socius.de\\\/selbstorganisationsentwicklung\\\/#primaryimage\",\"url\":\"https:\\\/\\\/socius.de\\\/wp-content\\\/uploads\\\/SOE.png\",\"contentUrl\":\"https:\\\/\\\/socius.de\\\/wp-content\\\/uploads\\\/SOE.png\",\"width\":1120,\"height\":700},{\"@type\":\"BreadcrumbList\",\"@id\":\"https:\\\/\\\/socius.de\\\/selbstorganisationsentwicklung\\\/#breadcrumb\",\"itemListElement\":[{\"@type\":\"ListItem\",\"position\":1,\"name\":\"Startseite\",\"item\":\"https:\\\/\\\/socius.de\\\/\"},{\"@type\":\"ListItem\",\"position\":2,\"name\":\"Shop\",\"item\":\"https:\\\/\\\/socius.de\\\/shop\\\/\"},{\"@type\":\"ListItem\",\"position\":3,\"name\":\"Selbst: Organisations: Entwicklung\"}]},{\"@type\":\"WebSite\",\"@id\":\"https:\\\/\\\/socius.de\\\/#website\",\"url\":\"https:\\\/\\\/socius.de\\\/\",\"name\":\"SOCIUS Organisationsberatung gGmbH\",\"description\":\"sinnvoll zusammen wirken\",\"publisher\":{\"@id\":\"https:\\\/\\\/socius.de\\\/#organization\"},\"potentialAction\":[{\"@type\":\"SearchAction\",\"target\":{\"@type\":\"EntryPoint\",\"urlTemplate\":\"https:\\\/\\\/socius.de\\\/?s={search_term_string}\"},\"query-input\":{\"@type\":\"PropertyValueSpecification\",\"valueRequired\":true,\"valueName\":\"search_term_string\"}}],\"inLanguage\":\"en-GB\"},{\"@type\":\"Organization\",\"@id\":\"https:\\\/\\\/socius.de\\\/#organization\",\"name\":\"SOCIUS Organisationsberatung gGmbH\",\"url\":\"https:\\\/\\\/socius.de\\\/\",\"logo\":{\"@type\":\"ImageObject\",\"inLanguage\":\"en-GB\",\"@id\":\"https:\\\/\\\/socius.de\\\/#\\\/schema\\\/logo\\\/image\\\/\",\"url\":\"https:\\\/\\\/socius.de\\\/wp-content\\\/uploads\\\/SOCIUS_RGB_Teal.png\",\"contentUrl\":\"https:\\\/\\\/socius.de\\\/wp-content\\\/uploads\\\/SOCIUS_RGB_Teal.png\",\"width\":1619,\"height\":736,\"caption\":\"SOCIUS Organisationsberatung gGmbH\"},\"image\":{\"@id\":\"https:\\\/\\\/socius.de\\\/#\\\/schema\\\/logo\\\/image\\\/\"},\"sameAs\":[\"https:\\\/\\\/www.facebook.com\\\/SOCIUSBerlin\\\/\",\"https:\\\/\\\/www.linkedin.com\\\/company\\\/socius-organisationsberatung-ggmbh\\\/\",\"https:\\\/\\\/www.instagram.com\\\/socius_berlin\\\/\",\"https:\\\/\\\/www.youtube.com\\\/channel\\\/UC2QG2hEjpw0NI91VlCo9SoA\"]}]}<\/script>\n<!-- \/ Yoast SEO plugin. -->","yoast_head_json":{"title":"Self: Organisation: Development - SOCIUS Organisational Consulting gGmbH","description":"Self-organisation, new work and agility are not just buzzwords, but the essence of modern organisational culture. The world of work has changed, and with it the way teams and managers work together. In this era of change, it is not just a matter of distributing tasks, but also of placing responsibility and decision-making power on broader shoulders.","robots":{"index":"index","follow":"follow","max-snippet":"max-snippet:-1","max-image-preview":"max-image-preview:large","max-video-preview":"max-video-preview:-1"},"canonical":"https:\/\/socius.de\/en\/self-organisation-development\/","og_locale":"en_GB","og_type":"article","og_title":"Selbst: Organisations: Entwicklung - SOCIUS Organisationsberatung gGmbH","og_description":"Selbstorganisation, New Work und Agilit\u00e4t sind nicht nur Schlagworte, sondern die Essenz moderner Organisationskultur. Die Welt der Arbeit hat sich ver\u00e4ndert, und mit ihr die Art und Weise, wie Teams und F\u00fchrungskr\u00e4fte zusammenarbeiten. In dieser \u00c4ra der Ver\u00e4nderung geht es nicht nur darum, Aufgaben zu verteilen, sondern auch Verantwortung und Entscheidungsmacht auf breitere Schultern zu legen.","og_url":"https:\/\/socius.de\/en\/self-organisation-development\/","og_site_name":"SOCIUS Organisationsberatung gGmbH","article_publisher":"https:\/\/www.facebook.com\/SOCIUSBerlin\/","article_modified_time":"2026-04-15T06:55:13+00:00","og_image":[{"width":1120,"height":700,"url":"https:\/\/socius.de\/wp-content\/uploads\/SOE.png","type":"image\/png"}],"twitter_card":"summary_large_image","twitter_misc":{"Estimated reading time":"7 minutes"},"schema":{"@context":"https:\/\/schema.org","@graph":[{"@type":"WebPage","@id":"https:\/\/socius.de\/selbstorganisationsentwicklung\/","url":"https:\/\/socius.de\/selbstorganisationsentwicklung\/","name":"Self: Organisation: Development - SOCIUS Organisational Consulting gGmbH","isPartOf":{"@id":"https:\/\/socius.de\/#website"},"primaryImageOfPage":{"@id":"https:\/\/socius.de\/selbstorganisationsentwicklung\/#primaryimage"},"image":{"@id":"https:\/\/socius.de\/selbstorganisationsentwicklung\/#primaryimage"},"thumbnailUrl":"https:\/\/socius.de\/wp-content\/uploads\/SOE.png","datePublished":"2025-10-10T17:26:45+00:00","dateModified":"2026-04-15T06:55:13+00:00","description":"Self-organisation, new work and agility are not just buzzwords, but the essence of modern organisational culture. The world of work has changed, and with it the way teams and managers work together. In this era of change, it is not just a matter of distributing tasks, but also of placing responsibility and decision-making power on broader shoulders.","breadcrumb":{"@id":"https:\/\/socius.de\/selbstorganisationsentwicklung\/#breadcrumb"},"inLanguage":"en-GB","potentialAction":[{"@type":"ReadAction","target":["https:\/\/socius.de\/selbstorganisationsentwicklung\/"]}]},{"@type":"ImageObject","inLanguage":"en-GB","@id":"https:\/\/socius.de\/selbstorganisationsentwicklung\/#primaryimage","url":"https:\/\/socius.de\/wp-content\/uploads\/SOE.png","contentUrl":"https:\/\/socius.de\/wp-content\/uploads\/SOE.png","width":1120,"height":700},{"@type":"BreadcrumbList","@id":"https:\/\/socius.de\/selbstorganisationsentwicklung\/#breadcrumb","itemListElement":[{"@type":"ListItem","position":1,"name":"Startseite","item":"https:\/\/socius.de\/"},{"@type":"ListItem","position":2,"name":"Shop","item":"https:\/\/socius.de\/shop\/"},{"@type":"ListItem","position":3,"name":"Selbst: Organisations: Entwicklung"}]},{"@type":"WebSite","@id":"https:\/\/socius.de\/#website","url":"https:\/\/socius.de\/","name":"SOCIUS Organisationsberatung gGmbH","description":"meaningful collaboration","publisher":{"@id":"https:\/\/socius.de\/#organization"},"potentialAction":[{"@type":"SearchAction","target":{"@type":"EntryPoint","urlTemplate":"https:\/\/socius.de\/?s={search_term_string}"},"query-input":{"@type":"PropertyValueSpecification","valueRequired":true,"valueName":"search_term_string"}}],"inLanguage":"en-GB"},{"@type":"Organization","@id":"https:\/\/socius.de\/#organization","name":"SOCIUS Organisationsberatung gGmbH","url":"https:\/\/socius.de\/","logo":{"@type":"ImageObject","inLanguage":"en-GB","@id":"https:\/\/socius.de\/#\/schema\/logo\/image\/","url":"https:\/\/socius.de\/wp-content\/uploads\/SOCIUS_RGB_Teal.png","contentUrl":"https:\/\/socius.de\/wp-content\/uploads\/SOCIUS_RGB_Teal.png","width":1619,"height":736,"caption":"SOCIUS Organisationsberatung gGmbH"},"image":{"@id":"https:\/\/socius.de\/#\/schema\/logo\/image\/"},"sameAs":["https:\/\/www.facebook.com\/SOCIUSBerlin\/","https:\/\/www.linkedin.com\/company\/socius-organisationsberatung-ggmbh\/","https:\/\/www.instagram.com\/socius_berlin\/","https:\/\/www.youtube.com\/channel\/UC2QG2hEjpw0NI91VlCo9SoA"]}]}},"_links":{"self":[{"href":"https:\/\/socius.de\/en\/wp-json\/wp\/v2\/product\/250163","targetHints":{"allow":["GET"]}}],"collection":[{"href":"https:\/\/socius.de\/en\/wp-json\/wp\/v2\/product"}],"about":[{"href":"https:\/\/socius.de\/en\/wp-json\/wp\/v2\/types\/product"}],"author":[{"embeddable":true,"href":"https:\/\/socius.de\/en\/wp-json\/wp\/v2\/users\/6"}],"wp:featuredmedia":[{"embeddable":true,"href":"https:\/\/socius.de\/en\/wp-json\/wp\/v2\/media\/251201"}],"wp:attachment":[{"href":"https:\/\/socius.de\/en\/wp-json\/wp\/v2\/media?parent=250163"}],"wp:term":[{"taxonomy":"product_brand","embeddable":true,"href":"https:\/\/socius.de\/en\/wp-json\/wp\/v2\/product_brand?post=250163"},{"taxonomy":"product_cat","embeddable":true,"href":"https:\/\/socius.de\/en\/wp-json\/wp\/v2\/product_cat?post=250163"},{"taxonomy":"product_tag","embeddable":true,"href":"https:\/\/socius.de\/en\/wp-json\/wp\/v2\/product_tag?post=250163"}],"curies":[{"name":"wp","href":"https:\/\/api.w.org\/{rel}","templated":true}]}}