{"id":251955,"date":"2026-01-16T14:42:03","date_gmt":"2026-01-16T13:42:03","guid":{"rendered":"https:\/\/socius.de\/?post_type=product&#038;p=251955"},"modified":"2026-04-28T08:45:21","modified_gmt":"2026-04-28T06:45:21","slug":"art-of-hosting","status":"publish","type":"product","link":"https:\/\/socius.de\/en\/art-of-hosting\/","title":{"rendered":"Art of Hosting"},"content":{"rendered":"<p>[et_pb_section fb_built=&#8220;1&#8243; admin_label=&#8220;Sektion Titelfoto Vollformat NICHT \u00c4NDERN&#8220; _builder_version=&#8220;4.27.5&#8243; _module_preset=&#8220;default&#8220; custom_margin=&#8220;0px||0px||false|false&#8220; custom_padding=&#8220;0px||0px||false|false&#8220; locked=&#8220;off&#8220; collapsed=&#8220;on&#8220; global_colors_info=&#8220;{}&#8220;][et_pb_row _builder_version=&#8220;4.27.4&#8243; _module_preset=&#8220;default&#8220; width=&#8220;100%&#8220; max_width=&#8220;100%&#8220; module_alignment=&#8220;center&#8220; custom_margin=&#8220;0px||0px||false|false&#8220; custom_padding=&#8220;0px||0px||false|false&#8220; global_colors_info=&#8220;{}&#8220;][et_pb_column type=&#8220;4_4&#8243; _builder_version=&#8220;4.27.4&#8243; _module_preset=&#8220;default&#8220; global_colors_info=&#8220;{}&#8220;][et_pb_image src=&#8220;https:\/\/socius.de\/wp-content\/uploads\/Dialog-7.jpg&#8220; title_text=&#8220;Dialog 7&#8243; align=&#8220;center&#8220; force_fullwidth=&#8220;on&#8220; admin_label=&#8220;Titelfoto dynamisch !NIcht \u00e4ndern!&#8220; _builder_version=&#8220;4.27.5&#8243; _module_preset=&#8220;default&#8220; custom_margin=&#8220;0px|0px|0px|0px|true|true&#8220; custom_padding=&#8220;0px|0px|0px|0px|true|true&#8220; global_colors_info=&#8220;{}&#8220;][\/et_pb_image][\/et_pb_column][\/et_pb_row][\/et_pb_section][et_pb_section fb_built=&#8220;1&#8243; disabled_on=&#8220;on|on|on&#8220; admin_label=&#8220;Sektion Auf einen Blick. Verlauf mint-petrol-mint mit Text und Grafik&#8220; _builder_version=&#8220;4.27.4&#8243; _module_preset=&#8220;default&#8220; background_enable_color=&#8220;off&#8220; use_background_color_gradient=&#8220;on&#8220; background_color_gradient_stops=&#8220;#008188 0%|#1b1f34 100%&#8220; width=&#8220;100%&#8220; max_width=&#8220;100%&#8220; module_alignment=&#8220;center&#8220; custom_margin=&#8220;||||true|true&#8220; custom_padding=&#8220;||||true|true&#8220; disabled=&#8220;on&#8220; locked=&#8220;off&#8220; collapsed=&#8220;on&#8220; global_colors_info=&#8220;{}&#8220;][et_pb_row admin_label=&#8220;Zeile wei\u00dfer Text mit Infografik&#8220; _builder_version=&#8220;4.27.4&#8243; _module_preset=&#8220;default&#8220; max_width=&#8220;928px&#8220; module_alignment=&#8220;center&#8220; custom_margin=&#8220;0px||||false|false&#8220; custom_padding=&#8220;||||false|false&#8220; global_colors_info=&#8220;{}&#8220;][et_pb_column type=&#8220;4_4&#8243; _builder_version=&#8220;4.27.4&#8243; _module_preset=&#8220;default&#8220; global_colors_info=&#8220;{}&#8220;][et_pb_text admin_label=&#8220;Was nimmst du mit? \u00dcberschrift H2 wei\u00dfer Text 1-spaltig&#8220; _builder_version=&#8220;4.27.5&#8243; _module_preset=&#8220;default&#8220; text_text_color=&#8220;#FFFFFF&#8220; header_text_align=&#8220;center&#8220; header_text_color=&#8220;#FFFFFF&#8220; header_2_text_align=&#8220;center&#8220; header_2_text_color=&#8220;#FFFFFF&#8220; header_3_text_color=&#8220;#FFFFFF&#8220; header_4_text_color=&#8220;#FFFFFF&#8220; header_5_text_color=&#8220;#FFFFFF&#8220; header_6_text_color=&#8220;#FFFFFF&#8220; global_colors_info=&#8220;{}&#8220;]<\/p>\n<h2>Auf einen Blick<\/h2>\n<p>[\/et_pb_text][et_pb_text admin_label=&#8220; wei\u00dfer Text 1-spaltig teasertext&#8220; module_class=&#8220;teasertext&#8220; _builder_version=&#8220;4.27.5&#8243; _module_preset=&#8220;default&#8220; text_text_color=&#8220;#FFFFFF&#8220; header_text_align=&#8220;center&#8220; header_text_color=&#8220;#FFFFFF&#8220; header_2_text_align=&#8220;center&#8220; header_2_text_color=&#8220;#FFFFFF&#8220; header_3_text_color=&#8220;#FFFFFF&#8220; header_4_text_color=&#8220;#FFFFFF&#8220; header_5_text_color=&#8220;#FFFFFF&#8220; header_6_text_color=&#8220;#FFFFFF&#8220; global_colors_info=&#8220;{}&#8220;]<\/p>\n<p>In diesem Art of Hosting-Training lernst du, wie du <strong>kollektive R\u00e4ume gestaltest<\/strong>, in denen Menschen sich beteiligen k\u00f6nnen \u2013 ganz, mit ihrer Geschichte, Perspektive und Erfahrung. Du erlebst Hosting als <strong>verantwortungsvolle, kreative Praxis<\/strong>: des Zuh\u00f6rens, der Strukturgebung, des Verlernens und des Erm\u00f6glichens. Dabei triffst du auf folgende Rahmenbedingungen:<\/p>\n<p>[\/et_pb_text][\/et_pb_column][\/et_pb_row][et_pb_row column_structure=&#8220;1_2,1_2&#8243; admin_label=&#8220;Zeile wei\u00dfer Text mit Infografik&#8220; _builder_version=&#8220;4.27.4&#8243; _module_preset=&#8220;default&#8220; max_width=&#8220;928px&#8220; max_width_tablet=&#8220;460px&#8220; max_width_phone=&#8220;343px&#8220; max_width_last_edited=&#8220;on|phone&#8220; module_alignment=&#8220;center&#8220; custom_margin=&#8220;0px||0px||false|false&#8220; custom_padding=&#8220;0px||||false|false&#8220; collapsed=&#8220;off&#8220; global_colors_info=&#8220;{}&#8220;][et_pb_column type=&#8220;1_2&#8243; _builder_version=&#8220;4.27.4&#8243; _module_preset=&#8220;default&#8220; global_colors_info=&#8220;{}&#8220; custom_css_main_element_last_edited=&#8220;on|phone&#8220; custom_css_main_element_tablet=&#8220;width: 100% !important;||margin-right: 0 !important;||margin-bottom: 0 !important;&#8220; custom_css_main_element_phone=&#8220;width: 100% !important;||margin-right: 0 !important;||margin-bottom: 0 !important;&#8220;][et_pb_text admin_label=&#8220;wei\u00dfer Text 2-spaltig&#8220; module_class=&#8220;list-lemon angebote&#8220; _builder_version=&#8220;4.27.5&#8243; _module_preset=&#8220;default&#8220; text_text_color=&#8220;#FFFFFF&#8220; header_text_color=&#8220;#FFFFFF&#8220; header_2_text_color=&#8220;#FFFFFF&#8220; header_3_text_color=&#8220;#FFFFFF&#8220; header_4_text_color=&#8220;#FFFFFF&#8220; header_5_text_color=&#8220;#FFFFFF&#8220; header_6_text_color=&#8220;#FFFFFF&#8220; custom_margin=&#8220;||0px||false|false&#8220; global_colors_info=&#8220;{}&#8220;]<\/p>\n<ul>\n<li><span style=\"font-weight: 400;\">vom <strong>7. bis 10. Mai<\/strong> 2026<\/span><\/li>\n<\/ul>\n<p>[\/et_pb_text][et_pb_text admin_label=&#8220;wei\u00dfer Text 2-spaltig&#8220; module_class=&#8220;list-lemon angebote&#8220; _builder_version=&#8220;4.27.5&#8243; _module_preset=&#8220;default&#8220; text_text_color=&#8220;#FFFFFF&#8220; header_text_color=&#8220;#FFFFFF&#8220; header_2_text_color=&#8220;#FFFFFF&#8220; header_3_text_color=&#8220;#FFFFFF&#8220; header_4_text_color=&#8220;#FFFFFF&#8220; header_5_text_color=&#8220;#FFFFFF&#8220; header_6_text_color=&#8220;#FFFFFF&#8220; custom_margin=&#8220;||0px||false|false&#8220; global_colors_info=&#8220;{}&#8220;]<\/p>\n<ul>\n<li>an der Freien Schule <strong>Leipzig<\/strong><\/li>\n<\/ul>\n<p>[\/et_pb_text][et_pb_text admin_label=&#8220;wei\u00dfer Text 2-spaltig&#8220; module_class=&#8220;list-lemon angebote&#8220; _builder_version=&#8220;4.27.5&#8243; _module_preset=&#8220;default&#8220; text_text_color=&#8220;#FFFFFF&#8220; header_text_color=&#8220;#FFFFFF&#8220; header_2_text_color=&#8220;#FFFFFF&#8220; header_3_text_color=&#8220;#FFFFFF&#8220; header_4_text_color=&#8220;#FFFFFF&#8220; header_5_text_color=&#8220;#FFFFFF&#8220; header_6_text_color=&#8220;#FFFFFF&#8220; custom_margin=&#8220;||0px||false|false&#8220; global_colors_info=&#8220;{}&#8220;]<\/p>\n<ul>\n<li>Kosten nach Selbsteinsch\u00e4tzung <strong>zwischen 500 und 1.200\u20ac<\/strong> plus Verpflegung<\/li>\n<\/ul>\n<p>[\/et_pb_text][et_pb_text disabled_on=&#8220;on|on|on&#8220; admin_label=&#8220;wei\u00dfer Text 2-spaltig&#8220; module_class=&#8220;list-lemon angebote&#8220; _builder_version=&#8220;4.27.5&#8243; _module_preset=&#8220;default&#8220; text_text_color=&#8220;#FFFFFF&#8220; header_text_color=&#8220;#FFFFFF&#8220; header_2_text_color=&#8220;#FFFFFF&#8220; header_3_text_color=&#8220;#FFFFFF&#8220; header_4_text_color=&#8220;#FFFFFF&#8220; header_5_text_color=&#8220;#FFFFFF&#8220; header_6_text_color=&#8220;#FFFFFF&#8220; custom_margin=&#8220;||0px||false|false&#8220; disabled=&#8220;on&#8220; locked=&#8220;off&#8220; global_colors_info=&#8220;{}&#8220;]<\/p>\n<ul>\n<li><span style=\"font-weight: 400;\">wie sich <strong>kollektive Intelligenz entfaltet<\/strong>, wenn wir nicht vorsortieren, sondern verweilen<\/span><\/li>\n<\/ul>\n<p>[\/et_pb_text][\/et_pb_column][et_pb_column type=&#8220;1_2&#8243; _builder_version=&#8220;4.27.4&#8243; _module_preset=&#8220;default&#8220; global_colors_info=&#8220;{}&#8220; custom_css_main_element_last_edited=&#8220;on|phone&#8220; custom_css_main_element_tablet=&#8220;width: 100% !important;||margin-right: 0 !important;||margin-bottom: 0 !important;&#8220; custom_css_main_element_phone=&#8220;width: 100% !important;||margin-right: 0 !important;||margin-bottom: 0 !important;&#8220;][et_pb_text admin_label=&#8220;wei\u00dfer Text 2-spaltig&#8220; module_class=&#8220;list-lemon angebote&#8220; _builder_version=&#8220;4.27.5&#8243; _module_preset=&#8220;default&#8220; text_text_color=&#8220;#FFFFFF&#8220; header_text_color=&#8220;#FFFFFF&#8220; header_2_text_color=&#8220;#FFFFFF&#8220; header_3_text_color=&#8220;#FFFFFF&#8220; header_4_text_color=&#8220;#FFFFFF&#8220; header_5_text_color=&#8220;#FFFFFF&#8220; header_6_text_color=&#8220;#FFFFFF&#8220; custom_margin=&#8220;||0px||false|false&#8220; global_colors_info=&#8220;{}&#8220;]<\/p>\n<ul>\n<li>Mit <strong>sechs erfahrenen Hosts<\/strong><\/li>\n<\/ul>\n<p>[\/et_pb_text][et_pb_text admin_label=&#8220;wei\u00dfer Text 2-spaltig&#8220; module_class=&#8220;list-lemon angebote&#8220; _builder_version=&#8220;4.27.5&#8243; _module_preset=&#8220;default&#8220; text_text_color=&#8220;#FFFFFF&#8220; header_text_color=&#8220;#FFFFFF&#8220; header_2_text_color=&#8220;#FFFFFF&#8220; header_3_text_color=&#8220;#FFFFFF&#8220; header_4_text_color=&#8220;#FFFFFF&#8220; header_5_text_color=&#8220;#FFFFFF&#8220; header_6_text_color=&#8220;#FFFFFF&#8220; custom_margin=&#8220;||0px||false|false&#8220; global_colors_info=&#8220;{}&#8220;]<\/p>\n<ul>\n<li>mit maximal <strong>50 weiteren Teilnehmenden<\/strong><\/li>\n<\/ul>\n<p class=\"small\">[\/et_pb_text][et_pb_text admin_label=&#8220;wei\u00dfer Text 2-spaltig&#8220; module_class=&#8220;list-lemon angebote&#8220; _builder_version=&#8220;4.27.5&#8243; _module_preset=&#8220;default&#8220; text_text_color=&#8220;#FFFFFF&#8220; header_text_color=&#8220;#FFFFFF&#8220; header_2_text_color=&#8220;#FFFFFF&#8220; header_3_text_color=&#8220;#FFFFFF&#8220; header_4_text_color=&#8220;#FFFFFF&#8220; header_5_text_color=&#8220;#FFFFFF&#8220; header_6_text_color=&#8220;#FFFFFF&#8220; custom_margin=&#8220;||0px||false|false&#8220; global_colors_info=&#8220;{}&#8220;]<\/p>\n<ul>\n<li>mit <strong>veganem<\/strong> Mittagessen &amp; Pausensnacks<\/li>\n<\/ul>\n<p class=\"small\">[\/et_pb_text][et_pb_text disabled_on=&#8220;on|on|on&#8220; admin_label=&#8220;wei\u00dfer Text 2-spaltig&#8220; module_class=&#8220;list-lemon angebote&#8220; _builder_version=&#8220;4.27.5&#8243; _module_preset=&#8220;default&#8220; text_text_color=&#8220;#FFFFFF&#8220; header_text_color=&#8220;#FFFFFF&#8220; header_2_text_color=&#8220;#FFFFFF&#8220; header_3_text_color=&#8220;#FFFFFF&#8220; header_4_text_color=&#8220;#FFFFFF&#8220; header_5_text_color=&#8220;#FFFFFF&#8220; header_6_text_color=&#8220;#FFFFFF&#8220; custom_margin=&#8220;||0px||false|false&#8220; disabled=&#8220;on&#8220; locked=&#8220;off&#8220; global_colors_info=&#8220;{}&#8220;]<\/p>\n<ul>\n<li><span style=\"font-weight: 400;\">wie das Erlebte in deinem <strong>eigenen Kontext weiterwirken<\/strong> kann<\/span><\/li>\n<\/ul>\n<p class=\"small\">[\/et_pb_text][\/et_pb_column][\/et_pb_row][\/et_pb_section][et_pb_section fb_built=&#8220;1&#8243; admin_label=&#8220;Sektion \u00dcberblick&#8220; _builder_version=&#8220;4.27.5&#8243; _module_preset=&#8220;default&#8220; locked=&#8220;off&#8220; collapsed=&#8220;off&#8220; global_colors_info=&#8220;{}&#8220;][et_pb_row column_structure=&#8220;2_5,3_5&#8243; _builder_version=&#8220;4.27.4&#8243; _module_preset=&#8220;default&#8220; width_tablet=&#8220;&#8220; width_phone=&#8220;90%&#8220; width_last_edited=&#8220;on|phone&#8220; max_width_tablet=&#8220;&#8220; max_width_phone=&#8220;&#8220; max_width_last_edited=&#8220;on|phone&#8220; custom_padding=&#8220;60px|0px|0px|0px|false|true&#8220; global_colors_info=&#8220;{}&#8220;][et_pb_column type=&#8220;2_5&#8243; _builder_version=&#8220;4.27.4&#8243; _module_preset=&#8220;default&#8220; global_colors_info=&#8220;{}&#8220;][et_pb_text admin_label=&#8220;\u00dcberblick \u00dcberschrift&#8220; _builder_version=&#8220;4.27.5&#8243; _module_preset=&#8220;default&#8220; header_2_text_color=&#8220;#000000&#8243; global_colors_info=&#8220;{}&#8220;]<\/p>\n<h2><span style=\"color: #018188;\">\u00dcberblick<\/span><\/h2>\n<p>[\/et_pb_text][et_pb_image src=&#8220;https:\/\/socius.de\/wp-content\/uploads\/Evaluation.jpg&#8220; alt=&#8220;F\u00fcr wen?&#8220; title_text=&#8220;Evaluation&#8220; admin_label=&#8220;Icon &#8220; _builder_version=&#8220;4.27.5&#8243; _module_preset=&#8220;default&#8220; global_colors_info=&#8220;{}&#8220;][\/et_pb_image][\/et_pb_column][et_pb_column type=&#8220;3_5&#8243; _builder_version=&#8220;4.27.4&#8243; _module_preset=&#8220;default&#8220; global_colors_info=&#8220;{}&#8220;][et_pb_text admin_label=&#8220;\u00dcberblick Text .teasertext&#8220; module_class=&#8220;teasertext li-abstand&#8220; _builder_version=&#8220;4.27.6&#8243; _module_preset=&#8220;default&#8220; global_colors_info=&#8220;{}&#8220;]<\/p>\n<ul>\n<li><strong>Was?\u00a0Art of Hosting &amp; Harvesting Training<\/strong><\/li>\n<li><strong>Wo?\u00a0Leipzig<\/strong><\/li>\n<li><strong>Wann: 7.-10.Mai 2026<\/strong><\/li>\n<li><strong>F\u00fcr wen?\u00a0Menschen, die Gruppen und Prozesse begleiten<\/strong><\/li>\n<li><strong>Inhalte:\u00a0Circle Practice, World Caf\u00e9, Open Space Technology,\u00a0partizipative Entscheidungsprozesse, Arbeiten mit kollektiver Intelligenz<\/strong><\/li>\n<li><strong>Teilnahmebeitrag: 500\u20131200 \u20ac (nach Selbsteinsch\u00e4tzung) zzgl. Verpflegung<\/strong><\/li>\n<\/ul>\n<p>[\/et_pb_text][et_pb_button button_url=&#8220;#kosten&#8220; button_text=&#8220;zu den Kosten&#8220; disabled_on=&#8220;on|on|on&#8220; admin_label=&#8220;Button Kosten&#8220; _builder_version=&#8220;4.27.5&#8243; _module_preset=&#8220;default&#8220; disabled=&#8220;on&#8220; global_colors_info=&#8220;{}&#8220;][\/et_pb_button][\/et_pb_column][\/et_pb_row][\/et_pb_section][et_pb_section fb_built=&#8220;1&#8243; admin_label=&#8220;Sektion Teiler 10px hoch&#8220; _builder_version=&#8220;4.27.4&#8243; _module_preset=&#8220;default&#8220; custom_margin=&#8220;0px||0px||false|false&#8220; custom_padding=&#8220;0px||0px||false|false&#8220; locked=&#8220;off&#8220; collapsed=&#8220;on&#8220; global_colors_info=&#8220;{}&#8220;][et_pb_row _builder_version=&#8220;4.27.4&#8243; _module_preset=&#8220;default&#8220; width=&#8220;100%&#8220; max_width=&#8220;100%&#8220; module_alignment=&#8220;center&#8220; global_colors_info=&#8220;{}&#8220;][et_pb_column type=&#8220;4_4&#8243; _builder_version=&#8220;4.27.4&#8243; _module_preset=&#8220;default&#8220; global_colors_info=&#8220;{}&#8220;][et_pb_divider show_divider=&#8220;off&#8220; admin_label=&#8220;Teiler 10px hoch&#8220; _builder_version=&#8220;4.27.5&#8243; _module_preset=&#8220;default&#8220; use_background_color_gradient=&#8220;on&#8220; background_color_gradient_direction=&#8220;90deg&#8220; background_color_gradient_stops=&#8220;#008188 0%|#77e288 100%&#8220; width=&#8220;100%&#8220; max_width=&#8220;100%&#8220; module_alignment=&#8220;center&#8220; height=&#8220;10px&#8220; global_colors_info=&#8220;{}&#8220;][\/et_pb_divider][\/et_pb_column][\/et_pb_row][\/et_pb_section][et_pb_section fb_built=&#8220;1&#8243; admin_label=&#8220;Sektion Einladung&#8220; _builder_version=&#8220;4.27.5&#8243; _module_preset=&#8220;default&#8220; locked=&#8220;off&#8220; collapsed=&#8220;off&#8220; global_colors_info=&#8220;{}&#8220;][et_pb_row column_structure=&#8220;2_5,3_5&#8243; _builder_version=&#8220;4.27.4&#8243; _module_preset=&#8220;default&#8220; width_tablet=&#8220;&#8220; width_phone=&#8220;90%&#8220; width_last_edited=&#8220;on|phone&#8220; max_width_tablet=&#8220;&#8220; max_width_phone=&#8220;&#8220; max_width_last_edited=&#8220;on|phone&#8220; custom_padding=&#8220;60px|0px|0px|0px|false|true&#8220; global_colors_info=&#8220;{}&#8220;][et_pb_column type=&#8220;2_5&#8243; _builder_version=&#8220;4.27.4&#8243; _module_preset=&#8220;default&#8220; global_colors_info=&#8220;{}&#8220;][et_pb_text admin_label=&#8220;\u00dcberblick Einladung&#8220; _builder_version=&#8220;4.27.5&#8243; _module_preset=&#8220;default&#8220; header_2_text_color=&#8220;#000000&#8243; global_colors_info=&#8220;{}&#8220;]<\/p>\n<h2><span style=\"color: #018188;\">Einladung<\/span><\/h2>\n<p>[\/et_pb_text][et_pb_image src=&#8220;https:\/\/socius.de\/wp-content\/uploads\/Diversity-1.jpg&#8220; alt=&#8220;F\u00fcr wen?&#8220; title_text=&#8220;Diversity (1)&#8220; admin_label=&#8220;Icon &#8220; _builder_version=&#8220;4.27.5&#8243; _module_preset=&#8220;default&#8220; global_colors_info=&#8220;{}&#8220;][\/et_pb_image][\/et_pb_column][et_pb_column type=&#8220;3_5&#8243; _builder_version=&#8220;4.27.4&#8243; _module_preset=&#8220;default&#8220; global_colors_info=&#8220;{}&#8220;][et_pb_text admin_label=&#8220;Einladung Text .teasertext&#8220; module_class=&#8220;teasertext li-abstand&#8220; _builder_version=&#8220;4.27.5&#8243; _module_preset=&#8220;default&#8220; global_colors_info=&#8220;{}&#8220;]<span style=\"font-weight: 400;\">Gemeinsam gestalten \u2013 ein Training f\u00fcr alle, die kollektive Prozesse lebendig, verbindend und zukunftsf\u00e4hig begleiten wollen\u00a0<\/span><\/p>\n<p>&nbsp;<\/p>\n<h3><b>Wie gestalten wir unser Miteinander in unsicheren Zeiten und leben Unterschiede als Quelle von Verbindung?\u00a0<\/b><\/h3>\n<p><span style=\"font-weight: 400;\">Leipzig, 7.-10. Mai 2026\u00a0<\/span><\/p>\n<p>Wie k\u00f6nnen wir R\u00e4ume gestalten, in denen Unterschiedlichkeit nicht zur Zerrei\u00dfprobe wird \u2013 sondern zur Quelle von Verbindung, Erkenntnis und gemeinsamer Gestaltung?<span style=\"font-weight: 400;\"><br \/>\n<\/span><span style=\"font-weight: 400;\">Wie gelingt es, inmitten komplexer Herausforderungen nicht den kleinsten gemeinsamen Nenner zu suchen, sondern der <\/span><b>Gleichzeitigkeit vieler Perspektiven<\/b><span style=\"font-weight: 400;\"> wirklich Raum zu geben?<\/span><\/p>\n<p><span style=\"font-weight: 400;\">Dieses Training ist eine Einladung, <\/span><b>Verbundenheit<\/b><span style=\"font-weight: 400;\"> und <\/span><b>Zugeh\u00f6rigkeit <\/b><span style=\"font-weight: 400;\">(Belonging) nicht als Konsens zu verstehen, sondern als <\/span><b>soziale Praxis<\/b><span style=\"font-weight: 400;\">: als Haltung, einander zu h\u00f6ren, ohne sofort zu urteilen. Als F\u00e4higkeit, Spannungen auszuhalten, ohne sie zu gl\u00e4tten. Und als Mut, Vielfalt nicht nur zuzulassen, sondern zu leben.<\/span><\/p>\n<p><span style=\"font-weight: 400;\">Denn demokratische Resilienz entsteht dort, wo wir lernen, <\/span><b>komplexe Fragen gemeinsam zu halten<\/b><span style=\"font-weight: 400;\">, statt vorschnell einfache Antworten zu liefern. Wo wir neue Formen des Miteinanders erproben, in denen Unterschiedlichkeit, Intersektionalit\u00e4t und Machtfragen sichtbar werden d\u00fcrfen \u2013 ohne die Verbindung zu verlieren.<\/span><br \/>\n[\/et_pb_text][et_pb_button button_url=&#8220;#kosten&#8220; button_text=&#8220;zu den Kosten&#8220; disabled_on=&#8220;on|on|on&#8220; admin_label=&#8220;Button Kosten&#8220; _builder_version=&#8220;4.27.5&#8243; _module_preset=&#8220;default&#8220; disabled=&#8220;on&#8220; global_colors_info=&#8220;{}&#8220;][\/et_pb_button][\/et_pb_column][\/et_pb_row][\/et_pb_section][et_pb_section fb_built=&#8220;1&#8243; admin_label=&#8220;Sektion F\u00fcr wen?&#8220; _builder_version=&#8220;4.27.5&#8243; _module_preset=&#8220;default&#8220; border_width_top=&#8220;1px&#8220; border_color_top=&#8220;#000000&#8243; border_style_top=&#8220;dashed&#8220; locked=&#8220;off&#8220; collapsed=&#8220;off&#8220; global_colors_info=&#8220;{}&#8220;][et_pb_row column_structure=&#8220;2_5,3_5&#8243; _builder_version=&#8220;4.27.4&#8243; _module_preset=&#8220;default&#8220; width_tablet=&#8220;&#8220; width_phone=&#8220;90%&#8220; width_last_edited=&#8220;on|phone&#8220; max_width_tablet=&#8220;&#8220; max_width_phone=&#8220;&#8220; max_width_last_edited=&#8220;on|phone&#8220; custom_padding=&#8220;60px|0px|0px|0px|false|true&#8220; global_colors_info=&#8220;{}&#8220;][et_pb_column type=&#8220;2_5&#8243; _builder_version=&#8220;4.27.4&#8243; _module_preset=&#8220;default&#8220; global_colors_info=&#8220;{}&#8220;][et_pb_text admin_label=&#8220;F\u00fcr wen? \u00dcberschrift&#8220; _builder_version=&#8220;4.27.4&#8243; _module_preset=&#8220;default&#8220; header_2_text_color=&#8220;#000000&#8243; global_colors_info=&#8220;{}&#8220;]<\/p>\n<h2><span style=\"color: #018188;\">F\u00fcr wen?<\/span><\/h2>\n<p>[\/et_pb_text][et_pb_image src=&#8220;https:\/\/socius.de\/wp-content\/uploads\/produkt_fuer-wen.jpg&#8220; alt=&#8220;F\u00fcr wen?&#8220; title_text=&#8220;F\u00fcr wen?&#8220; admin_label=&#8220;Icon People &#8220; _builder_version=&#8220;4.27.5&#8243; _module_preset=&#8220;default&#8220; global_colors_info=&#8220;{}&#8220;][\/et_pb_image][\/et_pb_column][et_pb_column type=&#8220;3_5&#8243; _builder_version=&#8220;4.27.4&#8243; _module_preset=&#8220;default&#8220; global_colors_info=&#8220;{}&#8220;][et_pb_text admin_label=&#8220;F\u00fcr wen? Text .teasertext&#8220; module_class=&#8220;teasertext&#8220; _builder_version=&#8220;4.27.6&#8243; _module_preset=&#8220;default&#8220; global_colors_info=&#8220;{}&#8220;]<\/p>\n<p><span style=\"font-weight: 400;\">F\u00fcr Menschen, die mit Teams oder Gruppen arbeiten \u2013 ob in Organisationen, Bewegungen, Unternehmen, Kommunen, Schulen oder Nachbarschaften.<\/span><\/p>\n<p class=\"p1\"><span class=\"s1\">F\u00fcr alle, die neue Wege der <strong>Zusammenarbeit, Beteiligung und F\u00fchrung <\/strong>erkunden m\u00f6chten \u2013 gerade dort, wo es komplex, widerspr\u00fcchlich oder emotional wird.<\/span><\/p>\n<p><span style=\"font-weight: 400;\">Das Training richtet sich unter anderem an:<\/span><span style=\"font-weight: 400;\"><br \/><\/span><\/p>\n<ul>\n<li style=\"font-weight: 400;\" aria-level=\"1\"><span style=\"font-weight: 400;\">Community-Leader:innen und Organizer:innen<\/span><\/li>\n<li style=\"font-weight: 400;\" aria-level=\"1\"><span style=\"font-weight: 400;\">Menschen in Projektverantwortung, Entscheidungs- oder Koordinationsrollen<\/span><\/li>\n<li style=\"font-weight: 400;\" aria-level=\"1\"><span style=\"font-weight: 400;\">F\u00fchrungskr\u00e4fte und Verantwortliche in Unternehmen, die Ver\u00e4nderungsprozesse gestalten<\/span><\/li>\n<li style=\"font-weight: 400;\" aria-level=\"1\"><span style=\"font-weight: 400;\">Akteur:innen aus NGOs, Initiativen und zivilgesellschaftlichen Organisationen<\/span><\/li>\n<li style=\"font-weight: 400;\" aria-level=\"1\"><span style=\"font-weight: 400;\">Sozialunternehmer:innen, Intrapreneur:innen und Corporate Innovator:innen<\/span><\/li>\n<li style=\"font-weight: 400;\" aria-level=\"1\"><span style=\"font-weight: 400;\">Facilitator:innen, Moderator:innen, Coaches und Berater:innen<\/span><\/li>\n<li style=\"font-weight: 400;\" aria-level=\"1\"><span style=\"font-weight: 400;\">K\u00fcnstler:innen, Aktivist:innen und Social Designer:innen<\/span><\/li>\n<li style=\"font-weight: 400;\" aria-level=\"1\"><span style=\"font-weight: 400;\">Menschen, die sektor\u00fcbergreifende Dialoge initiieren oder begleiten<\/span><\/li>\n<li style=\"font-weight: 400;\" aria-level=\"1\"><span style=\"font-weight: 400;\">Mitarbeitende in Verwaltung, Kommunen und Politik<\/span><\/li>\n<li style=\"font-weight: 400;\" aria-level=\"1\"><span style=\"font-weight: 400;\">Lehrende, Trainer:innen und lebenslang Lernende<\/span><\/li>\n<\/ul>\n<p>[\/et_pb_text][\/et_pb_column][\/et_pb_row][\/et_pb_section][et_pb_section fb_built=&#8220;1&#8243; admin_label=&#8220;Sektion Teiler 10px hoch&#8220; _builder_version=&#8220;4.27.4&#8243; _module_preset=&#8220;default&#8220; custom_margin=&#8220;0px||0px||false|false&#8220; custom_padding=&#8220;0px||0px||false|false&#8220; locked=&#8220;off&#8220; collapsed=&#8220;on&#8220; global_colors_info=&#8220;{}&#8220;][et_pb_row _builder_version=&#8220;4.27.4&#8243; _module_preset=&#8220;default&#8220; width=&#8220;100%&#8220; max_width=&#8220;100%&#8220; module_alignment=&#8220;center&#8220; global_colors_info=&#8220;{}&#8220;][et_pb_column type=&#8220;4_4&#8243; _builder_version=&#8220;4.27.4&#8243; _module_preset=&#8220;default&#8220; global_colors_info=&#8220;{}&#8220;][et_pb_divider show_divider=&#8220;off&#8220; admin_label=&#8220;Teiler 10px hoch&#8220; _builder_version=&#8220;4.27.5&#8243; _module_preset=&#8220;default&#8220; use_background_color_gradient=&#8220;on&#8220; background_color_gradient_direction=&#8220;90deg&#8220; background_color_gradient_stops=&#8220;#008188 0%|#77e288 100%&#8220; width=&#8220;100%&#8220; max_width=&#8220;100%&#8220; module_alignment=&#8220;center&#8220; height=&#8220;10px&#8220; global_colors_info=&#8220;{}&#8220;][\/et_pb_divider][\/et_pb_column][\/et_pb_row][\/et_pb_section][et_pb_section fb_built=&#8220;1&#8243; admin_label=&#8220;Sektion Termine &#8220; _builder_version=&#8220;4.27.5&#8243; _module_preset=&#8220;default&#8220; border_color_top=&#8220;#000000&#8243; border_style_top=&#8220;dashed&#8220; locked=&#8220;off&#8220; collapsed=&#8220;off&#8220; global_colors_info=&#8220;{}&#8220;][et_pb_row column_structure=&#8220;2_5,3_5&#8243; admin_label=&#8220;Zeile Termine&#8220; _builder_version=&#8220;4.27.4&#8243; _module_preset=&#8220;default&#8220; width_tablet=&#8220;&#8220; width_phone=&#8220;90%&#8220; width_last_edited=&#8220;on|phone&#8220; max_width_tablet=&#8220;&#8220; max_width_phone=&#8220;&#8220; max_width_last_edited=&#8220;on|phone&#8220; custom_padding=&#8220;60px|0px|0px|0px|false|true&#8220; global_colors_info=&#8220;{}&#8220;][et_pb_column type=&#8220;2_5&#8243; _builder_version=&#8220;4.27.4&#8243; _module_preset=&#8220;default&#8220; global_colors_info=&#8220;{}&#8220;][et_pb_text admin_label=&#8220;wann? \u00dcberschrift&#8220; _builder_version=&#8220;4.27.4&#8243; _module_preset=&#8220;default&#8220; header_2_text_color=&#8220;#000000&#8243; global_colors_info=&#8220;{}&#8220;]<\/p>\n<h2><span style=\"color: #018188;\">Wann?<\/span><\/h2>\n<p>[\/et_pb_text][et_pb_image src=&#8220;https:\/\/socius.de\/wp-content\/uploads\/UhrzeitDatum.jpg&#8220; alt=&#8220;Termine&#8220; title_text=&#8220;ICON UhrzeitDatum&#8220; admin_label=&#8220;Icon Termine&#8220; _builder_version=&#8220;4.27.5&#8243; _module_preset=&#8220;default&#8220; width=&#8220;100%&#8220; module_alignment=&#8220;left&#8220; global_colors_info=&#8220;{}&#8220;][\/et_pb_image][\/et_pb_column][et_pb_column type=&#8220;3_5&#8243; _builder_version=&#8220;4.27.4&#8243; _module_preset=&#8220;default&#8220; global_colors_info=&#8220;{}&#8220;][et_pb_text admin_label=&#8220;wann Text .teasertext&#8220; module_class=&#8220;teasertext&#8220; _builder_version=&#8220;4.27.6&#8243; _module_preset=&#8220;default&#8220; global_colors_info=&#8220;{}&#8220;]<\/p>\n<p><b>Donnerstag, 7. Mai<br \/><\/b> <span style=\"font-weight: 400;\">Ankommen ab 14:30 &#8211; <\/span><span style=\"font-weight: 400;\">15:00-18:00 Uhr,<br \/><\/span><span style=\"font-weight: 400;\">Coaching 18:00-19:00 (optional) <\/span><br \/><b>Freitag, 8. Mai<br \/><\/b> <span style=\"font-weight: 400;\">9:30-18:00 Uhr,<br \/><\/span><span style=\"font-weight: 400;\">Coaching 18:00-19:00 (optional) <\/span><br \/><b>Samstag, 9. Mai<br \/><\/b><span style=\"font-weight: 400;\">9:30-18:00 Uhr,<br \/><\/span><span style=\"font-weight: 400;\">Coaching 18:00-19:00 (optional)<\/span><br \/><b>Sonntag, 10. Mai<br \/><\/b> <span style=\"font-weight: 400;\">9:30-14:00 Uhr<\/span><\/p>\n<h5>In der <strong>Freien Schule Leipzig, Alte Salzstr. 67, 04209 Leipzig<\/strong><\/h5>\n<p>&nbsp;<\/p>\n<ul>\n<li>Die Veranstaltung ist als <a href=\"https:\/\/socius.de\/wp-content\/uploads\/Anschreiben-1.pdf\">Bildungszeit\u00a0gem\u00e4\u00df \u00a7 10 Berliner BiZeitG<\/a> anerkannt.<\/li>\n<li>Ebenso liegt uns ein <a href=\"https:\/\/socius.de\/wp-content\/uploads\/Saarland_Bescheid-uber-die-Anerkennung-von-Bildungsveranstaltungen_AoH.pdf\">Bescheid nach dem Saarla\u0308ndischen Bildungsfreistellungsgesetz<\/a> vor, sowie nach dem <a href=\"https:\/\/socius.de\/wp-content\/uploads\/Sachsen-Anhalt_Bescheid-uber-die-Anerkennung-von-Bildungsveranstaltungen_AoH.pdf\">Bildungsfreistellungsgesetz von Sachsen-Anhalt,\u00a0<\/a>dem <a href=\"https:\/\/socius.de\/wp-content\/uploads\/Brandenburg_Bescheid-uber-die-Anerkennung-von-Bildungsveranstaltungen_AoH.pdf\">Brandenburgischen Erwachsenenbildungsgesetz<\/a> und dem <a href=\"https:\/\/socius.de\/wp-content\/uploads\/Thuringen_Bescheid-uber-die-Anerkennung-von-Bildungsveranstaltungen_AoH.pdf\">Th\u00fcringer Bildungsfreistellungsgesetz<\/a>.<\/li>\n<\/ul>\n<p>[\/et_pb_text][\/et_pb_column][\/et_pb_row][\/et_pb_section][et_pb_section fb_built=&#8220;1&#8243; admin_label=&#8220;Sektion Was nimmst du mit? Verlauf mint-petrol-mint mit Text und Grafik&#8220; _builder_version=&#8220;4.27.4&#8243; _module_preset=&#8220;default&#8220; background_enable_color=&#8220;off&#8220; use_background_color_gradient=&#8220;on&#8220; background_color_gradient_stops=&#8220;#008188 0%|#1b1f34 100%&#8220; width=&#8220;100%&#8220; max_width=&#8220;100%&#8220; module_alignment=&#8220;center&#8220; custom_margin=&#8220;||||true|true&#8220; custom_padding=&#8220;||||true|true&#8220; locked=&#8220;off&#8220; collapsed=&#8220;on&#8220; global_colors_info=&#8220;{}&#8220;][et_pb_row admin_label=&#8220;Zeile wei\u00dfer Text mit Infografik&#8220; _builder_version=&#8220;4.27.4&#8243; _module_preset=&#8220;default&#8220; max_width=&#8220;928px&#8220; module_alignment=&#8220;center&#8220; custom_margin=&#8220;0px||||false|false&#8220; custom_padding=&#8220;||||false|false&#8220; global_colors_info=&#8220;{}&#8220;][et_pb_column type=&#8220;4_4&#8243; _builder_version=&#8220;4.27.4&#8243; _module_preset=&#8220;default&#8220; global_colors_info=&#8220;{}&#8220;][et_pb_text admin_label=&#8220;Was nimmst du mit? \u00dcberschrift H2 wei\u00dfer Text 1-spaltig&#8220; _builder_version=&#8220;4.27.5&#8243; _module_preset=&#8220;default&#8220; text_text_color=&#8220;#FFFFFF&#8220; header_text_align=&#8220;center&#8220; header_text_color=&#8220;#FFFFFF&#8220; header_2_text_align=&#8220;center&#8220; header_2_text_color=&#8220;#FFFFFF&#8220; header_3_text_color=&#8220;#FFFFFF&#8220; header_4_text_color=&#8220;#FFFFFF&#8220; header_5_text_color=&#8220;#FFFFFF&#8220; header_6_text_color=&#8220;#FFFFFF&#8220; global_colors_info=&#8220;{}&#8220;]<\/p>\n<h2>Was nimmst du mit?<\/h2>\n<p>[\/et_pb_text][et_pb_text admin_label=&#8220; wei\u00dfer Text 1-spaltig teasertext&#8220; module_class=&#8220;teasertext&#8220; _builder_version=&#8220;4.27.5&#8243; _module_preset=&#8220;default&#8220; text_text_color=&#8220;#FFFFFF&#8220; header_text_align=&#8220;center&#8220; header_text_color=&#8220;#FFFFFF&#8220; header_2_text_align=&#8220;center&#8220; header_2_text_color=&#8220;#FFFFFF&#8220; header_3_text_color=&#8220;#FFFFFF&#8220; header_4_text_color=&#8220;#FFFFFF&#8220; header_5_text_color=&#8220;#FFFFFF&#8220; header_6_text_color=&#8220;#FFFFFF&#8220; global_colors_info=&#8220;{}&#8220;]In diesem Art of Hosting-Training lernst du, wie du <strong>kollektive R\u00e4ume gestaltest<\/strong>, in denen Menschen sich beteiligen k\u00f6nnen \u2013 ganz, mit ihrer Geschichte, Perspektive und Erfahrung. Du erlebst Hosting als <strong>verantwortungsvolle, kreative Praxis<\/strong>: des Zuh\u00f6rens, der Strukturgebung, des Verlernens und des Erm\u00f6glichens. Gemeinsam erkunden wir:[\/et_pb_text][\/et_pb_column][\/et_pb_row][et_pb_row column_structure=&#8220;1_2,1_2&#8243; admin_label=&#8220;Zeile wei\u00dfer Text mit Infografik&#8220; _builder_version=&#8220;4.27.4&#8243; _module_preset=&#8220;default&#8220; max_width=&#8220;928px&#8220; max_width_tablet=&#8220;460px&#8220; max_width_phone=&#8220;343px&#8220; max_width_last_edited=&#8220;on|phone&#8220; module_alignment=&#8220;center&#8220; custom_margin=&#8220;0px||0px||false|false&#8220; custom_padding=&#8220;0px||||false|false&#8220; collapsed=&#8220;off&#8220; global_colors_info=&#8220;{}&#8220;][et_pb_column type=&#8220;1_2&#8243; _builder_version=&#8220;4.27.4&#8243; _module_preset=&#8220;default&#8220; global_colors_info=&#8220;{}&#8220; custom_css_main_element_last_edited=&#8220;on|phone&#8220; custom_css_main_element_tablet=&#8220;width: 100% !important;||margin-right: 0 !important;||margin-bottom: 0 !important;&#8220; custom_css_main_element_phone=&#8220;width: 100% !important;||margin-right: 0 !important;||margin-bottom: 0 !important;&#8220;][et_pb_text admin_label=&#8220;wei\u00dfer Text 2-spaltig&#8220; module_class=&#8220;list-lemon angebote&#8220; _builder_version=&#8220;4.27.5&#8243; _module_preset=&#8220;default&#8220; text_text_color=&#8220;#FFFFFF&#8220; header_text_color=&#8220;#FFFFFF&#8220; header_2_text_color=&#8220;#FFFFFF&#8220; header_3_text_color=&#8220;#FFFFFF&#8220; header_4_text_color=&#8220;#FFFFFF&#8220; header_5_text_color=&#8220;#FFFFFF&#8220; header_6_text_color=&#8220;#FFFFFF&#8220; custom_margin=&#8220;||0px||false|false&#8220; global_colors_info=&#8220;{}&#8220;]<\/p>\n<ul>\n<li><span style=\"font-weight: 400;\">wie du in Team- &amp; Gruppenprozessen die Balance h\u00e4ltst zwischen Struktur und Offenheit<\/span><\/li>\n<\/ul>\n<p>[\/et_pb_text][et_pb_text admin_label=&#8220;wei\u00dfer Text 2-spaltig&#8220; module_class=&#8220;list-lemon angebote&#8220; _builder_version=&#8220;4.27.5&#8243; _module_preset=&#8220;default&#8220; text_text_color=&#8220;#FFFFFF&#8220; header_text_color=&#8220;#FFFFFF&#8220; header_2_text_color=&#8220;#FFFFFF&#8220; header_3_text_color=&#8220;#FFFFFF&#8220; header_4_text_color=&#8220;#FFFFFF&#8220; header_5_text_color=&#8220;#FFFFFF&#8220; header_6_text_color=&#8220;#FFFFFF&#8220; custom_margin=&#8220;||0px||false|false&#8220; global_colors_info=&#8220;{}&#8220;]<\/p>\n<ul>\n<li>was es bedeutet, <strong>Widerspr\u00fcche, Unterschiede und Ambivalenz nebeneinander stehen zu lassen<\/strong><\/li>\n<\/ul>\n<p>[\/et_pb_text][et_pb_text admin_label=&#8220;wei\u00dfer Text 2-spaltig&#8220; module_class=&#8220;list-lemon angebote&#8220; _builder_version=&#8220;4.27.5&#8243; _module_preset=&#8220;default&#8220; text_text_color=&#8220;#FFFFFF&#8220; header_text_color=&#8220;#FFFFFF&#8220; header_2_text_color=&#8220;#FFFFFF&#8220; header_3_text_color=&#8220;#FFFFFF&#8220; header_4_text_color=&#8220;#FFFFFF&#8220; header_5_text_color=&#8220;#FFFFFF&#8220; header_6_text_color=&#8220;#FFFFFF&#8220; custom_margin=&#8220;||0px||false|false&#8220; global_colors_info=&#8220;{}&#8220;]<\/p>\n<ul>\n<li><span style=\"font-weight: 400;\">wie wir mit bew\u00e4hrten <strong>Hosting-Formaten<\/strong> wie Circle Practice, World Caf\u00e9 oder Open Space lebendige <strong>Begegnungen erm\u00f6glichen<\/strong><\/span><\/li>\n<\/ul>\n<p>[\/et_pb_text][et_pb_text admin_label=&#8220;wei\u00dfer Text 2-spaltig&#8220; module_class=&#8220;list-lemon angebote&#8220; _builder_version=&#8220;4.27.5&#8243; _module_preset=&#8220;default&#8220; text_text_color=&#8220;#FFFFFF&#8220; header_text_color=&#8220;#FFFFFF&#8220; header_2_text_color=&#8220;#FFFFFF&#8220; header_3_text_color=&#8220;#FFFFFF&#8220; header_4_text_color=&#8220;#FFFFFF&#8220; header_5_text_color=&#8220;#FFFFFF&#8220; header_6_text_color=&#8220;#FFFFFF&#8220; custom_margin=&#8220;||0px||false|false&#8220; locked=&#8220;off&#8220; global_colors_info=&#8220;{}&#8220;]<\/p>\n<ul>\n<li><span style=\"font-weight: 400;\">wie sich <strong>kollektive Intelligenz entfaltet<\/strong>, wenn wir nicht vorsortieren, sondern verweilen<\/span><\/li>\n<\/ul>\n<p>[\/et_pb_text][\/et_pb_column][et_pb_column type=&#8220;1_2&#8243; _builder_version=&#8220;4.27.4&#8243; _module_preset=&#8220;default&#8220; global_colors_info=&#8220;{}&#8220; custom_css_main_element_last_edited=&#8220;on|phone&#8220; custom_css_main_element_tablet=&#8220;width: 100% !important;||margin-right: 0 !important;||margin-bottom: 0 !important;&#8220; custom_css_main_element_phone=&#8220;width: 100% !important;||margin-right: 0 !important;||margin-bottom: 0 !important;&#8220;][et_pb_text admin_label=&#8220;wei\u00dfer Text 2-spaltig&#8220; module_class=&#8220;list-lemon angebote&#8220; _builder_version=&#8220;4.27.5&#8243; _module_preset=&#8220;default&#8220; text_text_color=&#8220;#FFFFFF&#8220; header_text_color=&#8220;#FFFFFF&#8220; header_2_text_color=&#8220;#FFFFFF&#8220; header_3_text_color=&#8220;#FFFFFF&#8220; header_4_text_color=&#8220;#FFFFFF&#8220; header_5_text_color=&#8220;#FFFFFF&#8220; header_6_text_color=&#8220;#FFFFFF&#8220; custom_margin=&#8220;||0px||false|false&#8220; global_colors_info=&#8220;{}&#8220;]<\/p>\n<ul>\n<li><span style=\"font-weight: 400;\">wie <strong>Verbindung<\/strong> entstehen kann \u2013 auch ohne Einigkeit<\/span><\/li>\n<\/ul>\n<p>[\/et_pb_text][et_pb_text admin_label=&#8220;wei\u00dfer Text 2-spaltig&#8220; module_class=&#8220;list-lemon angebote&#8220; _builder_version=&#8220;4.27.5&#8243; _module_preset=&#8220;default&#8220; text_text_color=&#8220;#FFFFFF&#8220; header_text_color=&#8220;#FFFFFF&#8220; header_2_text_color=&#8220;#FFFFFF&#8220; header_3_text_color=&#8220;#FFFFFF&#8220; header_4_text_color=&#8220;#FFFFFF&#8220; header_5_text_color=&#8220;#FFFFFF&#8220; header_6_text_color=&#8220;#FFFFFF&#8220; custom_margin=&#8220;||0px||false|false&#8220; global_colors_info=&#8220;{}&#8220;]<\/p>\n<ul>\n<li><span style=\"font-weight: 400;\">wie du <strong>dich selbst<\/strong> in komplexen, <strong>spannungsvollen Situationen orientieren<\/strong> und pr\u00e4sent halten kannst<\/span><\/li>\n<\/ul>\n<p class=\"small\">[\/et_pb_text][et_pb_text admin_label=&#8220;wei\u00dfer Text 2-spaltig&#8220; module_class=&#8220;list-lemon angebote&#8220; _builder_version=&#8220;4.27.5&#8243; _module_preset=&#8220;default&#8220; text_text_color=&#8220;#FFFFFF&#8220; header_text_color=&#8220;#FFFFFF&#8220; header_2_text_color=&#8220;#FFFFFF&#8220; header_3_text_color=&#8220;#FFFFFF&#8220; header_4_text_color=&#8220;#FFFFFF&#8220; header_5_text_color=&#8220;#FFFFFF&#8220; header_6_text_color=&#8220;#FFFFFF&#8220; custom_margin=&#8220;||0px||false|false&#8220; global_colors_info=&#8220;{}&#8220;]<\/p>\n<ul>\n<li><span style=\"font-weight: 400;\">wie aus punktuellen Beteiligungsprozessen <strong>gelebte partizipative Kultur<\/strong> wachsen kann<\/span><\/li>\n<\/ul>\n<p class=\"small\">[\/et_pb_text][et_pb_text admin_label=&#8220;wei\u00dfer Text 2-spaltig&#8220; module_class=&#8220;list-lemon angebote&#8220; _builder_version=&#8220;4.27.5&#8243; _module_preset=&#8220;default&#8220; text_text_color=&#8220;#FFFFFF&#8220; header_text_color=&#8220;#FFFFFF&#8220; header_2_text_color=&#8220;#FFFFFF&#8220; header_3_text_color=&#8220;#FFFFFF&#8220; header_4_text_color=&#8220;#FFFFFF&#8220; header_5_text_color=&#8220;#FFFFFF&#8220; header_6_text_color=&#8220;#FFFFFF&#8220; custom_margin=&#8220;||0px||false|false&#8220; locked=&#8220;off&#8220; global_colors_info=&#8220;{}&#8220;]<\/p>\n<ul>\n<li><span style=\"font-weight: 400;\">wie das Erlebte in deinem <strong>eigenen Kontext weiterwirken<\/strong> kann<\/span><\/li>\n<\/ul>\n<p class=\"small\">[\/et_pb_text][\/et_pb_column][\/et_pb_row][\/et_pb_section][et_pb_section fb_built=&#8220;1&#8243; disabled_on=&#8220;on|on|on&#8220; admin_label=&#8220;Sektion Zitat&#8220; _builder_version=&#8220;4.27.4&#8243; _module_preset=&#8220;default&#8220; custom_margin=&#8220;0px||0px||false|false&#8220; custom_padding=&#8220;0px||0px||false|false&#8220; disabled=&#8220;on&#8220; locked=&#8220;off&#8220; collapsed=&#8220;on&#8220; global_colors_info=&#8220;{}&#8220;][et_pb_row _builder_version=&#8220;4.27.4&#8243; _module_preset=&#8220;default&#8220; width=&#8220;100%&#8220; max_width=&#8220;100%&#8220; module_alignment=&#8220;center&#8220; global_colors_info=&#8220;{}&#8220;][et_pb_column type=&#8220;4_4&#8243; _builder_version=&#8220;4.27.4&#8243; _module_preset=&#8220;default&#8220; global_colors_info=&#8220;{}&#8220;][et_pb_divider show_divider=&#8220;off&#8220; admin_label=&#8220;Teiler 10px hoch&#8220; _builder_version=&#8220;4.27.5&#8243; _module_preset=&#8220;default&#8220; use_background_color_gradient=&#8220;on&#8220; background_color_gradient_direction=&#8220;90deg&#8220; background_color_gradient_stops=&#8220;#008188 0%|#77e288 100%&#8220; width=&#8220;100%&#8220; max_width=&#8220;100%&#8220; module_alignment=&#8220;center&#8220; height=&#8220;10px&#8220; global_colors_info=&#8220;{}&#8220;][\/et_pb_divider][et_pb_text admin_label=&#8220;Zitat&#8220; _builder_version=&#8220;4.27.5&#8243; _module_preset=&#8220;default&#8220; global_colors_info=&#8220;{}&#8220;]&nbsp;<\/p>\n<h4 style=\"text-align: center;\"><span style=\"font-weight: 400;\">Gestalte R\u00e4ume f\u00fcr bedeutsame Gespr\u00e4che.<\/span><\/h4>\n<h4 style=\"text-align: center;\"><span style=\"font-weight: 400;\"><br \/>\n<\/span><span style=\"font-weight: 400;\">Host conversations that matter.\u00a0<\/span><\/h4>\n<p class=\"small\">[\/et_pb_text][et_pb_divider show_divider=&#8220;off&#8220; admin_label=&#8220;Teiler 10px hoch&#8220; _builder_version=&#8220;4.27.5&#8243; _module_preset=&#8220;default&#8220; use_background_color_gradient=&#8220;on&#8220; background_color_gradient_direction=&#8220;90deg&#8220; background_color_gradient_stops=&#8220;#008188 0%|#77e288 100%&#8220; width=&#8220;100%&#8220; max_width=&#8220;100%&#8220; module_alignment=&#8220;center&#8220; height=&#8220;10px&#8220; global_colors_info=&#8220;{}&#8220;][\/et_pb_divider][\/et_pb_column][\/et_pb_row][\/et_pb_section][et_pb_section fb_built=&#8220;1&#8243; admin_label=&#8220;Section Haltung etc&#8220; _builder_version=&#8220;4.27.5&#8243; _module_preset=&#8220;default&#8220; collapsed=&#8220;on&#8220; global_colors_info=&#8220;{}&#8220;][et_pb_row column_structure=&#8220;1_2,1_2&#8243; _builder_version=&#8220;4.27.5&#8243; _module_preset=&#8220;default&#8220; global_colors_info=&#8220;{}&#8220;][et_pb_column type=&#8220;1_2&#8243; _builder_version=&#8220;4.27.5&#8243; _module_preset=&#8220;default&#8220; global_colors_info=&#8220;{}&#8220;][et_pb_image src=&#8220;https:\/\/socius.de\/wp-content\/uploads\/AoH_Square_1.jpg&#8220; alt=&#8220;Christian Baier&#8220; title_text=&#8220;AoH_Square_1&#8243; _builder_version=&#8220;4.27.5&#8243; _module_preset=&#8220;default&#8220; border_radii=&#8220;on|27px|27px|27px|27px&#8220; locked=&#8220;off&#8220; global_colors_info=&#8220;{}&#8220;][\/et_pb_image][\/et_pb_column][et_pb_column type=&#8220;1_2&#8243; _builder_version=&#8220;4.27.5&#8243; _module_preset=&#8220;default&#8220; global_colors_info=&#8220;{}&#8220;][et_pb_text admin_label=&#8220;Wir begleiten&#8230; Text H3\/.teasertext&#8220; module_class=&#8220;teasertext&#8220; _builder_version=&#8220;4.27.5&#8243; _module_preset=&#8220;default&#8220; custom_margin_tablet=&#8220;&#8220; custom_margin_phone=&#8220;30px||||false|false&#8220; custom_margin_last_edited=&#8220;on|phone&#8220; locked=&#8220;off&#8220; global_colors_info=&#8220;{}&#8220;]<\/p>\n<p><b>Haltung des Hostings: Verantwortung teilen, Pr\u00e4senz kultivieren<br \/><\/b>Art of Hosting verbindet Praxis und Erfahrung darin, wie Ver\u00e4nderung in Organisationen und Gesellschaft wirksam gestaltet werden kann. Es ist eine bewusste Art, in Beziehung zu gehen \u2013 besonders dort, wo es keine einfachen L\u00f6sungen gibt. <br \/>Hosting hei\u00dft: pr\u00e4sent sein, zuh\u00f6ren und Verantwortung teilen. Unterschiedlichkeit wird dabei zur Ressource f\u00fcr gemeinsames Lernen. So entstehen R\u00e4ume, in denen Vertrauen wachsen kann \u2013 auch in Spannungsfeldern.<\/p>\n<p>[\/et_pb_text][\/et_pb_column][\/et_pb_row][et_pb_row column_structure=&#8220;1_2,1_2&#8243; _builder_version=&#8220;4.27.5&#8243; _module_preset=&#8220;default&#8220; global_colors_info=&#8220;{}&#8220;][et_pb_column type=&#8220;1_2&#8243; _builder_version=&#8220;4.27.5&#8243; _module_preset=&#8220;default&#8220; global_colors_info=&#8220;{}&#8220;][et_pb_image src=&#8220;https:\/\/socius.de\/wp-content\/uploads\/AoH_Square_2.jpg&#8220; alt=&#8220;Christian Baier&#8220; title_text=&#8220;AoH_Square_2&#8243; _builder_version=&#8220;4.27.5&#8243; _module_preset=&#8220;default&#8220; border_radii=&#8220;on|27px|27px|27px|27px&#8220; locked=&#8220;off&#8220; global_colors_info=&#8220;{}&#8220;][\/et_pb_image][\/et_pb_column][et_pb_column type=&#8220;1_2&#8243; _builder_version=&#8220;4.27.5&#8243; _module_preset=&#8220;default&#8220; global_colors_info=&#8220;{}&#8220;][et_pb_text admin_label=&#8220;Wir begleiten&#8230; Text H3\/.teasertext&#8220; module_class=&#8220;teasertext&#8220; _builder_version=&#8220;4.27.5&#8243; _module_preset=&#8220;default&#8220; custom_margin_tablet=&#8220;&#8220; custom_margin_phone=&#8220;30px||||false|false&#8220; custom_margin_last_edited=&#8220;on|phone&#8220; locked=&#8220;off&#8220; global_colors_info=&#8220;{}&#8220;]<\/p>\n<p><span style=\"font-weight: 400;\"><b>Orientierung &amp; Lebendigkeit: Prozesse gestalten, ohne sie zu kontrollieren\u00a0<br \/><\/b><\/span>In komplexen Situationen brauchen Menschen Orientierung \u2013 und R\u00e4ume f\u00fcr Neues. Art of Hosting verbindet beides: klare Prozessarchitekturen und lebendige, offene R\u00e4ume. Orientierung entsteht durch bewusste Rahmung und transparente Prozesse \u2013 nicht durch Kontrolle. So k\u00f6nnen Unterschiede nebeneinander stehen, ohne beliebig zu werden, und gemeinsame Richtung wachsen, ohne Vielfalt zu verlieren.<\/p>\n<p><span style=\"font-weight: 400;\">\u00a0<\/span><\/p>\n<p>[\/et_pb_text][\/et_pb_column][\/et_pb_row][et_pb_row column_structure=&#8220;1_2,1_2&#8243; _builder_version=&#8220;4.27.5&#8243; _module_preset=&#8220;default&#8220; global_colors_info=&#8220;{}&#8220;][et_pb_column type=&#8220;1_2&#8243; _builder_version=&#8220;4.27.5&#8243; _module_preset=&#8220;default&#8220; global_colors_info=&#8220;{}&#8220;][et_pb_image src=&#8220;https:\/\/socius.de\/wp-content\/uploads\/AoH_Square_3.jpg&#8220; alt=&#8220;Christian Baier&#8220; title_text=&#8220;AoH_Square_3&#8243; _builder_version=&#8220;4.27.5&#8243; _module_preset=&#8220;default&#8220; border_radii=&#8220;on|27px|27px|27px|27px&#8220; locked=&#8220;off&#8220; global_colors_info=&#8220;{}&#8220;][\/et_pb_image][\/et_pb_column][et_pb_column type=&#8220;1_2&#8243; _builder_version=&#8220;4.27.5&#8243; _module_preset=&#8220;default&#8220; global_colors_info=&#8220;{}&#8220;][et_pb_text admin_label=&#8220;Wir begleiten&#8230; Text H3\/.teasertext&#8220; module_class=&#8220;teasertext&#8220; _builder_version=&#8220;4.27.5&#8243; _module_preset=&#8220;default&#8220; custom_margin_tablet=&#8220;&#8220; custom_margin_phone=&#8220;30px||||false|false&#8220; custom_margin_last_edited=&#8220;on|phone&#8220; locked=&#8220;off&#8220; global_colors_info=&#8220;{}&#8220;]<\/p>\n<p class=\"p1\"><b>Dialogische Methoden &amp; Formate: Begegnung erm\u00f6glichen, Beteiligung vertiefen<br \/><\/b><b><\/b>Art of Hosting vereint bew\u00e4hrte dialogische Methoden, die Beteiligung erm\u00f6glichen und vertiefen. Sie schaffen Strukturen, in denen viele Stimmen h\u00f6rbar werden und Beziehung entstehen kann. Formate wie Circle Practice, World Caf\u00e9 oder Open Space Technology laden ein, zuzuh\u00f6ren, Perspektiven zu teilen und gemeinsam Bedeutung zu entwickeln. <br \/>So wird Dialog zum Raum kollektiver Intelligenz. Durch gezieltes Harvesting werden Einsichten sichtbar und f\u00fcr weiteres Handeln nutzbar.<\/p>\n<p class=\"small\">[\/et_pb_text][\/et_pb_column][\/et_pb_row][et_pb_row column_structure=&#8220;1_2,1_2&#8243; _builder_version=&#8220;4.27.5&#8243; _module_preset=&#8220;default&#8220; global_colors_info=&#8220;{}&#8220;][et_pb_column type=&#8220;1_2&#8243; _builder_version=&#8220;4.27.5&#8243; _module_preset=&#8220;default&#8220; global_colors_info=&#8220;{}&#8220;][et_pb_image src=&#8220;https:\/\/socius.de\/wp-content\/uploads\/AoH_Square_4.jpg&#8220; alt=&#8220;Christian Baier&#8220; title_text=&#8220;AoH_Square_4&#8243; _builder_version=&#8220;4.27.5&#8243; _module_preset=&#8220;default&#8220; border_radii=&#8220;on|27px|27px|27px|27px&#8220; locked=&#8220;off&#8220; global_colors_info=&#8220;{}&#8220;][\/et_pb_image][\/et_pb_column][et_pb_column type=&#8220;1_2&#8243; _builder_version=&#8220;4.27.5&#8243; _module_preset=&#8220;default&#8220; global_colors_info=&#8220;{}&#8220;][et_pb_text admin_label=&#8220;Wir begleiten&#8230; Text H3\/.teasertext&#8220; module_class=&#8220;teasertext&#8220; _builder_version=&#8220;4.27.5&#8243; _module_preset=&#8220;default&#8220; custom_margin_tablet=&#8220;&#8220; custom_margin_phone=&#8220;30px||||false|false&#8220; custom_margin_last_edited=&#8220;on|phone&#8220; locked=&#8220;off&#8220; global_colors_info=&#8220;{}&#8220;]<\/p>\n<p><b>Erfahrungsbasiertes Lernen: Vom Erleben zur eigenen Praxis<br \/><\/b>Das Art of Hosting-Training ist erfahrungsbasiert: Du wirst selbst hosten und gehostet werden, beobachten und reflektieren, was im Prozess entsteht. Lernen geschieht durch Erleben und bewusste Auswertung \u2013 nicht prim\u00e4r durch Vermittlung. Ein zentraler Bestandteil ist das Harvesting: Erkenntnisse werden verdichtet, sichtbar gemacht und f\u00fcr die Praxis nutzbar. Die Erfahrungen lassen sich in unterschiedliche Kontexte \u00fcbertragen \u2013 in Organisationen, Initiativen oder gesellschaftliche R\u00e4ume.<\/p>\n<p>[\/et_pb_text][\/et_pb_column][\/et_pb_row][\/et_pb_section][et_pb_section fb_built=&#8220;1&#8243; admin_label=&#8220;Sektion Lernbegleiter:innen&#8220; _builder_version=&#8220;4.27.4&#8243; _module_preset=&#8220;default&#8220; border_width_top=&#8220;1px&#8220; border_color_top=&#8220;#000000&#8243; border_style_top=&#8220;dashed&#8220; locked=&#8220;off&#8220; collapsed=&#8220;on&#8220; global_colors_info=&#8220;{}&#8220;][et_pb_row _builder_version=&#8220;4.27.4&#8243; _module_preset=&#8220;default&#8220; global_colors_info=&#8220;{}&#8220;][et_pb_column type=&#8220;4_4&#8243; _builder_version=&#8220;4.27.4&#8243; _module_preset=&#8220;default&#8220; global_colors_info=&#8220;{}&#8220;][et_pb_text admin_label=&#8220;\u00dcberschrift H2 Lernbegleiter:innen&#8220; _builder_version=&#8220;4.27.5&#8243; _module_preset=&#8220;default&#8220; header_2_text_align=&#8220;left&#8220; header_2_text_color=&#8220;#000000&#8243; global_colors_info=&#8220;{}&#8220;]<\/p>\n<h2><span style=\"color: #018188;\">Hosting Team<\/span><\/h2>\n<p class=\"small\">[\/et_pb_text][\/et_pb_column][\/et_pb_row][et_pb_row column_structure=&#8220;1_3,1_3,1_3&#8243; _builder_version=&#8220;4.27.5&#8243; _module_preset=&#8220;default&#8220; global_colors_info=&#8220;{}&#8220;][et_pb_column type=&#8220;1_3&#8243; _builder_version=&#8220;4.27.5&#8243; _module_preset=&#8220;default&#8220; global_colors_info=&#8220;{}&#8220;][et_pb_image src=&#8220;https:\/\/socius.de\/wp-content\/uploads\/Julia.jpg&#8220; title_text=&#8220;Julia&#8220; _builder_version=&#8220;4.27.5&#8243; _module_preset=&#8220;default&#8220; border_radii=&#8220;on|10px|10px|10px|10px&#8220; global_colors_info=&#8220;{}&#8220;][\/et_pb_image][et_pb_team_member name=&#8220;Julia Hoffmann&#8220; admin_label=&#8220;Person Julia&#8220; _builder_version=&#8220;4.27.5&#8243; _module_preset=&#8220;default&#8220; link_option_url=&#8220;https:\/\/socius.de\/team\/julia-hoffmann\/&#8220; link_option_url_new_window=&#8220;on&#8220; global_colors_info=&#8220;{}&#8220;]Julia <span style=\"font-weight: 400;\">arbeitet seit mehr als 15 Jahren mit Teams, Einzelpersonen, Besch\u00e4ftigten und Ehrenamtlichen, in Organisationen und in Netzwerken, um gesellschaftlichen Wandel voranzutreiben. Ihr Fokus liegt auf partizipativer F\u00fchrung, Resilienz sowie Visualisierungen als Denk- und Dialogwerkzeuge zur Ergebnissicherung in Prozessen, Workshops und Veranstaltungen. <\/span><span style=\"font-weight: 400;\">Zentrales Element von Julias Arbeit ist es, Prozesse zu begleiten und Fortbildungen zu halten, die Resilienz und regenerative Kulturen f\u00f6rdern, und ein ges\u00fcnderes Verh\u00e4ltnis von Arbeit im Innen, im Au\u00dfen und in der Welt zu entwickeln. Berufliche Erfahrungen sammelte sie als Programmleiterin, im Multi-Stakeholder-Management mit Stiftungen und Non-Profit Initiativen, in der politischen Bildungsarbeit und in der Leitung eines Projektinkubators f\u00fcr zivilgesellschaftliches Engagement in Europa.<\/span> <a href=\"https:\/\/socius.de\/team\/julia-hoffmann\/\" target=\"_blank\" rel=\"noopener\">Mehr \u00fcber Julia<\/a>[\/et_pb_team_member][\/et_pb_column][et_pb_column type=&#8220;1_3&#8243; _builder_version=&#8220;4.27.5&#8243; _module_preset=&#8220;default&#8220; global_colors_info=&#8220;{}&#8220;][et_pb_image src=&#8220;https:\/\/socius.de\/wp-content\/uploads\/Mira-.jpg&#8220; title_text=&#8220;Mira&#8220; _builder_version=&#8220;4.27.5&#8243; _module_preset=&#8220;default&#8220; border_radii=&#8220;on|10px|10px|10px|10px&#8220; global_colors_info=&#8220;{}&#8220;][\/et_pb_image][et_pb_team_member name=&#8220;Mira Bangel&#8220; admin_label=&#8220;Person Mira&#8220; _builder_version=&#8220;4.27.5&#8243; _module_preset=&#8220;default&#8220; link_option_url=&#8220;https:\/\/www.linkedin.com\/in\/mirabangel\/ &#8220; link_option_url_new_window=&#8220;on&#8220; global_colors_info=&#8220;{}&#8220;]<span style=\"font-weight: 400;\">Ich begleite Organisationen, Netzwerke und Institutionen dort, wo Zusammenarbeit ins Stocken ger\u00e4t oder sich weiterentwickeln will. Dabei unterst\u00fctze ich dabei, Vertrauen aufzubauen und alltagstaugliche L\u00f6sungen zu entwickeln. Als internationale Prozessbegleiterin und Organisationsentwicklerin begleite ich seit \u00fcber 16 Jahren Ver\u00e4nderungsprozesse, Partizipation und Wissensaustausch. Ich arbeite unter anderem mit Art of Hosting (Participatory Leadership), Design Thinking, SCRUM, Theory U, Gewaltfreier Kommunikation (CNVC-zertifiziert) und MBTI. <\/span>Seit vier Jahren unterst\u00fctze ich das <a href=\"https:\/\/knowledge4policy.ec.europa.eu\/organisational-transformation_en\">Centre for Organisational Transformation der Europ\u00e4ischen Kommission<\/a> bei der Entwicklung von Trainings und Strategien zu Change Management, Wissensmanagement und Zusammenarbeit. Ich moderiere internationale Dialoge, Communities of Practice und Entscheidungsprozesse mit dem Ziel, eine Kultur der Kooperation und des gemeinsamen Lernens zu st\u00e4rken. <a href=\"https:\/\/www.linkedin.com\/in\/mirabangel\/\" target=\"_blank\" rel=\"noopener\">Mehr \u00fcber Mira<\/a>[\/et_pb_team_member][\/et_pb_column][et_pb_column type=&#8220;1_3&#8243; _builder_version=&#8220;4.27.5&#8243; _module_preset=&#8220;default&#8220; global_colors_info=&#8220;{}&#8220;][et_pb_image src=&#8220;https:\/\/socius.de\/wp-content\/uploads\/Sabine.jpg&#8220; title_text=&#8220;Sabine&#8220; admin_label=&#8220;Image&#8220; _builder_version=&#8220;4.27.5&#8243; _module_preset=&#8220;default&#8220; border_radii=&#8220;on|10px|10px|10px|10px&#8220; global_colors_info=&#8220;{}&#8220;][\/et_pb_image][et_pb_team_member name=&#8220; Sabine Gressel-Soeder&#8220; admin_label=&#8220;Person Sabine&#8220; _builder_version=&#8220;4.27.5&#8243; _module_preset=&#8220;default&#8220; link_option_url=&#8220;https:\/\/www.cocreativeflow.com\/&#8220; link_option_url_new_window=&#8220;on&#8220; global_colors_info=&#8220;{}&#8220;]Sabine ist eine strategisch denkende Flow-Architektin und lebenslang Lernende. Sie ist neugierig auf Menschen, ihre Geschichten und die einzigartigen St\u00e4rken, die sie mitbringen. Sie erforscht kontinuierlich, wie Menschen zusammenkommen, sich verbinden und neue und innovative Ans\u00e4tze miteinander entwickeln. Die wachsende Komplexit\u00e4t der Herausforderungen unserer Welt verlangen nach neuen L\u00f6sungen. Diese finden wir in gemeinsam erarbeiteten Vorgehensweisen, in Co-Kreationen. Dies bedeutet, dass man zu einem gemeinsamen F\u00fchren finden muss, mit einem geteilten, werteorientierten Ansatz der Co-Kreation. <a href=\"https:\/\/www.cocreativeflow.com\/de\" target=\"_blank\" rel=\"noopener\">Mehr \u00fcber Sabine<\/a>[\/et_pb_team_member][\/et_pb_column][\/et_pb_row][et_pb_row column_structure=&#8220;1_3,1_3,1_3&#8243; _builder_version=&#8220;4.27.5&#8243; _module_preset=&#8220;default&#8220; global_colors_info=&#8220;{}&#8220;][et_pb_column type=&#8220;1_3&#8243; _builder_version=&#8220;4.27.5&#8243; _module_preset=&#8220;default&#8220; global_colors_info=&#8220;{}&#8220;][et_pb_image src=&#8220;https:\/\/socius.de\/wp-content\/uploads\/Silas.jpg&#8220; title_text=&#8220;Silas&#8220; _builder_version=&#8220;4.27.5&#8243; _module_preset=&#8220;default&#8220; border_radii=&#8220;on|10px|10px|10px|10px&#8220; global_colors_info=&#8220;{}&#8220;][\/et_pb_image][et_pb_team_member name=&#8220;Silas Lusias&#8220; admin_label=&#8220;Person Silas&#8220; _builder_version=&#8220;4.27.5&#8243; _module_preset=&#8220;default&#8220; global_colors_info=&#8220;{}&#8220;]<\/p>\n<p><span style=\"font-weight: 400;\"><em>\u201eWenn du schnell laufen willst, geh allein. Wenn du weit laufen willst, geh gemeinsam.\u201c<\/em> Diese afrikanische Redewendung hat mich gepr\u00e4gt und meinen Weg in gemeinschaftsorientiertes Leben und Arbeiten ma\u00dfgeblich beeinflusst. <\/span><span style=\"font-weight: 400;\">Meine Mission ist es, das \u201eWIR\u201c in unseren Alltag und unsere Interaktionen zu bringen. Ich setze mich f\u00fcr kollektive F\u00fchrung ein \u2013 f\u00fcr Formen der Zusammenarbeit, in denen Verantwortung geteilt und Potenziale gemeinsam entfaltet werden. <\/span><span style=\"font-weight: 400;\"><br \/><\/span><span style=\"font-weight: 400;\">Von 2002 bis 2011 hatte ich eine Schl\u00fcsselrolle beim Aufbau des <a href=\"http:\/\/www.kufunda.org\">Kufunda Lerndorfs<\/a> in Simbabwe. Kufunda ist ein Lernzentrum, das Dorfgemeinschaften dabei unterst\u00fctzt, Selbstst\u00e4ndigkeit zu entwickeln und mit herausfordernden sozial-\u00f6konomischen Bedingungen umzugehen. Es vermittelt praxisnah \u00f6kologische und wirtschaftlich nachhaltige Lebensweisen, damit Gemeinschaften ihre Grundbed\u00fcrfnisse wie Nahrung, Gesundheit und Bildung eigenst\u00e4ndig sichern k\u00f6nnen.<\/span><span style=\"font-weight: 400;\"><br \/><\/span><span style=\"font-weight: 400;\">Aktuell lebe ich in Bayern. <\/span><\/p>\n<p>[\/et_pb_team_member][\/et_pb_column][et_pb_column type=&#8220;1_3&#8243; _builder_version=&#8220;4.27.5&#8243; _module_preset=&#8220;default&#8220; global_colors_info=&#8220;{}&#8220;][et_pb_image src=&#8220;https:\/\/socius.de\/wp-content\/uploads\/Christa.png&#8220; title_text=&#8220;Christa&#8220; _builder_version=&#8220;4.27.5&#8243; _module_preset=&#8220;default&#8220; border_radii=&#8220;on|10px|10px|10px|10px&#8220; global_colors_info=&#8220;{}&#8220;][\/et_pb_image][et_pb_team_member name=&#8220;Christa Cocciole&#8220; admin_label=&#8220;Person Christa&#8220; _builder_version=&#8220;4.27.5&#8243; _module_preset=&#8220;default&#8220; global_colors_info=&#8220;{}&#8220;]<\/p>\n<p><span style=\"font-weight: 400;\">An der Schnittstelle von Embodiment, Aktivismus und sozialer Innovation gestalte ich partizipative Prozesse, die K\u00f6rper, Geist und Gemeinschaft gleicherma\u00dfen einbeziehen. So entstehen lebendige, kreative und inklusive Kulturen der Zusammenarbeit, in denen Menschen voneinander lernen, sich gegenseitig st\u00e4rken und gemeinsam wirksame Ver\u00e4nderungen gestalten.<\/span><\/p>\n<p data-path-to-node=\"4\"><span style=\"font-weight: 400;\">Ich bin systemische Therapeutin, Traumatherapeutin und Facilitatorin und begleite Einzelne, Teams und Organisationen in Ver\u00e4nderungsprozessen. Dabei verbinde ich Kommunikationskompetenz, Compassion und Resilienzmethoden, um R\u00e4ume zu schaffen, in denen Vertrauen w\u00e4chst und Menschen ihre innere St\u00e4rke entfalten k\u00f6nnen.<\/span><\/p>\n<p><a href=\"https:\/\/christacocciole.com\/\">Mehr \u00fcber Christa<\/a><\/p>\n<p>[\/et_pb_team_member][\/et_pb_column][et_pb_column type=&#8220;1_3&#8243; _builder_version=&#8220;4.27.5&#8243; _module_preset=&#8220;default&#8220; global_colors_info=&#8220;{}&#8220;][\/et_pb_column][\/et_pb_row][et_pb_row column_structure=&#8220;1_3,1_3,1_3&#8243; _builder_version=&#8220;4.27.5&#8243; _module_preset=&#8220;default&#8220; global_colors_info=&#8220;{}&#8220;][et_pb_column type=&#8220;1_3&#8243; _builder_version=&#8220;4.27.5&#8243; _module_preset=&#8220;default&#8220; global_colors_info=&#8220;{}&#8220;][et_pb_image src=&#8220;https:\/\/socius.de\/wp-content\/uploads\/Nicola-.jpg&#8220; alt=&#8220;Nicola Kriesel&#8220; title_text=&#8220;Nicola&#8220; _builder_version=&#8220;4.27.5&#8243; _module_preset=&#8220;default&#8220; border_radii=&#8220;on|10px|10px|10px|10px&#8220; global_colors_info=&#8220;{}&#8220;][\/et_pb_image][et_pb_team_member name=&#8220;Nicola Kriesel&#8220; admin_label=&#8220;Person Nico&#8220; _builder_version=&#8220;4.27.5&#8243; _module_preset=&#8220;default&#8220; global_colors_info=&#8220;{}&#8220;]<\/p>\n<p data-path-to-node=\"4\">Seit \u00fcber drei Jahrzehnten webe ich mein Wissen als Juristin, Mediatorin und Organisationsentwicklerin zu einem Teppich, der Teams und Einzelpersonen Halt gibt. Ich verstehe mich als Begleiterin auf dem Weg zu einer synergetischen Zusammenarbeit \u2013 einem Raum, in dem das Potenzial jedes Einzelnen wie eine Bl\u00fcte aufgehen darf.<\/p>\n<p data-path-to-node=\"5\">F\u00fcr mich sind Vertrauen und Verantwortung keine blo\u00dfen Begriffe, sondern das Fundament, auf dem Vielfalt und Verbindlichkeit wachsen. Mein Herz schl\u00e4gt besonders f\u00fcr Bildungseinrichtungen: Hier begleite ich mit Leidenschaft die Verflechtung von Inklusion, Demokratie und digitalem Wandel. Ich blicke dabei nicht nur auf die Struktur, sondern lausche auf den Rhythmus der Kultur, um gemeinsam evolution\u00e4re Formen zu finden, in denen Strategie und Menschlichkeit im Einklang schwingen.<\/p>\n<p><a href=\"https:\/\/socius.de\/team\/nicola-kriesel\/\" target=\"_blank\" rel=\"noopener\">Mehr \u00fcber Nicola<\/a><\/p>\n<p>[\/et_pb_team_member][\/et_pb_column][et_pb_column type=&#8220;1_3&#8243; _builder_version=&#8220;4.27.5&#8243; _module_preset=&#8220;default&#8220; global_colors_info=&#8220;{}&#8220;][et_pb_image src=&#8220;https:\/\/socius.de\/wp-content\/uploads\/Frances.png&#8220; title_text=&#8220;Frances&#8220; _builder_version=&#8220;4.27.5&#8243; _module_preset=&#8220;default&#8220; border_radii=&#8220;on|10px|10px|10px|10px&#8220; global_colors_info=&#8220;{}&#8220;][\/et_pb_image][et_pb_team_member name=&#8220;Frances Bl\u00fcml&#8220; admin_label=&#8220;Person Frances&#8220; _builder_version=&#8220;4.27.5&#8243; _module_preset=&#8220;default&#8220; global_colors_info=&#8220;{}&#8220;]<\/p>\n<p data-path-to-node=\"4\"><span style=\"font-weight: 400;\">Als Visual Facilitator begleitet Frances Teams und Organisationen mit dem Stift. Indem sie Geschichten, Perspektiven und Prozesse sichtbar macht, entsteht eine gemeinsame Basis f\u00fcr alle Beteiligten, die tiefergehenden Austausch anst\u00f6\u00dft und Klarheit schafft. Dabei greift sie auf eine Bandbreite an visuellen Tools zur\u00fcck, um kreative Denk- und Kommunikationsr\u00e4ume f\u00fcr die Teilnehmenden zu gestalten und Lernen auszul\u00f6sen. Lernen einander (wieder)zuzuh\u00f6ren und in Beziehung zu gehen schafft Vertrauen, um gemeinsam Wege zum Handeln zu erkunden. Lernen und Verlernen passieren im Stolpern, in der Irritation und in dem, was dadurch in Bewegung kommt. Frances fragt sich \u201eWas entsteht, wenn wir vielstimmig Geschichten einer guten und lebenswerten Zukunft erz\u00e4hlen?\u201c.<\/span><\/p>\n<p><a href=\"https:\/\/www.visuellgedacht.com\/\">Mehr \u00fcber Frances<\/a><\/p>\n<p>[\/et_pb_team_member][\/et_pb_column][et_pb_column type=&#8220;1_3&#8243; _builder_version=&#8220;4.27.5&#8243; _module_preset=&#8220;default&#8220; global_colors_info=&#8220;{}&#8220;][\/et_pb_column][\/et_pb_row][et_pb_row column_structure=&#8220;2_5,3_5&#8243; disabled_on=&#8220;on|on|on&#8220; admin_label=&#8220;Zeile Begleiter:in2&#8243; _builder_version=&#8220;4.27.4&#8243; _module_preset=&#8220;default&#8220; width_tablet=&#8220;&#8220; width_phone=&#8220;90%&#8220; width_last_edited=&#8220;on|phone&#8220; max_width_tablet=&#8220;&#8220; max_width_phone=&#8220;&#8220; max_width_last_edited=&#8220;on|phone&#8220; custom_padding=&#8220;|0px||0px|false|true&#8220; disabled=&#8220;on&#8220; collapsed=&#8220;off&#8220; global_colors_info=&#8220;{}&#8220;][et_pb_column type=&#8220;2_5&#8243; _builder_version=&#8220;4.27.4&#8243; _module_preset=&#8220;default&#8220; global_colors_info=&#8220;{}&#8220;][et_pb_image src=&#8220;@ET-DC@eyJkeW5hbWljIjp0cnVlLCJjb250ZW50IjoiY3VzdG9tX21ldGFfcG9ydHJhaXRfYmVnbGVpdGVyaW4yIiwic2V0dGluZ3MiOnsiYmVmb3JlIjoiIiwiYWZ0ZXIiOiIiLCJlbmFibGVfaHRtbCI6Im9mZiJ9fQ==@&#8220; alt=&#8220;Lysan Escher&#8220; title_text=&#8220;Lysan Escher&#8220; admin_label=&#8220;NICHT \u00c4NDERN!!! dyn Bild Begleiterin2&#8243; _builder_version=&#8220;4.27.4&#8243; _dynamic_attributes=&#8220;src&#8220; _module_preset=&#8220;default&#8220; global_colors_info=&#8220;{}&#8220;][\/et_pb_image][\/et_pb_column][et_pb_column type=&#8220;3_5&#8243; _builder_version=&#8220;4.27.4&#8243; _module_preset=&#8220;default&#8220; global_colors_info=&#8220;{}&#8220;][et_pb_text admin_label=&#8220;NICHT \u00c4NDERN!!! dyn Titel Text Begleiterin2&#8243; _builder_version=&#8220;4.27.4&#8243; _dynamic_attributes=&#8220;content&#8220; _module_preset=&#8220;default&#8220; global_colors_info=&#8220;{}&#8220;]@ET-DC@eyJkeW5hbWljIjp0cnVlLCJjb250ZW50IjoiY3VzdG9tX21ldGFfYmVnbGVpdGVyaW4yIiwic2V0dGluZ3MiOnsiYmVmb3JlIjoiPGgzPiIsImFmdGVyIjoiPC9oMz4iLCJlbmFibGVfaHRtbCI6Im9uIn19@[\/et_pb_text][et_pb_text admin_label=&#8220;Text Begleiterin2 .teasertext&#8220; module_class=&#8220;teasertext&#8220; _builder_version=&#8220;4.27.4&#8243; _module_preset=&#8220;default&#8220; global_colors_info=&#8220;{}&#8220;]diese Person ist besonders geeingent dieses seminar anzubieten weil sie besonders super ist in der materie des seminars, sie hat schon 100 jahre erfarhung in der methode und 1000 solcher semianre gegeben, au\u00dferdem ist sie auch sonst einfach nur oberm\u00e4\u00dfige spitzenklasse<\/p>\n<p class=\"small\">[\/et_pb_text][\/et_pb_column][\/et_pb_row][\/et_pb_section][et_pb_section fb_built=&#8220;1&#8243; admin_label=&#8220;Section Local Host&#8220; _builder_version=&#8220;4.27.5&#8243; _module_preset=&#8220;default&#8220; collapsed=&#8220;on&#8220; global_colors_info=&#8220;{}&#8220;][et_pb_row _builder_version=&#8220;4.27.5&#8243; _module_preset=&#8220;default&#8220; global_colors_info=&#8220;{}&#8220;][et_pb_column type=&#8220;4_4&#8243; _builder_version=&#8220;4.27.5&#8243; _module_preset=&#8220;default&#8220; global_colors_info=&#8220;{}&#8220;][et_pb_text admin_label=&#8220;\u00dcberschrift H2 Lernbegleiter:innen&#8220; _builder_version=&#8220;4.27.5&#8243; _module_preset=&#8220;default&#8220; header_2_text_align=&#8220;left&#8220; header_2_text_color=&#8220;#000000&#8243; locked=&#8220;off&#8220; global_colors_info=&#8220;{}&#8220;]<\/p>\n<h2><span style=\"color: #018188;\">Local Host<\/span><\/h2>\n<p class=\"small\">[\/et_pb_text][\/et_pb_column][\/et_pb_row][et_pb_row column_structure=&#8220;1_3,1_3,1_3&#8243; _builder_version=&#8220;4.27.5&#8243; _module_preset=&#8220;default&#8220; global_colors_info=&#8220;{}&#8220;][et_pb_column type=&#8220;1_3&#8243; _builder_version=&#8220;4.27.5&#8243; _module_preset=&#8220;default&#8220; global_colors_info=&#8220;{}&#8220;][et_pb_image src=&#8220;https:\/\/socius.de\/wp-content\/uploads\/Hannah-1.jpg&#8220; title_text=&#8220;Hannah&#8220; _builder_version=&#8220;4.27.5&#8243; _module_preset=&#8220;default&#8220; border_radii=&#8220;on|10px|10px|10px|10px&#8220; locked=&#8220;off&#8220; global_colors_info=&#8220;{}&#8220;][\/et_pb_image][et_pb_team_member name=&#8220;Hannah Hummel&#8220; admin_label=&#8220;Person Hannah&#8220; _builder_version=&#8220;4.27.5&#8243; _module_preset=&#8220;default&#8220; global_colors_info=&#8220;{}&#8220;]deep, herzlich, verspielt \u2013 So l\u00e4sst sich das Feedback zu meinem\u00a0Arbeiten zusammenfassen. Mit Gruppen zu arbeiten, erf\u00fcllt mich mit Sinn. Diese Leidenschaft habe\u00a0ich schon 14-j\u00e4hrig entdeckt und seitdem lerne ich. Ich lerne so gerne.\u00a0Seit 2010 arbeite ich an Freien Alternativschulen und durfte 9 Jahre als\u00a0Vorst\u00e4ndin im Bundesverband (BFAS e.V.) t\u00e4tig sein.\u00a0Mich besch\u00e4ftigt seither die Frage: Warum sind Teams so, wie sind? Die\u00a0Erforschung von Mustern und Dynamiken &amp; die Entwicklung von gesundem,\u00a0wertsch\u00e4tzendem Arbeiten begeistern mich. Ich gehe mit euch auf die\u00a0Suche und leuchte mit einer empathischen Fackel, um Ursachen und\u00a0Resilienz-Quellen aufzusp\u00fcren. <a href=\"https:\/\/hummelhannah.wordpress.com\/\" target=\"_blank\" rel=\"noopener\">Mehr \u00fcber Hannah<\/a>[\/et_pb_team_member][\/et_pb_column][et_pb_column type=&#8220;1_3&#8243; _builder_version=&#8220;4.27.5&#8243; _module_preset=&#8220;default&#8220; global_colors_info=&#8220;{}&#8220;][\/et_pb_column][et_pb_column type=&#8220;1_3&#8243; _builder_version=&#8220;4.27.5&#8243; _module_preset=&#8220;default&#8220; global_colors_info=&#8220;{}&#8220;][\/et_pb_column][\/et_pb_row][\/et_pb_section][et_pb_section fb_built=&#8220;1&#8243; admin_label=&#8220;Sektion Teiler 10px hoch&#8220; _builder_version=&#8220;4.27.4&#8243; _module_preset=&#8220;default&#8220; custom_margin=&#8220;0px||0px||false|false&#8220; custom_padding=&#8220;0px||0px||false|false&#8220; collapsed=&#8220;on&#8220; global_colors_info=&#8220;{}&#8220;][et_pb_row _builder_version=&#8220;4.27.4&#8243; _module_preset=&#8220;default&#8220; width=&#8220;100%&#8220; max_width=&#8220;100%&#8220; module_alignment=&#8220;center&#8220; global_colors_info=&#8220;{}&#8220;][et_pb_column type=&#8220;4_4&#8243; _builder_version=&#8220;4.27.4&#8243; _module_preset=&#8220;default&#8220; global_colors_info=&#8220;{}&#8220;][et_pb_divider show_divider=&#8220;off&#8220; admin_label=&#8220;Teiler 10px hoch&#8220; _builder_version=&#8220;4.27.4&#8243; _module_preset=&#8220;default&#8220; use_background_color_gradient=&#8220;on&#8220; background_color_gradient_direction=&#8220;90deg&#8220; background_color_gradient_stops=&#8220;#008188 0%|#77e288 100%&#8220; width=&#8220;100%&#8220; max_width=&#8220;100%&#8220; module_alignment=&#8220;center&#8220; height=&#8220;10px&#8220; global_colors_info=&#8220;{}&#8220;][\/et_pb_divider][\/et_pb_column][\/et_pb_row][\/et_pb_section][et_pb_section fb_built=&#8220;1&#8243; admin_label=&#8220;Section Diversit\u00e4t &#038; Coaching &#8220; _builder_version=&#8220;4.27.5&#8243; _module_preset=&#8220;default&#8220; collapsed=&#8220;on&#8220; global_colors_info=&#8220;{}&#8220;][et_pb_row _builder_version=&#8220;4.27.5&#8243; _module_preset=&#8220;default&#8220; global_colors_info=&#8220;{}&#8220;][et_pb_column type=&#8220;4_4&#8243; _builder_version=&#8220;4.27.5&#8243; _module_preset=&#8220;default&#8220; global_colors_info=&#8220;{}&#8220;][et_pb_text admin_label=&#8220;\u00dcberschrift H2 Diversit\u00e4t &#038; Coaching&#8220; _builder_version=&#8220;4.27.5&#8243; _module_preset=&#8220;default&#8220; header_2_text_align=&#8220;left&#8220; header_2_text_color=&#8220;#000000&#8243; locked=&#8220;off&#8220; global_colors_info=&#8220;{}&#8220;]<\/p>\n<h2><span style=\"color: #018188;\">Diversit\u00e4t, Barrierefreiheit &amp; Coaching<\/span><\/h2>\n<p class=\"small\">[\/et_pb_text][\/et_pb_column][\/et_pb_row][et_pb_row column_structure=&#8220;1_2,1_2&#8243; _builder_version=&#8220;4.27.5&#8243; _module_preset=&#8220;default&#8220; global_colors_info=&#8220;{}&#8220;][et_pb_column type=&#8220;1_2&#8243; _builder_version=&#8220;4.27.5&#8243; _module_preset=&#8220;default&#8220; global_colors_info=&#8220;{}&#8220;][et_pb_image src=&#8220;https:\/\/socius.de\/wp-content\/uploads\/Untitled-design-1.jpg&#8220; title_text=&#8220;Untitled design (1)&#8220; _builder_version=&#8220;4.27.5&#8243; _module_preset=&#8220;default&#8220; border_radii=&#8220;on|10px|10px|10px|10px&#8220; global_colors_info=&#8220;{}&#8220;][\/et_pb_image][et_pb_text admin_label=&#8220;Text Diversity&#8220; _builder_version=&#8220;4.27.5&#8243; _module_preset=&#8220;default&#8220; text_font_size=&#8220;18px&#8220; global_colors_info=&#8220;{}&#8220;]<\/p>\n<h4><strong>Diversit\u00e4t, Barrierefreiheit &amp; Wohlbefinden<\/strong><\/h4>\n<p><span style=\"font-weight: 400;\">Alle Menschen sind zu dieser Veranstaltung herzlich eingeladen \u2013 unabh\u00e4ngig von Geschlecht, sexueller Orientierung, Herkunft, Religion, Alter, Behinderung oder sozialem Hintergrund. Uns ist wichtig, dass sich alle Teilnehmenden in ihrer Vielfalt willkommen f\u00fchlen und einen m\u00f6glichst sicheren Rahmen f\u00fcr Austausch, Lernen und Beteiligung vorfinden.<\/span><\/p>\n<p><span style=\"font-weight: 400;\">Der Veranstaltungsort ist barrierefrei zug\u00e4nglich (stufenloser Zugang, barrierefreie Toilette). Teilnehmende k\u00f6nnen ihre Pronomen im Vorfeld oder vor Ort angeben; diese werden respektiert.<\/span><\/p>\n<p><span style=\"font-weight: 400;\">Wir achten im Training auf unterschiedliche Bed\u00fcrfnisse in Bezug auf Pausen, R\u00fcckzug und Wohlbefinden. Wenn du hierzu oder zu anderen Aspekten von Barrierefreiheit, Zug\u00e4nglichkeit oder individuellen Bedarfen Fragen hast, melde dich gerne vorab bei uns \u2013 wir versuchen, gemeinsam passende L\u00f6sungen zu finden.<\/span><\/p>\n<p class=\"small\">[\/et_pb_text][\/et_pb_column][et_pb_column type=&#8220;1_2&#8243; _builder_version=&#8220;4.27.5&#8243; _module_preset=&#8220;default&#8220; global_colors_info=&#8220;{}&#8220;][et_pb_image src=&#8220;https:\/\/socius.de\/wp-content\/uploads\/AoH_Square_5.jpg&#8220; title_text=&#8220;AoH_Square_5&#8243; _builder_version=&#8220;4.27.5&#8243; _module_preset=&#8220;default&#8220; border_radii=&#8220;on|10px|10px|10px|10px&#8220; global_colors_info=&#8220;{}&#8220;][\/et_pb_image][et_pb_text admin_label=&#8220;Text Coaching&#8220; _builder_version=&#8220;4.27.5&#8243; _module_preset=&#8220;default&#8220; text_font_size=&#8220;18px&#8220; global_colors_info=&#8220;{}&#8220;]<\/p>\n<h4><strong>Coaching\u00a0<\/strong><\/h4>\n<p><span style=\"font-weight: 400;\">Im Anschluss an das Training bieten wir am Abend des Donnerstag, Freitag und Samstag einst\u00fcndige Coachings an (siehe Zeiten), in denen Teilnehmende, die m\u00f6chten, dabei begleitet werden, am folgenden Tag selbst Hosting-Methoden umzusetzen \u2013 etwa Open Space, Circle Practice oder andere Formate aus dem Training.<\/span><\/p>\n<p><span style=\"font-weight: 400;\">Die Coachings finden in der Gruppe statt und sind praxisnah angelegt: Im Mittelpunkt steht die konkrete Vorbereitung, Kl\u00e4rung von Rollen, Anliegen und n\u00e4chsten Schritten. So kannst du das Gelernte unmittelbar anwenden und vertiefen.<\/span><\/p>\n<p><span style=\"font-weight: 400;\">Die Pl\u00e4tze f\u00fcr die Durchf\u00fchrung der Methoden am folgenden Tag sind begrenzt. Am Coaching selbst k\u00f6nnen alle teilnehmen, die Lust haben \u2013 auch als Beobachtende. Das erm\u00f6glicht zus\u00e4tzliches Lernen durch Mitverfolgen, Mitdenken und gemeinsames Reflektieren.<\/span><\/p>\n<p class=\"small\">[\/et_pb_text][\/et_pb_column][\/et_pb_row][\/et_pb_section][et_pb_section fb_built=&#8220;1&#8243; admin_label=&#8220;Sektion Teiler 10px hoch&#8220; _builder_version=&#8220;4.27.4&#8243; _module_preset=&#8220;default&#8220; custom_margin=&#8220;0px||0px||false|false&#8220; custom_padding=&#8220;0px||0px||false|false&#8220; locked=&#8220;off&#8220; collapsed=&#8220;on&#8220; global_colors_info=&#8220;{}&#8220;][et_pb_row _builder_version=&#8220;4.27.4&#8243; _module_preset=&#8220;default&#8220; width=&#8220;100%&#8220; max_width=&#8220;100%&#8220; module_alignment=&#8220;center&#8220; global_colors_info=&#8220;{}&#8220;][et_pb_column type=&#8220;4_4&#8243; _builder_version=&#8220;4.27.4&#8243; _module_preset=&#8220;default&#8220; global_colors_info=&#8220;{}&#8220;][et_pb_divider show_divider=&#8220;off&#8220; admin_label=&#8220;Teiler 10px hoch&#8220; _builder_version=&#8220;4.27.5&#8243; _module_preset=&#8220;default&#8220; use_background_color_gradient=&#8220;on&#8220; background_color_gradient_direction=&#8220;90deg&#8220; background_color_gradient_stops=&#8220;#008188 0%|#77e288 100%&#8220; width=&#8220;100%&#8220; max_width=&#8220;100%&#8220; module_alignment=&#8220;center&#8220; height=&#8220;10px&#8220; global_colors_info=&#8220;{}&#8220;][\/et_pb_divider][\/et_pb_column][\/et_pb_row][\/et_pb_section][et_pb_section fb_built=&#8220;1&#8243; admin_label=&#8220;Sektion Kosten&#8220; _builder_version=&#8220;4.27.4&#8243; _module_preset=&#8220;default&#8220; border_color_top=&#8220;#000000&#8243; border_style_top=&#8220;dashed&#8220; locked=&#8220;off&#8220; collapsed=&#8220;off&#8220; global_colors_info=&#8220;{}&#8220;][et_pb_row column_structure=&#8220;2_5,3_5&#8243; admin_label=&#8220;Zeile Kosten&#8220; _builder_version=&#8220;4.27.4&#8243; _module_preset=&#8220;default&#8220; width_tablet=&#8220;&#8220; width_phone=&#8220;90%&#8220; width_last_edited=&#8220;on|phone&#8220; max_width_tablet=&#8220;&#8220; max_width_phone=&#8220;&#8220; max_width_last_edited=&#8220;on|phone&#8220; custom_padding=&#8220;60px|0px|0px|0px|false|true&#8220; global_colors_info=&#8220;{}&#8220;][et_pb_column type=&#8220;2_5&#8243; _builder_version=&#8220;4.27.4&#8243; _module_preset=&#8220;default&#8220; global_colors_info=&#8220;{}&#8220;][et_pb_text admin_label=&#8220;Wieivel? \u00dcberschrift&#8220; _builder_version=&#8220;4.27.5&#8243; _module_preset=&#8220;default&#8220; header_2_text_color=&#8220;#000000&#8243; global_colors_info=&#8220;{}&#8220;]<\/p>\n<h2><span style=\"color: #018188;\">Kosten<\/span><\/h2>\n<p class=\"small\">[\/et_pb_text][et_pb_image src=&#8220;https:\/\/socius.de\/wp-content\/uploads\/produkt_kosten.jpg&#8220; alt=&#8220;Kosten&#8220; title_text=&#8220;Kosten&#8220; admin_label=&#8220;Icon Kosten&#8220; _builder_version=&#8220;4.27.4&#8243; _module_preset=&#8220;default&#8220; global_colors_info=&#8220;{}&#8220;][\/et_pb_image][\/et_pb_column][et_pb_column type=&#8220;3_5&#8243; _builder_version=&#8220;4.27.4&#8243; _module_preset=&#8220;default&#8220; global_colors_info=&#8220;{}&#8220;][et_pb_text admin_label=&#8220;Kosten Text .teasertext&#8220; module_class=&#8220;teasertext&#8220; _builder_version=&#8220;4.27.6&#8243; _module_preset=&#8220;default&#8220; global_colors_info=&#8220;{}&#8220;]<\/p>\n<h3>\u00a0<\/h3>\n<p><span style=\"font-weight: 400;\">Wir bieten die Teilnahme am Art of Hosting &amp; Harvesting Training zu einem gestaffelten Teilnahmebeitrag an:\u00a0<\/span><\/p>\n<p><b>Kategorie \u201cStandard <\/b><b><br \/><\/b><span style=\"font-weight: 400;\">&#8211; Early Bird (bis 15. M\u00e4rz 2026): 680 \u20ac<\/span><span style=\"font-weight: 400;\"><br \/><\/span><span style=\"font-weight: 400;\">&#8211; Regul\u00e4rer Preis: 820 \u20ac<\/span><span style=\"font-weight: 400;\"><br \/><\/span><span style=\"font-weight: 400;\">&#8211; Gruppenpreis (ab 3 Personen): 700 \u20ac pro Person<\/span><\/p>\n<p><b>Kategorie \u201cUnterst\u00fctzer:in &amp; Corporate\u201d <\/b><span style=\"font-weight: 400;\"><br \/><\/span><span style=\"font-weight: 400;\">&#8211; Early Bird (bis 15. M\u00e4rz 2026): 920 \u20ac<\/span><span style=\"font-weight: 400;\"><br \/><\/span><span style=\"font-weight: 400;\">&#8211; Regul\u00e4rer Preis: 1.200 \u20ac<\/span><span style=\"font-weight: 400;\"><br \/><\/span><span style=\"font-weight: 400;\">&#8211; Gruppenpreis (ab 3 Personen): 870 \u20ac pro Person<\/span><\/p>\n<p><b>Kategorie \u201cErm\u00e4\u00dfigter Beitrag\u201d <\/b><b><br \/><\/b><span style=\"font-weight: 400;\">Preis 500 \u20ac <\/span><span style=\"font-weight: 400;\"><br \/><\/span><span style=\"font-weight: 400;\">F\u00fcr den erm\u00e4\u00dfigten Beitrag steht ein begrenztes Kontingent von 10 Pl\u00e4tzen zur Verf\u00fcgung.\u00a0<\/span><\/p>\n<p><span style=\"font-weight: 400;\">Mit der Wahl deiner Kategorie tr\u00e4gst du dazu bei, das Training f\u00fcr Menschen aus unterschiedlichen Kontexten zug\u00e4nglich zu machen.\u00a0<\/span><\/p>\n<p><span style=\"font-weight: 400;\">Wenn du sehr gerne teilnehmen m\u00f6chtest, und die genannten Beitr\u00e4ge f\u00fcr dich aktuell nicht m\u00f6glich sind, melde dich bitte <a href=\"https:\/\/forms.gle\/KdTciSVCMTi1u3Y37\">\u00fcber dieses Formular<\/a> bei uns. Wir versuchen, im Rahmen unserer M\u00f6glichkeiten eine L\u00f6sung zu finden.<\/span><\/p>\n<p><b>Im Teilnahmebeitrag enthalten\u00a0<\/b><\/p>\n<ul>\n<li style=\"font-weight: 400;\" aria-level=\"1\"><span style=\"font-weight: 400;\">Teilnahme an allen Trainingstagen inklusive Abendeinheiten (\u201cCoachings\u201d)\u00a0<\/span><\/li>\n<li style=\"font-weight: 400;\" aria-level=\"1\"><span style=\"font-weight: 400;\">Begleitung durch ein erfahrenes, multidisziplin\u00e4res Hosting-Team<\/span><\/li>\n<li style=\"font-weight: 400;\" aria-level=\"1\"><span style=\"font-weight: 400;\">Handbuch, Dokumentation und \u201eErnte\u201c der gemeinsamen Arbeit<\/span><\/li>\n<\/ul>\n<p>Die Leistung ist nach \u00a7 4 Nr. 22 a) UStG von der Umsatzsteuer befreit.<\/p>\n<p><strong>Bitte w\u00e4hle den f\u00fcr dich passenden Preis aus:<\/strong><\/p>\n<p class=\"small\">[\/et_pb_text][et_pb_wc_add_to_cart disabled_on=&#8220;off|off|off&#8220; _builder_version=&#8220;4.27.4&#8243; _module_preset=&#8220;default&#8220; global_colors_info=&#8220;{}&#8220;][\/et_pb_wc_add_to_cart][et_pb_text disabled_on=&#8220;on|on|on&#8220; admin_label=&#8220;Text Schreib uns weiss&#8220; _builder_version=&#8220;4.27.5&#8243; _module_preset=&#8220;default&#8220; text_font=&#8220;Overpass Black||||||||&#8220; text_text_color=&#8220;#1B1F34&#8243; text_font_size=&#8220;20px&#8220; custom_margin=&#8220;||10px||false|false&#8220; disabled=&#8220;on&#8220; global_colors_info=&#8220;{}&#8220;]<\/p>\n<p style=\"text-align: left;\">Trage dich jetzt schon in unsere Interessent:innenliste ein<\/p>\n<p class=\"small\">[\/et_pb_text][et_pb_button button_url=&#8220;https:\/\/docs.google.com\/forms\/d\/e\/1FAIpQLSfuSN8JQmIWr3sOSCvI1Sg5tLwZR6CETnaeUxjlfDnSXS7A-A\/viewform&#8220; url_new_window=&#8220;on&#8220; button_text=&#8220;Interessent:innenliste&#8220; disabled_on=&#8220;on|on|on&#8220; _builder_version=&#8220;4.27.4&#8243; _module_preset=&#8220;default&#8220; custom_button=&#8220;on&#8220; button_text_color=&#8220;#FFFFFF&#8220; button_bg_color=&#8220;#008188&#8243; button_border_color=&#8220;RGBA(255,255,255,0)&#8220; button_icon=&#8220;&#x24;||divi||400&#8243; button_icon_color=&#8220;#FFFFFF&#8220; button_icon_placement=&#8220;left&#8220; button_on_hover=&#8220;off&#8220; disabled=&#8220;on&#8220; global_colors_info=&#8220;{}&#8220;][\/et_pb_button][et_pb_text admin_label=&#8220;Kosten Verpflegung Text .teasertext&#8220; module_class=&#8220;teasertext&#8220; _builder_version=&#8220;4.27.5&#8243; _module_preset=&#8220;default&#8220; locked=&#8220;off&#8220; global_colors_info=&#8220;{}&#8220;]<\/p>\n<p>F\u00fcr die Veranstaltung fallen insgesamt 70\u20ac Verpflegungskosten an (<span style=\"font-weight: 400;\">f\u00fcr Kaffee, Tee, Pausenverpflegung sowie veganes Mittagessen am Freitag, Samstag und Sonntag). <\/span>Diese m\u00fcssen bei Anmeldung mit gebucht werden.<\/p>\n<p class=\"small\">[\/et_pb_text][et_pb_wc_add_to_cart product=&#8220;252081&#8243; admin_label=&#8220;Woo Product Add To Cart&#8220; _builder_version=&#8220;4.27.5&#8243; _module_preset=&#8220;default&#8220; global_colors_info=&#8220;{}&#8220;][\/et_pb_wc_add_to_cart][et_pb_text admin_label=&#8220;Formular ank\u00fcndigung&#8220; module_class=&#8220;teasertext&#8220; _builder_version=&#8220;4.27.5&#8243; _module_preset=&#8220;default&#8220; locked=&#8220;off&#8220; global_colors_info=&#8220;{}&#8220;]<\/p>\n<p>Nach deiner Anmeldung melden wir uns bei dir mit der Bitte, ein Formular zu deiner Motivation, deinen Anliegen und Bedarfen (Barrierefreiheit, Nahrungsmittelunvertr\u00e4glichkeiten u.\u00e4.) auszuf\u00fcllen.\u00a0<\/p>\n<p>[\/et_pb_text][\/et_pb_column][\/et_pb_row][\/et_pb_section][et_pb_section fb_built=&#8220;1&#8243; admin_label=&#8220;Sektion Kontakt\/Anmeldung weiss auf mint-petrol-mint Verlauf&#8220; _builder_version=&#8220;4.27.4&#8243; _module_preset=&#8220;default&#8220; use_background_color_gradient=&#8220;on&#8220; background_color_gradient_direction=&#8220;90deg&#8220; background_color_gradient_stops=&#8220;#77e288 0%|#008188 15%|#008188 85%|#77e288 100%&#8220; width=&#8220;100%&#8220; max_width=&#8220;100%&#8220; module_alignment=&#8220;center&#8220; collapsed=&#8220;on&#8220; global_colors_info=&#8220;{}&#8220;][et_pb_row column_structure=&#8220;1_3,1_3,1_3&#8243; make_equal=&#8220;on&#8220; disabled_on=&#8220;on|on|on&#8220; _builder_version=&#8220;4.27.4&#8243; _module_preset=&#8220;default&#8220; module_alignment=&#8220;center&#8220; custom_css_main_element=&#8220;align-items: center !important;&#8220; disabled=&#8220;on&#8220; global_colors_info=&#8220;{}&#8220;][et_pb_column type=&#8220;1_3&#8243; _builder_version=&#8220;4.27.4&#8243; _module_preset=&#8220;default&#8220; global_colors_info=&#8220;{}&#8220;][et_pb_text admin_label=&#8220;\u00dcberschrift Kontakt\/Anmeldung weiss&#8220; _builder_version=&#8220;4.27.4&#8243; _module_preset=&#8220;default&#8220; text_text_color=&#8220;#FFFFFF&#8220; header_3_text_align=&#8220;center&#8220; header_3_text_color=&#8220;#FFFFFF&#8220; text_orientation=&#8220;center&#8220; background_layout=&#8220;dark&#8220; global_colors_info=&#8220;{}&#8220;]<\/p>\n<h3>Willst du auf dem Laufenden bleiben?<\/h3>\n<p class=\"small\">[\/et_pb_text][\/et_pb_column][et_pb_column type=&#8220;1_3&#8243; _builder_version=&#8220;4.27.4&#8243; _module_preset=&#8220;default&#8220; global_colors_info=&#8220;{}&#8220;][et_pb_text admin_label=&#8220;Text Schreib uns weiss&#8220; _builder_version=&#8220;4.27.4&#8243; _module_preset=&#8220;default&#8220; text_text_color=&#8220;#FFFFFF&#8220; header_3_text_color=&#8220;#FFFFFF&#8220; text_orientation=&#8220;center&#8220; custom_margin=&#8220;||10px||false|false&#8220; global_colors_info=&#8220;{}&#8220;]<\/p>\n<h3>Trag dich in unsere Interessent:innenliste ein<\/h3>\n<p class=\"small\">[\/et_pb_text][et_pb_button button_url=&#8220;https:\/\/forms.gle\/us9ckyAdGXFCmHL38&#8243; url_new_window=&#8220;on&#8220; button_text=&#8220;Interessent:innenliste&#8220; button_alignment=&#8220;center&#8220; admin_label=&#8220;Button Kontakt aufnehmen&#8220; module_class=&#8220;btn-whiteblack&#8220; _builder_version=&#8220;4.27.4&#8243; _module_preset=&#8220;default&#8220; global_colors_info=&#8220;{}&#8220;][\/et_pb_button][\/et_pb_column][et_pb_column type=&#8220;1_3&#8243; _builder_version=&#8220;4.27.4&#8243; _module_preset=&#8220;default&#8220; global_colors_info=&#8220;{}&#8220;][et_pb_text admin_label=&#8220;Text Anmeldung bis&#8230; weiss&#8220; _builder_version=&#8220;4.27.4&#8243; _module_preset=&#8220;default&#8220; text_text_color=&#8220;#FFFFFF&#8220; text_orientation=&#8220;center&#8220; background_layout=&#8220;dark&#8220; custom_margin=&#8220;||10px||false|false&#8220; global_colors_info=&#8220;{}&#8220;]<\/p>\n<h3>Anmeldungen bis sp\u00e4testens 31. M\u00e4rz 2026<\/h3>\n<p class=\"small\">[\/et_pb_text][et_pb_button button_text=&#8220;Jetzt hier anmelden&#8220; button_alignment=&#8220;center&#8220; disabled_on=&#8220;on|on|on&#8220; admin_label=&#8220;Button Anmelden&#8220; module_class=&#8220;btn-whiteblack&#8220; _builder_version=&#8220;4.27.4&#8243; _module_preset=&#8220;default&#8220; custom_button=&#8220;on&#8220; button_use_icon=&#8220;off&#8220; disabled=&#8220;on&#8220; global_colors_info=&#8220;{}&#8220;][\/et_pb_button][\/et_pb_column][\/et_pb_row][et_pb_row column_structure=&#8220;1_3,1_3,1_3&#8243; make_equal=&#8220;on&#8220; disabled_on=&#8220;on|on|on&#8220; _builder_version=&#8220;4.27.4&#8243; _module_preset=&#8220;default&#8220; module_alignment=&#8220;center&#8220; custom_css_main_element=&#8220;align-items: center !important;&#8220; disabled=&#8220;on&#8220; locked=&#8220;off&#8220; global_colors_info=&#8220;{}&#8220;][et_pb_column type=&#8220;1_3&#8243; _builder_version=&#8220;4.27.4&#8243; _module_preset=&#8220;default&#8220; global_colors_info=&#8220;{}&#8220;][et_pb_text admin_label=&#8220;\u00dcberschrift Kontakt\/Anmeldung weiss&#8220; _builder_version=&#8220;4.27.4&#8243; _module_preset=&#8220;default&#8220; text_text_color=&#8220;#FFFFFF&#8220; header_3_text_align=&#8220;center&#8220; header_3_text_color=&#8220;#FFFFFF&#8220; text_orientation=&#8220;center&#8220; background_layout=&#8220;dark&#8220; global_colors_info=&#8220;{}&#8220;]<\/p>\n<h3>Neugierig geworden?<\/h3>\n<p class=\"small\">[\/et_pb_text][\/et_pb_column][et_pb_column type=&#8220;1_3&#8243; _builder_version=&#8220;4.27.4&#8243; _module_preset=&#8220;default&#8220; global_colors_info=&#8220;{}&#8220;][et_pb_text admin_label=&#8220;Text Schreib uns weiss&#8220; _builder_version=&#8220;4.27.4&#8243; _module_preset=&#8220;default&#8220; text_text_color=&#8220;#FFFFFF&#8220; text_orientation=&#8220;center&#8220; custom_margin=&#8220;||10px||false|false&#8220; link_option_url=&#8220;mailto:fortbildung@socius.de&#8220; link_option_url_new_window=&#8220;on&#8220; global_colors_info=&#8220;{}&#8220;]Schreib uns, wenn du Fragen hast[\/et_pb_text][et_pb_button button_url=&#8220;mailto:fortbildung@socius.de&#8220; button_text=&#8220;Kontakt aufnehmen&#8220; button_alignment=&#8220;center&#8220; admin_label=&#8220;Button Kontakt aufnehmen&#8220; module_class=&#8220;btn-whiteblack&#8220; _builder_version=&#8220;4.27.4&#8243; _module_preset=&#8220;default&#8220; global_colors_info=&#8220;{}&#8220;][\/et_pb_button][\/et_pb_column][et_pb_column type=&#8220;1_3&#8243; _builder_version=&#8220;4.27.4&#8243; _module_preset=&#8220;default&#8220; global_colors_info=&#8220;{}&#8220;][et_pb_text admin_label=&#8220;Text Anmeldung bis&#8230; weiss&#8220; _builder_version=&#8220;4.27.4&#8243; _module_preset=&#8220;default&#8220; text_text_color=&#8220;#FFFFFF&#8220; text_orientation=&#8220;center&#8220; background_layout=&#8220;dark&#8220; custom_margin=&#8220;||10px||false|false&#8220; global_colors_info=&#8220;{}&#8220;]Melde dich an bis zum 19. Januar 2026, 14h[\/et_pb_text][et_pb_button button_text=&#8220;Jetzt hier anmelden&#8220; button_alignment=&#8220;center&#8220; disabled_on=&#8220;on|on|on&#8220; admin_label=&#8220;Button Anmelden&#8220; module_class=&#8220;btn-whiteblack&#8220; _builder_version=&#8220;4.27.4&#8243; _module_preset=&#8220;default&#8220; custom_button=&#8220;on&#8220; button_use_icon=&#8220;off&#8220; disabled=&#8220;on&#8220; global_colors_info=&#8220;{}&#8220;][\/et_pb_button][\/et_pb_column][\/et_pb_row][et_pb_row column_structure=&#8220;1_3,1_3,1_3&#8243; make_equal=&#8220;on&#8220; _builder_version=&#8220;4.27.4&#8243; _module_preset=&#8220;default&#8220; module_alignment=&#8220;center&#8220; custom_css_main_element=&#8220;align-items: center !important;&#8220; locked=&#8220;off&#8220; global_colors_info=&#8220;{}&#8220;][et_pb_column type=&#8220;1_3&#8243; _builder_version=&#8220;4.27.4&#8243; _module_preset=&#8220;default&#8220; global_colors_info=&#8220;{}&#8220;][et_pb_text admin_label=&#8220;\u00dcberschrift Noch Fragen? weiss&#8220; _builder_version=&#8220;4.27.4&#8243; _module_preset=&#8220;default&#8220; text_text_color=&#8220;#FFFFFF&#8220; header_3_text_align=&#8220;center&#8220; header_3_text_color=&#8220;#FFFFFF&#8220; text_orientation=&#8220;center&#8220; background_layout=&#8220;dark&#8220; global_colors_info=&#8220;{}&#8220;]<\/p>\n<h3>Noch Fragen?<\/h3>\n<p class=\"small\">[\/et_pb_text][\/et_pb_column][et_pb_column type=&#8220;1_3&#8243; _builder_version=&#8220;4.27.4&#8243; _module_preset=&#8220;default&#8220; global_colors_info=&#8220;{}&#8220;][et_pb_text admin_label=&#8220;\u00dcberschrift schreib uns weiss&#8220; _builder_version=&#8220;4.27.4&#8243; _module_preset=&#8220;default&#8220; text_text_color=&#8220;#FFFFFF&#8220; header_3_text_align=&#8220;center&#8220; header_3_text_color=&#8220;#FFFFFF&#8220; text_orientation=&#8220;center&#8220; background_layout=&#8220;dark&#8220; global_colors_info=&#8220;{}&#8220;]<\/p>\n<h3>Dann schreib uns<\/h3>\n<p class=\"small\">[\/et_pb_text][\/et_pb_column][et_pb_column type=&#8220;1_3&#8243; _builder_version=&#8220;4.27.4&#8243; _module_preset=&#8220;default&#8220; global_colors_info=&#8220;{}&#8220;][et_pb_button button_url=&#8220;mailto:%20fortbildung@socius.de&#8220; url_new_window=&#8220;on&#8220; button_text=&#8220;Mail schicken&#8220; button_alignment=&#8220;center&#8220; admin_label=&#8220;Button Kontakt aufnehmen&#8220; module_class=&#8220;btn-whiteblack&#8220; _builder_version=&#8220;4.27.5&#8243; _module_preset=&#8220;default&#8220; global_colors_info=&#8220;{}&#8220;][\/et_pb_button][\/et_pb_column][\/et_pb_row][\/et_pb_section]<\/p>\n","protected":false},"excerpt":{"rendered":"<p>Art of Hosting &amp; Havesting Training Leipzig, 7 to 10 May 2026<\/p>","protected":false},"author":6,"featured_media":252112,"template":"","meta":{"_acf_changed":false,"_et_pb_use_builder":"on","_et_pb_old_content":"<h3><b>Ein Training f\u00fcr alle, die kollektive Prozesse lebendig, verbindend und zukunftsf\u00e4hig begleiten wollen<\/b><\/h3>\r\n<span style=\"font-weight: 400\">Leipzig, 7.-10. Mai 2026\u00a0<\/span>\r\n\r\n<span style=\"font-weight: 400\">Wie k\u00f6nnen wir R\u00e4ume gestalten, in denen Unterschiedlichkeit nicht zur Zerrei\u00dfprobe wird \u2013 sondern zur Quelle von Verbindung, Erkenntnis und gemeinsamer Gestaltung?<\/span><span style=\"font-weight: 400\">\r\n<\/span><span style=\"font-weight: 400\">Wie gelingt es, inmitten komplexer Herausforderungen nicht den kleinsten gemeinsamen Nenner zu suchen, sondern der <\/span><b>Gleichzeitigkeit vieler Perspektiven<\/b><span style=\"font-weight: 400\"> wirklich Raum zu geben?<\/span>\r\n\r\n<span style=\"font-weight: 400\">Dieses Training ist eine Einladung, <\/span><b>Verbundenheit<\/b><span style=\"font-weight: 400\"> und <\/span><b>Zugeh\u00f6rigkeit <\/b><span style=\"font-weight: 400\">(Belonging) nicht als Konsens zu verstehen, sondern als <\/span><b>soziale Praxis<\/b><span style=\"font-weight: 400\">: als Haltung, einander zu h\u00f6ren, ohne sofort zu urteilen. Als F\u00e4higkeit, Spannungen auszuhalten, ohne sie zu gl\u00e4tten. Und als Mut, Vielfalt nicht nur zuzulassen, sondern zu leben.<\/span>\r\n\r\n<span style=\"font-weight: 400\">Denn demokratische Resilienz entsteht dort, wo wir lernen, <\/span><b>komplexe Fragen gemeinsam zu halten<\/b><span style=\"font-weight: 400\">, statt vorschnell einfache Antworten zu liefern. Wo wir neue Formen des Miteinanders erproben, in denen Unterschiedlichkeit, Intersektionalit\u00e4t und Machtfragen sichtbar werden d\u00fcrfen \u2013 ohne die Verbindung zu verlieren.<\/span>","_et_gb_content_width":"","inline_featured_image":false},"product_brand":[],"product_cat":[575,576,579,582,451,458,396],"product_tag":[],"class_list":{"0":"post-251955","1":"product","2":"type-product","3":"status-publish","4":"has-post-thumbnail","6":"product_cat-fuehrung-p","7":"product_cat-resilienz-p","8":"product_cat-kollaboration-p","9":"product_cat-kultur-der-zusammenarbeit-p","10":"product_cat-451","11":"product_cat-mai","12":"product_cat-seminare-werkstaetten","13":"product_shipping_class-ohne-versand","15":"first","16":"instock","17":"purchasable","18":"product-type-variable","19":"has-default-attributes"},"acf":[],"yoast_head":"<!-- This site is optimized with the Yoast SEO plugin v27.5 - https:\/\/yoast.com\/product\/yoast-seo-wordpress\/ -->\n<title>Art of Hosting - SOCIUS Organisationsberatung gGmbH<\/title>\n<meta name=\"description\" content=\"Dieses Training ist eine Einladung, Zugeh\u00f6rigkeit (Belonging) nicht als Konsens zu verstehen, sondern als soziale Praxis: als Kunst, einander zu h\u00f6ren, ohne sofort zu urteilen. Als F\u00e4higkeit, Spannungen auszuhalten, ohne sie zu gl\u00e4tten. Und als Mut, Vielfalt nicht nur zuzulassen, sondern zu feiern.\" \/>\n<meta name=\"robots\" content=\"index, follow, max-snippet:-1, max-image-preview:large, max-video-preview:-1\" \/>\n<link rel=\"canonical\" href=\"https:\/\/socius.de\/en\/art-of-hosting\/\" \/>\n<meta property=\"og:locale\" content=\"en_GB\" \/>\n<meta property=\"og:type\" content=\"article\" \/>\n<meta property=\"og:title\" content=\"Art of Hosting - SOCIUS Organisationsberatung gGmbH\" \/>\n<meta property=\"og:description\" content=\"Dieses Training ist eine Einladung, Zugeh\u00f6rigkeit (Belonging) nicht als Konsens zu verstehen, sondern als soziale Praxis: als Kunst, einander zu h\u00f6ren, ohne sofort zu urteilen. Als F\u00e4higkeit, Spannungen auszuhalten, ohne sie zu gl\u00e4tten. Und als Mut, Vielfalt nicht nur zuzulassen, sondern zu feiern.\" \/>\n<meta property=\"og:url\" content=\"https:\/\/socius.de\/en\/art-of-hosting\/\" \/>\n<meta property=\"og:site_name\" content=\"SOCIUS Organisationsberatung gGmbH\" \/>\n<meta property=\"article:publisher\" content=\"https:\/\/www.facebook.com\/SOCIUSBerlin\/\" \/>\n<meta property=\"article:modified_time\" content=\"2026-04-28T06:45:21+00:00\" \/>\n<meta property=\"og:image\" content=\"https:\/\/socius.de\/wp-content\/uploads\/Art-of-hosting-1.jpg\" \/>\n\t<meta property=\"og:image:width\" content=\"1920\" \/>\n\t<meta property=\"og:image:height\" content=\"768\" \/>\n\t<meta property=\"og:image:type\" content=\"image\/jpeg\" \/>\n<meta name=\"twitter:card\" content=\"summary_large_image\" \/>\n<meta name=\"twitter:label1\" content=\"Estimated reading time\" \/>\n\t<meta name=\"twitter:data1\" content=\"4 minutes\" \/>\n<script type=\"application\/ld+json\" class=\"yoast-schema-graph\">{\"@context\":\"https:\\\/\\\/schema.org\",\"@graph\":[{\"@type\":\"WebPage\",\"@id\":\"https:\\\/\\\/socius.de\\\/art-of-hosting\\\/\",\"url\":\"https:\\\/\\\/socius.de\\\/art-of-hosting\\\/\",\"name\":\"Art of Hosting - SOCIUS Organisationsberatung gGmbH\",\"isPartOf\":{\"@id\":\"https:\\\/\\\/socius.de\\\/#website\"},\"primaryImageOfPage\":{\"@id\":\"https:\\\/\\\/socius.de\\\/art-of-hosting\\\/#primaryimage\"},\"image\":{\"@id\":\"https:\\\/\\\/socius.de\\\/art-of-hosting\\\/#primaryimage\"},\"thumbnailUrl\":\"https:\\\/\\\/socius.de\\\/wp-content\\\/uploads\\\/Art-of-hosting-1.jpg\",\"datePublished\":\"2026-01-16T13:42:03+00:00\",\"dateModified\":\"2026-04-28T06:45:21+00:00\",\"description\":\"Dieses Training ist eine Einladung, Zugeh\u00f6rigkeit (Belonging) nicht als Konsens zu verstehen, sondern als soziale Praxis: als Kunst, einander zu h\u00f6ren, ohne sofort zu urteilen. Als F\u00e4higkeit, Spannungen auszuhalten, ohne sie zu gl\u00e4tten. Und als Mut, Vielfalt nicht nur zuzulassen, sondern zu feiern.\",\"breadcrumb\":{\"@id\":\"https:\\\/\\\/socius.de\\\/art-of-hosting\\\/#breadcrumb\"},\"inLanguage\":\"en-GB\",\"potentialAction\":[{\"@type\":\"ReadAction\",\"target\":[\"https:\\\/\\\/socius.de\\\/art-of-hosting\\\/\"]}]},{\"@type\":\"ImageObject\",\"inLanguage\":\"en-GB\",\"@id\":\"https:\\\/\\\/socius.de\\\/art-of-hosting\\\/#primaryimage\",\"url\":\"https:\\\/\\\/socius.de\\\/wp-content\\\/uploads\\\/Art-of-hosting-1.jpg\",\"contentUrl\":\"https:\\\/\\\/socius.de\\\/wp-content\\\/uploads\\\/Art-of-hosting-1.jpg\",\"width\":1920,\"height\":768},{\"@type\":\"BreadcrumbList\",\"@id\":\"https:\\\/\\\/socius.de\\\/art-of-hosting\\\/#breadcrumb\",\"itemListElement\":[{\"@type\":\"ListItem\",\"position\":1,\"name\":\"Startseite\",\"item\":\"https:\\\/\\\/socius.de\\\/\"},{\"@type\":\"ListItem\",\"position\":2,\"name\":\"Shop\",\"item\":\"https:\\\/\\\/socius.de\\\/shop\\\/\"},{\"@type\":\"ListItem\",\"position\":3,\"name\":\"Art of Hosting\"}]},{\"@type\":\"WebSite\",\"@id\":\"https:\\\/\\\/socius.de\\\/#website\",\"url\":\"https:\\\/\\\/socius.de\\\/\",\"name\":\"SOCIUS Organisationsberatung gGmbH\",\"description\":\"sinnvoll zusammen wirken\",\"publisher\":{\"@id\":\"https:\\\/\\\/socius.de\\\/#organization\"},\"potentialAction\":[{\"@type\":\"SearchAction\",\"target\":{\"@type\":\"EntryPoint\",\"urlTemplate\":\"https:\\\/\\\/socius.de\\\/?s={search_term_string}\"},\"query-input\":{\"@type\":\"PropertyValueSpecification\",\"valueRequired\":true,\"valueName\":\"search_term_string\"}}],\"inLanguage\":\"en-GB\"},{\"@type\":\"Organization\",\"@id\":\"https:\\\/\\\/socius.de\\\/#organization\",\"name\":\"SOCIUS Organisationsberatung gGmbH\",\"url\":\"https:\\\/\\\/socius.de\\\/\",\"logo\":{\"@type\":\"ImageObject\",\"inLanguage\":\"en-GB\",\"@id\":\"https:\\\/\\\/socius.de\\\/#\\\/schema\\\/logo\\\/image\\\/\",\"url\":\"https:\\\/\\\/socius.de\\\/wp-content\\\/uploads\\\/SOCIUS_RGB_Teal.png\",\"contentUrl\":\"https:\\\/\\\/socius.de\\\/wp-content\\\/uploads\\\/SOCIUS_RGB_Teal.png\",\"width\":1619,\"height\":736,\"caption\":\"SOCIUS Organisationsberatung gGmbH\"},\"image\":{\"@id\":\"https:\\\/\\\/socius.de\\\/#\\\/schema\\\/logo\\\/image\\\/\"},\"sameAs\":[\"https:\\\/\\\/www.facebook.com\\\/SOCIUSBerlin\\\/\",\"https:\\\/\\\/www.linkedin.com\\\/company\\\/socius-organisationsberatung-ggmbh\\\/\",\"https:\\\/\\\/www.instagram.com\\\/socius_berlin\\\/\",\"https:\\\/\\\/www.youtube.com\\\/channel\\\/UC2QG2hEjpw0NI91VlCo9SoA\"]}]}<\/script>\n<!-- \/ Yoast SEO plugin. -->","yoast_head_json":{"title":"Art of Hosting - SOCIUS Management Consultancy gGmbH","description":"This training is an invitation to understand belonging not as consensus, but as social practice: as the art of listening to one another without immediately judging. As the ability to endure tensions without smoothing them over. And as the courage not only to allow diversity, but to celebrate it.","robots":{"index":"index","follow":"follow","max-snippet":"max-snippet:-1","max-image-preview":"max-image-preview:large","max-video-preview":"max-video-preview:-1"},"canonical":"https:\/\/socius.de\/en\/art-of-hosting\/","og_locale":"en_GB","og_type":"article","og_title":"Art of Hosting - SOCIUS Organisationsberatung gGmbH","og_description":"Dieses Training ist eine Einladung, Zugeh\u00f6rigkeit (Belonging) nicht als Konsens zu verstehen, sondern als soziale Praxis: als Kunst, einander zu h\u00f6ren, ohne sofort zu urteilen. Als F\u00e4higkeit, Spannungen auszuhalten, ohne sie zu gl\u00e4tten. Und als Mut, Vielfalt nicht nur zuzulassen, sondern zu feiern.","og_url":"https:\/\/socius.de\/en\/art-of-hosting\/","og_site_name":"SOCIUS Organisationsberatung gGmbH","article_publisher":"https:\/\/www.facebook.com\/SOCIUSBerlin\/","article_modified_time":"2026-04-28T06:45:21+00:00","og_image":[{"width":1920,"height":768,"url":"https:\/\/socius.de\/wp-content\/uploads\/Art-of-hosting-1.jpg","type":"image\/jpeg"}],"twitter_card":"summary_large_image","twitter_misc":{"Estimated reading time":"4 minutes"},"schema":{"@context":"https:\/\/schema.org","@graph":[{"@type":"WebPage","@id":"https:\/\/socius.de\/art-of-hosting\/","url":"https:\/\/socius.de\/art-of-hosting\/","name":"Art of Hosting - SOCIUS Management Consultancy gGmbH","isPartOf":{"@id":"https:\/\/socius.de\/#website"},"primaryImageOfPage":{"@id":"https:\/\/socius.de\/art-of-hosting\/#primaryimage"},"image":{"@id":"https:\/\/socius.de\/art-of-hosting\/#primaryimage"},"thumbnailUrl":"https:\/\/socius.de\/wp-content\/uploads\/Art-of-hosting-1.jpg","datePublished":"2026-01-16T13:42:03+00:00","dateModified":"2026-04-28T06:45:21+00:00","description":"This training is an invitation to understand belonging not as consensus, but as social practice: as the art of listening to one another without immediately judging. As the ability to endure tensions without smoothing them over. And as the courage not only to allow diversity, but to celebrate it.","breadcrumb":{"@id":"https:\/\/socius.de\/art-of-hosting\/#breadcrumb"},"inLanguage":"en-GB","potentialAction":[{"@type":"ReadAction","target":["https:\/\/socius.de\/art-of-hosting\/"]}]},{"@type":"ImageObject","inLanguage":"en-GB","@id":"https:\/\/socius.de\/art-of-hosting\/#primaryimage","url":"https:\/\/socius.de\/wp-content\/uploads\/Art-of-hosting-1.jpg","contentUrl":"https:\/\/socius.de\/wp-content\/uploads\/Art-of-hosting-1.jpg","width":1920,"height":768},{"@type":"BreadcrumbList","@id":"https:\/\/socius.de\/art-of-hosting\/#breadcrumb","itemListElement":[{"@type":"ListItem","position":1,"name":"Startseite","item":"https:\/\/socius.de\/"},{"@type":"ListItem","position":2,"name":"Shop","item":"https:\/\/socius.de\/shop\/"},{"@type":"ListItem","position":3,"name":"Art of Hosting"}]},{"@type":"WebSite","@id":"https:\/\/socius.de\/#website","url":"https:\/\/socius.de\/","name":"SOCIUS Organisationsberatung gGmbH","description":"meaningful collaboration","publisher":{"@id":"https:\/\/socius.de\/#organization"},"potentialAction":[{"@type":"SearchAction","target":{"@type":"EntryPoint","urlTemplate":"https:\/\/socius.de\/?s={search_term_string}"},"query-input":{"@type":"PropertyValueSpecification","valueRequired":true,"valueName":"search_term_string"}}],"inLanguage":"en-GB"},{"@type":"Organization","@id":"https:\/\/socius.de\/#organization","name":"SOCIUS Organisationsberatung gGmbH","url":"https:\/\/socius.de\/","logo":{"@type":"ImageObject","inLanguage":"en-GB","@id":"https:\/\/socius.de\/#\/schema\/logo\/image\/","url":"https:\/\/socius.de\/wp-content\/uploads\/SOCIUS_RGB_Teal.png","contentUrl":"https:\/\/socius.de\/wp-content\/uploads\/SOCIUS_RGB_Teal.png","width":1619,"height":736,"caption":"SOCIUS Organisationsberatung gGmbH"},"image":{"@id":"https:\/\/socius.de\/#\/schema\/logo\/image\/"},"sameAs":["https:\/\/www.facebook.com\/SOCIUSBerlin\/","https:\/\/www.linkedin.com\/company\/socius-organisationsberatung-ggmbh\/","https:\/\/www.instagram.com\/socius_berlin\/","https:\/\/www.youtube.com\/channel\/UC2QG2hEjpw0NI91VlCo9SoA"]}]}},"_links":{"self":[{"href":"https:\/\/socius.de\/en\/wp-json\/wp\/v2\/product\/251955","targetHints":{"allow":["GET"]}}],"collection":[{"href":"https:\/\/socius.de\/en\/wp-json\/wp\/v2\/product"}],"about":[{"href":"https:\/\/socius.de\/en\/wp-json\/wp\/v2\/types\/product"}],"author":[{"embeddable":true,"href":"https:\/\/socius.de\/en\/wp-json\/wp\/v2\/users\/6"}],"wp:featuredmedia":[{"embeddable":true,"href":"https:\/\/socius.de\/en\/wp-json\/wp\/v2\/media\/252112"}],"wp:attachment":[{"href":"https:\/\/socius.de\/en\/wp-json\/wp\/v2\/media?parent=251955"}],"wp:term":[{"taxonomy":"product_brand","embeddable":true,"href":"https:\/\/socius.de\/en\/wp-json\/wp\/v2\/product_brand?post=251955"},{"taxonomy":"product_cat","embeddable":true,"href":"https:\/\/socius.de\/en\/wp-json\/wp\/v2\/product_cat?post=251955"},{"taxonomy":"product_tag","embeddable":true,"href":"https:\/\/socius.de\/en\/wp-json\/wp\/v2\/product_tag?post=251955"}],"curies":[{"name":"wp","href":"https:\/\/api.w.org\/{rel}","templated":true}]}}